{"id":3006,"date":"2023-05-09T11:08:51","date_gmt":"2023-05-09T09:08:51","guid":{"rendered":"https:\/\/www.secretdeparis.com\/?page_id=3006"},"modified":"2025-11-18T17:21:59","modified_gmt":"2025-11-18T16:21:59","slug":"paris-culture","status":"publish","type":"page","link":"https:\/\/www.secretdeparis.com\/fr\/paris\/paris-culture\/","title":{"rendered":"Paris Culture"},"content":{"rendered":"\t\t<div data-elementor-type=\"wp-page\" data-elementor-id=\"3006\" class=\"elementor elementor-3006\" data-elementor-post-type=\"page\">\n\t\t\t\t\t\t<section class=\"elementor-section elementor-top-section elementor-element elementor-element-99424e0 elementor-section-boxed elementor-section-height-default elementor-section-height-default\" data-id=\"99424e0\" data-element_type=\"section\">\n\t\t\t\t\t\t<div class=\"elementor-container elementor-column-gap-default\">\n\t\t\t\t\t<div class=\"elementor-column elementor-col-100 elementor-top-column elementor-element elementor-element-087e86f\" data-id=\"087e86f\" data-element_type=\"column\">\n\t\t\t<div class=\"elementor-widget-wrap elementor-element-populated\">\n\t\t\t\t\t\t<div class=\"elementor-element elementor-element-8f220c3 elementor-widget-divider--view-line_text elementor-widget-divider--element-align-left elementor-widget-divider--separator-type-pattern elementor-widget-divider--no-spacing elementor-widget elementor-widget-divider\" data-id=\"8f220c3\" data-element_type=\"widget\" data-widget_type=\"divider.default\">\n\t\t\t\t<div class=\"elementor-widget-container\">\n\t\t\t\t\t\t\t<div class=\"elementor-divider\" style=\"--divider-pattern-url: url(&quot;data:image\/svg+xml,%3Csvg xmlns=&#039;http:\/\/www.w3.org\/2000\/svg&#039; preserveAspectRatio=&#039;none&#039; overflow=&#039;visible&#039; height=&#039;100%&#039; viewBox=&#039;0 0 24 24&#039; fill=&#039;black&#039; stroke=&#039;none&#039;%3E%3Cpath d=&#039;M24,8v12H0V8H24z M24,4v1H0V4H24z&#039;\/%3E%3C\/svg%3E&quot;);\">\n\t\t\t<span class=\"elementor-divider-separator\">\n\t\t\t\t\t\t\t<h1 class=\"elementor-divider__text elementor-divider__element\">\n\t\t\t\tPARIS CULTURE\t\t\t\t<\/h1>\n\t\t\t\t\t\t<\/span>\n\t\t<\/div>\n\t\t\t\t\t\t<\/div>\n\t\t\t\t<\/div>\n\t\t\t\t\t<\/div>\n\t\t<\/div>\n\t\t\t\t\t<\/div>\n\t\t<\/section>\n\t\t\t\t<section class=\"elementor-section elementor-top-section elementor-element elementor-element-8d83228 elementor-section-boxed elementor-section-height-default elementor-section-height-default\" data-id=\"8d83228\" data-element_type=\"section\">\n\t\t\t\t\t\t<div class=\"elementor-container elementor-column-gap-default\">\n\t\t\t\t\t<div class=\"elementor-column elementor-col-50 elementor-top-column elementor-element elementor-element-b0f811b\" data-id=\"b0f811b\" data-element_type=\"column\">\n\t\t\t<div class=\"elementor-widget-wrap elementor-element-populated\">\n\t\t\t\t\t\t<div class=\"elementor-element elementor-element-9e64594 elementor-widget elementor-widget-text-editor\" data-id=\"9e64594\" data-element_type=\"widget\" data-widget_type=\"text-editor.default\">\n\t\t\t\t<div class=\"elementor-widget-container\">\n\t\t\t\t\t\t\t\t\t<p>Paris fourmille de lieux \u00e0 visiter, de spectacles \u00e0 voir, de belles balades \u00e0 faire. Voici les principaux lieux culturels de notre quartier ainsi que quelques id\u00e9es pour d\u00e9couvrir Paris de mani\u00e8re insolite !<\/p>\t\t\t\t\t\t\t\t<\/div>\n\t\t\t\t<\/div>\n\t\t\t\t\t<\/div>\n\t\t<\/div>\n\t\t\t\t<div class=\"elementor-column elementor-col-50 elementor-top-column elementor-element elementor-element-111c667\" data-id=\"111c667\" data-element_type=\"column\">\n\t\t\t<div class=\"elementor-widget-wrap elementor-element-populated\">\n\t\t\t\t\t\t<div class=\"elementor-element elementor-element-06b107f elementor-widget elementor-widget-image\" data-id=\"06b107f\" data-element_type=\"widget\" data-widget_type=\"image.default\">\n\t\t\t\t<div class=\"elementor-widget-container\">\n\t\t\t\t\t\t\t\t\t\t\t\t\t\t\t<img fetchpriority=\"high\" decoding=\"async\" width=\"272\" height=\"267\" src=\"https:\/\/www.secretdeparis.com\/wp-content\/uploads\/2023\/05\/paris-culture.png\" class=\"attachment-large size-large wp-image-2978\" alt=\"Paris culture\" \/>\t\t\t\t\t\t\t\t\t\t\t\t\t\t\t<\/div>\n\t\t\t\t<\/div>\n\t\t\t\t\t<\/div>\n\t\t<\/div>\n\t\t\t\t\t<\/div>\n\t\t<\/section>\n\t\t\t\t<section class=\"elementor-section elementor-top-section elementor-element elementor-element-d66989b elementor-section-boxed elementor-section-height-default elementor-section-height-default\" data-id=\"d66989b\" data-element_type=\"section\">\n\t\t\t\t\t\t<div class=\"elementor-container elementor-column-gap-default\">\n\t\t\t\t\t<div class=\"elementor-column elementor-col-100 elementor-top-column elementor-element elementor-element-c129c06\" data-id=\"c129c06\" data-element_type=\"column\">\n\t\t\t<div class=\"elementor-widget-wrap elementor-element-populated\">\n\t\t\t\t\t\t<div class=\"elementor-element elementor-element-aa32b17 elementor-widget-divider--view-line_text elementor-widget-divider--element-align-center elementor-widget elementor-widget-divider\" data-id=\"aa32b17\" data-element_type=\"widget\" data-widget_type=\"divider.default\">\n\t\t\t\t<div class=\"elementor-widget-container\">\n\t\t\t\t\t\t\t<div class=\"elementor-divider\">\n\t\t\t<span class=\"elementor-divider-separator\">\n\t\t\t\t\t\t\t<h3 class=\"elementor-divider__text elementor-divider__element\">\n\t\t\t\tBALADES INSOLITES\t\t\t\t<\/h3>\n\t\t\t\t\t\t<\/span>\n\t\t<\/div>\n\t\t\t\t\t\t<\/div>\n\t\t\t\t<\/div>\n\t\t\t\t\t<\/div>\n\t\t<\/div>\n\t\t\t\t\t<\/div>\n\t\t<\/section>\n\t\t\t\t<section class=\"elementor-section elementor-top-section elementor-element elementor-element-f7c2baa elementor-section-boxed elementor-section-height-default elementor-section-height-default\" data-id=\"f7c2baa\" data-element_type=\"section\">\n\t\t\t\t\t\t<div class=\"elementor-container elementor-column-gap-default\">\n\t\t\t\t\t<div class=\"elementor-column elementor-col-100 elementor-top-column elementor-element elementor-element-a5174b8\" data-id=\"a5174b8\" data-element_type=\"column\" data-settings=\"{&quot;background_background&quot;:&quot;classic&quot;}\">\n\t\t\t<div class=\"elementor-widget-wrap elementor-element-populated\">\n\t\t\t\t\t<div class=\"elementor-background-overlay\"><\/div>\n\t\t\t\t\t\t<div class=\"elementor-element elementor-element-b8f915d elementor-widget elementor-widget-text-editor\" data-id=\"b8f915d\" data-element_type=\"widget\" data-widget_type=\"text-editor.default\">\n\t\t\t\t<div class=\"elementor-widget-container\">\n\t\t\t\t\t\t\t\t\t<h4>Paris Charms &amp; Secrets<\/h4><p>Paris Charms &amp; Secrets vous offre la possibilit\u00e9 de d\u00e9couvrir les Secrets de Paris en voyageant dans le pass\u00e9 gr\u00e2ce \u00e0 la d\u00e9couverte de lieux inconnus des parisiens eux-m\u00eames. Les anecdotes racont\u00e9es par votre guide vous plongeront dans l\u2019\u00e2me des lieux.<\/p><p>Paris Charms &amp; Secrets<\/p><p><a href=\"http:\/\/www.parischarmssecrets.com\">www.parischarmssecrets.com<\/a><\/p>\t\t\t\t\t\t\t\t<\/div>\n\t\t\t\t<\/div>\n\t\t\t\t\t<\/div>\n\t\t<\/div>\n\t\t\t\t\t<\/div>\n\t\t<\/section>\n\t\t\t\t<section class=\"elementor-section elementor-top-section elementor-element elementor-element-2f24510 elementor-section-boxed elementor-section-height-default elementor-section-height-default\" data-id=\"2f24510\" data-element_type=\"section\">\n\t\t\t\t\t\t<div class=\"elementor-container elementor-column-gap-default\">\n\t\t\t\t\t<div class=\"elementor-column elementor-col-100 elementor-top-column elementor-element elementor-element-cbe507e\" data-id=\"cbe507e\" data-element_type=\"column\" data-settings=\"{&quot;background_background&quot;:&quot;classic&quot;}\">\n\t\t\t<div class=\"elementor-widget-wrap elementor-element-populated\">\n\t\t\t\t\t\t<div class=\"elementor-element elementor-element-a14f308 elementor-widget elementor-widget-text-editor\" data-id=\"a14f308\" data-element_type=\"widget\" data-widget_type=\"text-editor.default\">\n\t\t\t\t<div class=\"elementor-widget-container\">\n\t\t\t\t\t\t\t\t\t<h4>Le Mur Des Je T\u2019aime<\/h4>\n<p>Le Mur des Je t\u2019aime, \u0153uvre imagin\u00e9e par Fr\u00e9d\u00e9ric Baron et Claire Kito, est un lieu incontournable pour les amoureux du monde entier se donnant rendez-vous \u00e0 Paris, capitale du romantisme. Sur ce mur sont \u00e9crits 311 \u00ab je t\u2019aime \u00bb en 250 langues.<\/p><p>Square des Abbesses,&nbsp;<span style=\"color: var( --e-global-color-secondary );\">57018 Paris<\/span><\/p>\t\t\t\t\t\t\t\t<\/div>\n\t\t\t\t<\/div>\n\t\t\t\t\t<\/div>\n\t\t<\/div>\n\t\t\t\t\t<\/div>\n\t\t<\/section>\n\t\t\t\t<section class=\"elementor-section elementor-top-section elementor-element elementor-element-8d7ce62 elementor-section-boxed elementor-section-height-default elementor-section-height-default\" data-id=\"8d7ce62\" data-element_type=\"section\">\n\t\t\t\t\t\t<div class=\"elementor-container elementor-column-gap-default\">\n\t\t\t\t\t<div class=\"elementor-column elementor-col-100 elementor-top-column elementor-element elementor-element-ddc9f8d\" data-id=\"ddc9f8d\" data-element_type=\"column\" data-settings=\"{&quot;background_background&quot;:&quot;classic&quot;}\">\n\t\t\t<div class=\"elementor-widget-wrap elementor-element-populated\">\n\t\t\t\t\t<div class=\"elementor-background-overlay\"><\/div>\n\t\t\t\t\t\t<div class=\"elementor-element elementor-element-3df4b2d elementor-widget elementor-widget-text-editor\" data-id=\"3df4b2d\" data-element_type=\"widget\" data-widget_type=\"text-editor.default\">\n\t\t\t\t<div class=\"elementor-widget-container\">\n\t\t\t\t\t\t\t\t\t<h4>La Place Du Tertre<\/h4><p>La Place du Tertre est un lieu tr\u00e8s touristique, rappel de l\u2019\u00e9poque o\u00f9 Montmartre \u00e9tait le centre de l\u2019art moderne. Picasso y vivait ! Chaque jour des artistes sont l\u00e0 pour vous dresser le portrait sous forme de caricature. En d\u00e9coule la sensation de d\u00e9ambuler dans un petit village \u00e0 la campagne.<\/p><p>Place du Tertre, 75018 Paris<\/p>\t\t\t\t\t\t\t\t<\/div>\n\t\t\t\t<\/div>\n\t\t\t\t\t<\/div>\n\t\t<\/div>\n\t\t\t\t\t<\/div>\n\t\t<\/section>\n\t\t\t\t<section class=\"elementor-section elementor-top-section elementor-element elementor-element-1b15ebc elementor-section-boxed elementor-section-height-default elementor-section-height-default\" data-id=\"1b15ebc\" data-element_type=\"section\">\n\t\t\t\t\t\t<div class=\"elementor-container elementor-column-gap-default\">\n\t\t\t\t\t<div class=\"elementor-column elementor-col-100 elementor-top-column elementor-element elementor-element-17e8759\" data-id=\"17e8759\" data-element_type=\"column\" data-settings=\"{&quot;background_background&quot;:&quot;classic&quot;}\">\n\t\t\t<div class=\"elementor-widget-wrap elementor-element-populated\">\n\t\t\t\t\t\t<div class=\"elementor-element elementor-element-a7a7895 elementor-widget elementor-widget-text-editor\" data-id=\"a7a7895\" data-element_type=\"widget\" data-widget_type=\"text-editor.default\">\n\t\t\t\t<div class=\"elementor-widget-container\">\n\t\t\t\t\t\t\t\t\t<h4>Le Parc Monceau<\/h4><div>Ouvert du lundi au dimanche, de 7h \u00e0 20h.<\/div><div>\u00a0<\/div><p>Le Parc Monceau regorge de d\u00e9cors insolites. Pyramides, statues d\u2019artistes ou colonnes antiques se confondent dans la v\u00e9g\u00e9tation de ce jardin romantique. Une sc\u00e8ne du film \u00ab Paris Je t\u2019aime \u00bb y a \u00e9t\u00e9 tourn\u00e9e.<\/p><p>35 boulevard de Courcelles, 75008 Paris<\/p><p>+33 (0) 1 42 27 39 56<\/p>\t\t\t\t\t\t\t\t<\/div>\n\t\t\t\t<\/div>\n\t\t\t\t\t<\/div>\n\t\t<\/div>\n\t\t\t\t\t<\/div>\n\t\t<\/section>\n\t\t\t\t<section class=\"elementor-section elementor-top-section elementor-element elementor-element-e8d450a elementor-section-boxed elementor-section-height-default elementor-section-height-default\" data-id=\"e8d450a\" data-element_type=\"section\">\n\t\t\t\t\t\t<div class=\"elementor-container elementor-column-gap-default\">\n\t\t\t\t\t<div class=\"elementor-column elementor-col-100 elementor-top-column elementor-element elementor-element-0b4545f\" data-id=\"0b4545f\" data-element_type=\"column\" data-settings=\"{&quot;background_background&quot;:&quot;classic&quot;}\">\n\t\t\t<div class=\"elementor-widget-wrap elementor-element-populated\">\n\t\t\t\t\t<div class=\"elementor-background-overlay\"><\/div>\n\t\t\t\t\t\t<div class=\"elementor-element elementor-element-102e43e elementor-widget elementor-widget-text-editor\" data-id=\"102e43e\" data-element_type=\"widget\" data-widget_type=\"text-editor.default\">\n\t\t\t\t<div class=\"elementor-widget-container\">\n\t\t\t\t\t\t\t\t\t<h4>Le Cimeti\u00e8re Montmartre<\/h4><div>Ouvert du lundi au vendredi de 8h \u00e0 18h, le samedi de 8h30 \u00e0 18h et le dimanche de 9h \u00e0 18h<\/div><div>\u00a0<\/div><p>Le Cimeti\u00e8re Montmartre est l\u2019un des cimeti\u00e8res les plus romantiques de la capitale o\u00f9 r\u00e9sident un grand nombre de c\u00e9l\u00e9brit\u00e9s du monde du spectacle qui, pour la plupart, habitaient le quartier de la butte Montmartre. Sacha Guitry, Dalida, Fran\u00e7ois Truffaut, Offenbach et bien d\u2019autres y dorment en toute s\u00e9r\u00e9nit\u00e9.<\/p><p>20 avenue Rachel, 75018 Paris<\/p><p>+33 (0) 1 53 42 36 30<\/p>\t\t\t\t\t\t\t\t<\/div>\n\t\t\t\t<\/div>\n\t\t\t\t\t<\/div>\n\t\t<\/div>\n\t\t\t\t\t<\/div>\n\t\t<\/section>\n\t\t\t\t<section class=\"elementor-section elementor-top-section elementor-element elementor-element-0cd6a28 elementor-section-boxed elementor-section-height-default elementor-section-height-default\" data-id=\"0cd6a28\" data-element_type=\"section\">\n\t\t\t\t\t\t<div class=\"elementor-container elementor-column-gap-default\">\n\t\t\t\t\t<div class=\"elementor-column elementor-col-100 elementor-top-column elementor-element elementor-element-2ed716f\" data-id=\"2ed716f\" data-element_type=\"column\" data-settings=\"{&quot;background_background&quot;:&quot;classic&quot;}\">\n\t\t\t<div class=\"elementor-widget-wrap elementor-element-populated\">\n\t\t\t\t\t\t<div class=\"elementor-element elementor-element-98d3017 elementor-widget elementor-widget-text-editor\" data-id=\"98d3017\" data-element_type=\"widget\" data-widget_type=\"text-editor.default\">\n\t\t\t\t<div class=\"elementor-widget-container\">\n\t\t\t\t\t\t\t\t\t<h4>4 Roues Sous 1 Parapluie<\/h4><p>Montez \u00e0 bord de la voiture l\u00e9gendaire Citro\u00ebn 2CV et vivez une balade comment\u00e9e par votre chauffeur pour d\u00e9couvrir Paris autrement !<\/p><p>4 roues sous 1 parapluie<\/p><p><a href=\"http:\/\/www.4roues-sous-1parapluie.com\" target=\"_blank\" rel=\"noopener\">www.4roues-sous-1parapluie.com<\/a><\/p>\t\t\t\t\t\t\t\t<\/div>\n\t\t\t\t<\/div>\n\t\t\t\t\t<\/div>\n\t\t<\/div>\n\t\t\t\t\t<\/div>\n\t\t<\/section>\n\t\t\t\t<section class=\"elementor-section elementor-top-section elementor-element elementor-element-5382958 elementor-section-boxed elementor-section-height-default elementor-section-height-default\" data-id=\"5382958\" data-element_type=\"section\">\n\t\t\t\t\t\t<div class=\"elementor-container elementor-column-gap-default\">\n\t\t\t\t\t<div class=\"elementor-column elementor-col-100 elementor-top-column elementor-element elementor-element-cd9d592\" data-id=\"cd9d592\" data-element_type=\"column\" data-settings=\"{&quot;background_background&quot;:&quot;classic&quot;}\">\n\t\t\t<div class=\"elementor-widget-wrap elementor-element-populated\">\n\t\t\t\t\t<div class=\"elementor-background-overlay\"><\/div>\n\t\t\t\t\t\t<div class=\"elementor-element elementor-element-f676f0d elementor-widget elementor-widget-text-editor\" data-id=\"f676f0d\" data-element_type=\"widget\" data-widget_type=\"text-editor.default\">\n\t\t\t\t<div class=\"elementor-widget-container\">\n\t\t\t\t\t\t\t\t\t<h4>Paris Tuktuk<\/h4><p>Le m\u00e9tro ne vous inspire pas ? Les taxis ne sont pas disponibles ? Soyez originaux et optez pour une balade en tuktuk ! Tout existe \u00e0 Paris ! Votre carrosse pourra m\u00eame venir vous chercher \u00e0 l\u2019h\u00f4tel et vous emmener o\u00f9 vous le d\u00e9sirez ! Une mani\u00e8re vraiment originale de visiter la capitale blottis l\u2019un contre l\u2019autre. La formule \u00ab very Good Trip \u00bb propose m\u00eame une visite comprenant une bouteille de champagne frais et des fl\u00fbtes !<\/p><p>+33 (0) 6 27 72 73 92<\/p><p><a href=\"http:\/\/www.paris-tuktuk.fr\" target=\"_blank\" rel=\"noopener\">www.paris-tuktuk.fr<\/a><\/p>\t\t\t\t\t\t\t\t<\/div>\n\t\t\t\t<\/div>\n\t\t\t\t\t<\/div>\n\t\t<\/div>\n\t\t\t\t\t<\/div>\n\t\t<\/section>\n\t\t\t\t<section class=\"elementor-section elementor-top-section elementor-element elementor-element-1fb39b1 elementor-section-boxed elementor-section-height-default elementor-section-height-default\" data-id=\"1fb39b1\" data-element_type=\"section\">\n\t\t\t\t\t\t<div class=\"elementor-container elementor-column-gap-default\">\n\t\t\t\t\t<div class=\"elementor-column elementor-col-100 elementor-top-column elementor-element elementor-element-2523d14\" data-id=\"2523d14\" data-element_type=\"column\" data-settings=\"{&quot;background_background&quot;:&quot;classic&quot;}\">\n\t\t\t<div class=\"elementor-widget-wrap elementor-element-populated\">\n\t\t\t\t\t\t<div class=\"elementor-element elementor-element-3f2bbc0 elementor-widget elementor-widget-text-editor\" data-id=\"3f2bbc0\" data-element_type=\"widget\" data-widget_type=\"text-editor.default\">\n\t\t\t\t<div class=\"elementor-widget-container\">\n\t\t\t\t\t\t\t\t\t<h4>Promenade En Bateau<\/h4><div>Ouvert en saison estivale<\/div><div>\u00a0<\/div><p>Quoi de plus romantique qu\u2019une promenade au fil de l\u2019eau ? Marin d\u2019eau douce propose de louer des bateaux \u00e9lectriques et sans permis \u00e0 l\u2019heure ou \u00e0 la journ\u00e9e. Profitez d\u2019une balade sur le canal Saint Martin, le canal de l\u2019Ourcq et le bassin de la Villette !<\/p><p>Marin d\u2019Eau Douce<\/p><p><a href=\"http:\/\/www.marindeaudouce.fr\" target=\"_blank\" rel=\"noopener\">www.marindeaudouce.fr<\/a><\/p>\t\t\t\t\t\t\t\t<\/div>\n\t\t\t\t<\/div>\n\t\t\t\t\t<\/div>\n\t\t<\/div>\n\t\t\t\t\t<\/div>\n\t\t<\/section>\n\t\t\t\t<section class=\"elementor-section elementor-top-section elementor-element elementor-element-baf9aa9 elementor-section-boxed elementor-section-height-default elementor-section-height-default\" data-id=\"baf9aa9\" data-element_type=\"section\">\n\t\t\t\t\t\t<div class=\"elementor-container elementor-column-gap-default\">\n\t\t\t\t\t<div class=\"elementor-column elementor-col-100 elementor-top-column elementor-element elementor-element-bc3a81b\" data-id=\"bc3a81b\" data-element_type=\"column\">\n\t\t\t<div class=\"elementor-widget-wrap elementor-element-populated\">\n\t\t\t\t\t\t<div class=\"elementor-element elementor-element-355e697 elementor-widget-divider--view-line_text elementor-widget-divider--element-align-center elementor-widget elementor-widget-divider\" data-id=\"355e697\" data-element_type=\"widget\" data-widget_type=\"divider.default\">\n\t\t\t\t<div class=\"elementor-widget-container\">\n\t\t\t\t\t\t\t<div class=\"elementor-divider\">\n\t\t\t<span class=\"elementor-divider-separator\">\n\t\t\t\t\t\t\t<h3 class=\"elementor-divider__text elementor-divider__element\">\n\t\t\t\tMONUMENTS\t\t\t\t<\/h3>\n\t\t\t\t\t\t<\/span>\n\t\t<\/div>\n\t\t\t\t\t\t<\/div>\n\t\t\t\t<\/div>\n\t\t\t\t\t<\/div>\n\t\t<\/div>\n\t\t\t\t\t<\/div>\n\t\t<\/section>\n\t\t\t\t<section class=\"elementor-section elementor-top-section elementor-element elementor-element-c07b4d4 elementor-section-boxed elementor-section-height-default elementor-section-height-default\" data-id=\"c07b4d4\" data-element_type=\"section\">\n\t\t\t\t\t\t<div class=\"elementor-container elementor-column-gap-default\">\n\t\t\t\t\t<div class=\"elementor-column elementor-col-100 elementor-top-column elementor-element elementor-element-8c5e79d\" data-id=\"8c5e79d\" data-element_type=\"column\" data-settings=\"{&quot;background_background&quot;:&quot;classic&quot;}\">\n\t\t\t<div class=\"elementor-widget-wrap elementor-element-populated\">\n\t\t\t\t\t<div class=\"elementor-background-overlay\"><\/div>\n\t\t\t\t\t\t<div class=\"elementor-element elementor-element-e8b1594 elementor-widget elementor-widget-text-editor\" data-id=\"e8b1594\" data-element_type=\"widget\" data-widget_type=\"text-editor.default\">\n\t\t\t\t<div class=\"elementor-widget-container\">\n\t\t\t\t\t\t\t\t\t<h4>Basilique Du Sacr\u00e9-C\u0153ur<\/h4><div>Ouvert du lundi au dimanche de 6h30 \u00e0 22h30<\/div><div>\u00a0<\/div><p>Situ\u00e9e au sommet de la butte Montmartre, la basilique du Sacr\u00e9-C\u0153ur est un monument embl\u00e9matique de Paris offrant une des plus belles vues panoramiques de la capitale, \u00e0 130 m\u00e8tres d\u2019altitude.<\/p><p>35 rue du Chevalier de la Barre, 75018 Paris<\/p>\t\t\t\t\t\t\t\t<\/div>\n\t\t\t\t<\/div>\n\t\t\t\t\t<\/div>\n\t\t<\/div>\n\t\t\t\t\t<\/div>\n\t\t<\/section>\n\t\t\t\t<section class=\"elementor-section elementor-top-section elementor-element elementor-element-9794d01 elementor-section-boxed elementor-section-height-default elementor-section-height-default\" data-id=\"9794d01\" data-element_type=\"section\">\n\t\t\t\t\t\t<div class=\"elementor-container elementor-column-gap-default\">\n\t\t\t\t\t<div class=\"elementor-column elementor-col-100 elementor-top-column elementor-element elementor-element-c58acf9\" data-id=\"c58acf9\" data-element_type=\"column\" data-settings=\"{&quot;background_background&quot;:&quot;classic&quot;}\">\n\t\t\t<div class=\"elementor-widget-wrap elementor-element-populated\">\n\t\t\t\t\t\t<div class=\"elementor-element elementor-element-9bbab39 elementor-widget elementor-widget-text-editor\" data-id=\"9bbab39\" data-element_type=\"widget\" data-widget_type=\"text-editor.default\">\n\t\t\t\t<div class=\"elementor-widget-container\">\n\t\t\t\t\t\t\t\t\t<h4>Le Moulin De La Galette<\/h4><p>Le Moulin de la Galette est le seul moulin \u00e0 vent en \u00e9tat de marche de la Butte Montmartre. Il fut jadis une c\u00e9l\u00e8bre guinguette. Actuellement int\u00e9gr\u00e9 sur la parcelle d\u2019une r\u00e9sidence priv\u00e9e, il n\u2019est plus accessible au public.<\/p><p>75 rue Lepic, 75018 Paris<\/p>\t\t\t\t\t\t\t\t<\/div>\n\t\t\t\t<\/div>\n\t\t\t\t\t<\/div>\n\t\t<\/div>\n\t\t\t\t\t<\/div>\n\t\t<\/section>\n\t\t\t\t<section class=\"elementor-section elementor-top-section elementor-element elementor-element-cd8eaf9 elementor-section-boxed elementor-section-height-default elementor-section-height-default\" data-id=\"cd8eaf9\" data-element_type=\"section\">\n\t\t\t\t\t\t<div class=\"elementor-container elementor-column-gap-default\">\n\t\t\t\t\t<div class=\"elementor-column elementor-col-100 elementor-top-column elementor-element elementor-element-d0d274f\" data-id=\"d0d274f\" data-element_type=\"column\" data-settings=\"{&quot;background_background&quot;:&quot;classic&quot;}\">\n\t\t\t<div class=\"elementor-widget-wrap elementor-element-populated\">\n\t\t\t\t\t<div class=\"elementor-background-overlay\"><\/div>\n\t\t\t\t\t\t<div class=\"elementor-element elementor-element-28308e6 elementor-widget elementor-widget-text-editor\" data-id=\"28308e6\" data-element_type=\"widget\" data-widget_type=\"text-editor.default\">\n\t\t\t\t<div class=\"elementor-widget-container\">\n\t\t\t\t\t\t\t\t\t<h4>L\u2019Op\u00e9ra Garnier<\/h4><div>Ouvert aux visites du lundi au dimanche de 10h \u00e0 17h<\/div><div>\u00a0<\/div><p>L\u2019Op\u00e9ra Garnier, c\u00e9l\u00e8bre \u00e0 travers le monde, est \u00e0 visiter une fois dans sa vie. D\u00e9couvrez son atmosph\u00e8re somptueuse et sa salle d\u2019auditorium plong\u00e9e dans une ambiance rouge velours, surplomb\u00e9e par un lustre immense peint par Chagall.<br \/>Si vous souhaitez assister \u00e0 un \u00e9v\u00e9nement (op\u00e9ra, ballet, r\u00e9cital ou concert), il vous faudra r\u00e9server vos places bien \u00e0 l\u2019avance. La ponctualit\u00e9 est de rigueur et tout retardataire se verra refuser l\u2019acc\u00e8s et ne pourra rentrer qu\u2019\u00e0 l\u2019entracte.<\/p><p>8 rue Scribe, 75009 Paris<\/p><p>+33 (0) 1 71 25 24 23<\/p><p><a href=\"http:\/\/www.operadeparis.fr\" target=\"_blank\" rel=\"noopener\">www.operadeparis.fr<\/a><\/p>\t\t\t\t\t\t\t\t<\/div>\n\t\t\t\t<\/div>\n\t\t\t\t\t<\/div>\n\t\t<\/div>\n\t\t\t\t\t<\/div>\n\t\t<\/section>\n\t\t\t\t<section class=\"elementor-section elementor-top-section elementor-element elementor-element-f1d5db7 elementor-section-boxed elementor-section-height-default elementor-section-height-default\" data-id=\"f1d5db7\" data-element_type=\"section\">\n\t\t\t\t\t\t<div class=\"elementor-container elementor-column-gap-default\">\n\t\t\t\t\t<div class=\"elementor-column elementor-col-100 elementor-top-column elementor-element elementor-element-845f7b8\" data-id=\"845f7b8\" data-element_type=\"column\" data-settings=\"{&quot;background_background&quot;:&quot;classic&quot;}\">\n\t\t\t<div class=\"elementor-widget-wrap elementor-element-populated\">\n\t\t\t\t\t\t<div class=\"elementor-element elementor-element-bf3e6f9 elementor-widget elementor-widget-text-editor\" data-id=\"bf3e6f9\" data-element_type=\"widget\" data-widget_type=\"text-editor.default\">\n\t\t\t\t<div class=\"elementor-widget-container\">\n\t\t\t\t\t\t\t\t\t<h4>Eglise De La Sainte Trinit\u00e9<\/h4><div>Ouverte du lundi au vendredi de 7h30 \u00e0 19h45, le samedi de 10h \u00e0 19h45 et le dimanche de 10h \u00e0 20h<\/div><div>\u00a0<\/div><p>L\u2019Eglise de la Sainte Trinit\u00e9 est une \u00e9glise catholique construite entre 1861 et 1867. Une des plus jolies \u00e9glises \u00e0 Paris. Jetez-y un \u0153il et allumez une bougie pour ceux que vous aimez\u2026 !<\/p><p>Place d\u2019Estienne d\u2019Orves, 75009 Paris<\/p>\t\t\t\t\t\t\t\t<\/div>\n\t\t\t\t<\/div>\n\t\t\t\t\t<\/div>\n\t\t<\/div>\n\t\t\t\t\t<\/div>\n\t\t<\/section>\n\t\t\t\t<section class=\"elementor-section elementor-top-section elementor-element elementor-element-5a47c13 elementor-section-boxed elementor-section-height-default elementor-section-height-default\" data-id=\"5a47c13\" data-element_type=\"section\">\n\t\t\t\t\t\t<div class=\"elementor-container elementor-column-gap-default\">\n\t\t\t\t\t<div class=\"elementor-column elementor-col-100 elementor-top-column elementor-element elementor-element-263676e\" data-id=\"263676e\" data-element_type=\"column\" data-settings=\"{&quot;background_background&quot;:&quot;classic&quot;}\">\n\t\t\t<div class=\"elementor-widget-wrap elementor-element-populated\">\n\t\t\t\t\t<div class=\"elementor-background-overlay\"><\/div>\n\t\t\t\t\t\t<div class=\"elementor-element elementor-element-40d9247 elementor-widget elementor-widget-text-editor\" data-id=\"40d9247\" data-element_type=\"widget\" data-widget_type=\"text-editor.default\">\n\t\t\t\t<div class=\"elementor-widget-container\">\n\t\t\t\t\t\t\t\t\t<h4>La Madeleine<\/h4><p>La Madeleine est \u00e0 la fois un quartier et une \u00e9glise, dont l\u2019architecture peut faire penser \u00e0 un temple grec ou romain. L\u2019int\u00e9rieur de cet \u00e9difice monumental est tout aussi spectaculaire. Les murs sont orn\u00e9s d\u2019\u0153uvres d\u2019art incroyables. Beaucoup de manifestations musicales y sont propos\u00e9es.<br \/>Oubliez le temps qui passe et profitez du moment pr\u00e9sent !<\/p><p>Place de la Madeleine, 75008 Paris<\/p><p><a href=\"http:\/\/www.eglise-lamadeleine.com\" target=\"_blank\" rel=\"noopener\">www.eglise-lamadeleine.com<\/a><\/p>\t\t\t\t\t\t\t\t<\/div>\n\t\t\t\t<\/div>\n\t\t\t\t\t<\/div>\n\t\t<\/div>\n\t\t\t\t\t<\/div>\n\t\t<\/section>\n\t\t\t\t<section class=\"elementor-section elementor-top-section elementor-element elementor-element-07314a9 elementor-section-boxed elementor-section-height-default elementor-section-height-default\" data-id=\"07314a9\" data-element_type=\"section\">\n\t\t\t\t\t\t<div class=\"elementor-container elementor-column-gap-default\">\n\t\t\t\t\t<div class=\"elementor-column elementor-col-100 elementor-top-column elementor-element elementor-element-ca4789b\" data-id=\"ca4789b\" data-element_type=\"column\">\n\t\t\t<div class=\"elementor-widget-wrap elementor-element-populated\">\n\t\t\t\t\t\t<div class=\"elementor-element elementor-element-a3cb9ad elementor-widget-divider--view-line_text elementor-widget-divider--element-align-center elementor-widget elementor-widget-divider\" data-id=\"a3cb9ad\" data-element_type=\"widget\" data-widget_type=\"divider.default\">\n\t\t\t\t<div class=\"elementor-widget-container\">\n\t\t\t\t\t\t\t<div class=\"elementor-divider\">\n\t\t\t<span class=\"elementor-divider-separator\">\n\t\t\t\t\t\t\t<h3 class=\"elementor-divider__text elementor-divider__element\">\n\t\t\t\tMUS\u00c9ES\t\t\t\t<\/h3>\n\t\t\t\t\t\t<\/span>\n\t\t<\/div>\n\t\t\t\t\t\t<\/div>\n\t\t\t\t<\/div>\n\t\t\t\t\t<\/div>\n\t\t<\/div>\n\t\t\t\t\t<\/div>\n\t\t<\/section>\n\t\t\t\t<section class=\"elementor-section elementor-top-section elementor-element elementor-element-26574dc elementor-section-boxed elementor-section-height-default elementor-section-height-default\" data-id=\"26574dc\" data-element_type=\"section\">\n\t\t\t\t\t\t<div class=\"elementor-container elementor-column-gap-default\">\n\t\t\t\t\t<div class=\"elementor-column elementor-col-100 elementor-top-column elementor-element elementor-element-723d4ed\" data-id=\"723d4ed\" data-element_type=\"column\" data-settings=\"{&quot;background_background&quot;:&quot;classic&quot;}\">\n\t\t\t<div class=\"elementor-widget-wrap elementor-element-populated\">\n\t\t\t\t\t\t<div class=\"elementor-element elementor-element-b057d7c elementor-widget elementor-widget-text-editor\" data-id=\"b057d7c\" data-element_type=\"widget\" data-widget_type=\"text-editor.default\">\n\t\t\t\t<div class=\"elementor-widget-container\">\n\t\t\t\t\t\t\t\t\t<h4>Mus\u00e9e De La Vie Romantique<\/h4><div><p>Ouvert du mardi au dimanche de 10h \u00e0 18h, fermeture certains jours f\u00e9ri\u00e9s<\/p><\/div><p>Abrit\u00e9 dans un charmant H\u00f4tel particulier qui fut la propri\u00e9t\u00e9 du peintre Ary Scheffer, ce mus\u00e9e pr\u00e9sente des collections de souvenirs et d\u2019objets d\u2019art rappelant deux grandes figures du XIX\u00e8me si\u00e8cle : Ary Scheffer lui-m\u00eame et l\u2019\u00e9crivain George Sand. Le pavillon principal est d\u00e9di\u00e9 \u00e0 l\u2019univers quotidien de George Sand et, de l\u2019autre c\u00f4t\u00e9 de la cour, se trouve l\u2019atelier d\u2019Ary Scheffer o\u00f9 il travailla de 1830 \u00e0 1858. On retrouve ainsi dans ce mus\u00e9e le cadre de vie et de travail des romantiques, que des expositions temporaires viennent r\u00e9guli\u00e8rement enrichir. Dans les jardins, la caf\u00e9taria Le Jardin de Varenne permet un moment de d\u00e9tente fort agr\u00e9able aux beaux jours.<\/p><p>Prix : Plein tarif 3,30\u20ac \u2013 9 \u20ac (expositions temporaires) \u2013 Entr\u00e9e gratuite (collections permanentes)<\/p><p>16 rue Chaptal, 75009 Paris<\/p><p><a href=\"http:\/\/www.vie-romantique.paris.fr\" target=\"_blank\" rel=\"noopener\">www.vie-romantique.paris.f<\/a>r<\/p>\t\t\t\t\t\t\t\t<\/div>\n\t\t\t\t<\/div>\n\t\t\t\t\t<\/div>\n\t\t<\/div>\n\t\t\t\t\t<\/div>\n\t\t<\/section>\n\t\t\t\t<section class=\"elementor-section elementor-top-section elementor-element elementor-element-8fd81b9 elementor-section-boxed elementor-section-height-default elementor-section-height-default\" data-id=\"8fd81b9\" data-element_type=\"section\">\n\t\t\t\t\t\t<div class=\"elementor-container elementor-column-gap-default\">\n\t\t\t\t\t<div class=\"elementor-column elementor-col-100 elementor-top-column elementor-element elementor-element-7c65466\" data-id=\"7c65466\" data-element_type=\"column\" data-settings=\"{&quot;background_background&quot;:&quot;classic&quot;}\">\n\t\t\t<div class=\"elementor-widget-wrap elementor-element-populated\">\n\t\t\t\t\t<div class=\"elementor-background-overlay\"><\/div>\n\t\t\t\t\t\t<div class=\"elementor-element elementor-element-5872955 elementor-widget elementor-widget-text-editor\" data-id=\"5872955\" data-element_type=\"widget\" data-widget_type=\"text-editor.default\">\n\t\t\t\t<div class=\"elementor-widget-container\">\n\t\t\t\t\t\t\t\t\t<h4>Mus\u00e9e Du Parfum Fragonard<\/h4><div>Ouvert du lundi au samedi de 9h \u00e0 17h30<br \/><br \/><\/div><p>Am\u00e9nag\u00e9 sur trois niveaux et install\u00e9 depuis peu \u00e0 cette adresse dans un magnifique immeuble fin XIXe, ce mus\u00e9e abrite 3000 ans d\u2019histoire de la parfumerie, de l\u2019antiquit\u00e9 \u00e0 nos jours. Un moment fort agr\u00e9able pour la vue et l\u2019odorat\u2026<\/p><p>3-5 square de l\u2019Op\u00e9ra Louis-Jouvet, 75009 Paris<\/p><p>+33 (0) 1 40 06 10 09<\/p><p><a href=\"http:\/\/www.nouveaumuseefragonard.com\" target=\"_blank\" rel=\"noopener\">www.nouveaumuseefragonard.com<\/a><\/p>\t\t\t\t\t\t\t\t<\/div>\n\t\t\t\t<\/div>\n\t\t\t\t\t<\/div>\n\t\t<\/div>\n\t\t\t\t\t<\/div>\n\t\t<\/section>\n\t\t\t\t<section class=\"elementor-section elementor-top-section elementor-element elementor-element-f5bd9d2 elementor-section-boxed elementor-section-height-default elementor-section-height-default\" data-id=\"f5bd9d2\" data-element_type=\"section\">\n\t\t\t\t\t\t<div class=\"elementor-container elementor-column-gap-default\">\n\t\t\t\t\t<div class=\"elementor-column elementor-col-100 elementor-top-column elementor-element elementor-element-a55cf81\" data-id=\"a55cf81\" data-element_type=\"column\" data-settings=\"{&quot;background_background&quot;:&quot;classic&quot;}\">\n\t\t\t<div class=\"elementor-widget-wrap elementor-element-populated\">\n\t\t\t\t\t\t<div class=\"elementor-element elementor-element-a3fc93e elementor-widget elementor-widget-text-editor\" data-id=\"a3fc93e\" data-element_type=\"widget\" data-widget_type=\"text-editor.default\">\n\t\t\t\t<div class=\"elementor-widget-container\">\n\t\t\t\t\t\t\t\t\t<h4>Mus\u00e9e Gustave Moreau<\/h4>\n<p>Ouvert le lundi&nbsp; de 10h \u00e0 12h30 et du mercredi au dimanche de 14h \u00e0 17h<\/p>\n<p>Le peintre Gustave Moreau (1826-1898), c\u00e9l\u00e8bre pour ses sujets all\u00e9goriques et mythologiques -Moreau \u00e9tait un ma\u00eetre du symbolisme-, avait fait agrandir sa maison, situ\u00e9e au coeur de la Nouvelle Ath\u00e8nes, pour la doter de grands ateliers, tout en conservant \u00e0 l\u2019appartement du 1er \u00e9tage son caract\u00e8re intime. L\u00e9gu\u00e9e \u00e0 l\u2019Etat, ainsi que les collections de l\u2019artiste, l\u2019ensemble devint un mus\u00e9e en 1902.<br>A noter : comme pour tous les mus\u00e9es nationaux, l\u2019acc\u00e8s en est gratuit le premier dimanche de chaque mois.<\/p><p>Prix : Plein tarif 5 \u20ac \u2013 Tarif Jeune (-26 ans) 3 \u20ac<br><\/p>\n<p>14 rue de la Rochefoucauld, 75009 Paris<\/p>\n<p>+33 (0) 1 48 74 38 50<\/p>\n<p><a href=\"http:\/\/www.musee-moreau.fr\" target=\"_blank\" rel=\"noopener\">www.musee-moreau.fr<\/a><\/p>\t\t\t\t\t\t\t\t<\/div>\n\t\t\t\t<\/div>\n\t\t\t\t\t<\/div>\n\t\t<\/div>\n\t\t\t\t\t<\/div>\n\t\t<\/section>\n\t\t\t\t<section class=\"elementor-section elementor-top-section elementor-element elementor-element-1e28397 elementor-section-boxed elementor-section-height-default elementor-section-height-default\" data-id=\"1e28397\" data-element_type=\"section\">\n\t\t\t\t\t\t<div class=\"elementor-container elementor-column-gap-default\">\n\t\t\t\t\t<div class=\"elementor-column elementor-col-100 elementor-top-column elementor-element elementor-element-4a87778\" data-id=\"4a87778\" data-element_type=\"column\" data-settings=\"{&quot;background_background&quot;:&quot;classic&quot;}\">\n\t\t\t<div class=\"elementor-widget-wrap elementor-element-populated\">\n\t\t\t\t\t<div class=\"elementor-background-overlay\"><\/div>\n\t\t\t\t\t\t<div class=\"elementor-element elementor-element-c0afb32 elementor-widget elementor-widget-text-editor\" data-id=\"c0afb32\" data-element_type=\"widget\" data-widget_type=\"text-editor.default\">\n\t\t\t\t<div class=\"elementor-widget-container\">\n\t\t\t\t\t\t\t\t\t<h4>Mus\u00e9e Gr\u00e9vin<\/h4><div>Ouvert du lundi au mercredi de 10h \u00e0 18h30, le jeudi et le vendredi de\u00a0 8h30 \u00e0 20h, le samedi et le dimanche de 9h \u00e0 19h<br \/><br \/><\/div><p>Ce mus\u00e9e a \u00e9t\u00e9 cr\u00e9\u00e9 \u00e0 l\u2019initiative d\u2019Arthur Meyer en 1882, soit presque 50 ans apr\u00e8s le Mus\u00e9e Tussaud de Londres, ouvert par une Strasbourgeoise mari\u00e9e \u00e0 un anglais. Ce type de mus\u00e9e r\u00e9pondait \u00e0 un v\u00e9ritable besoin du public qui d\u00e9sirait pouvoir identifier les personnages de l\u2019actualit\u00e9, \u00e0 une \u00e9poque o\u00f9 la photographie n\u2019\u00e9tait pas encore utilis\u00e9e dans la presse. Alfred Gr\u00e9vin, dessinateur humoristique, cr\u00e9ateur de costumes de th\u00e9\u00e2tre et sculpteur, semblait \u00eatre la personne id\u00e9ale pour donner corps aux personnages.<\/p><p>Tarif adulte : 24,50\u20ac, enfant 17,50\u20ac<\/p><p>+33 (0) 1 47 70 85 05<\/p><p><a href=\"http:\/\/www.grevin-paris.com\" target=\"_blank\" rel=\"noopener\">www.grevin-paris.com<\/a><\/p>\t\t\t\t\t\t\t\t<\/div>\n\t\t\t\t<\/div>\n\t\t\t\t\t<\/div>\n\t\t<\/div>\n\t\t\t\t\t<\/div>\n\t\t<\/section>\n\t\t\t\t<section class=\"elementor-section elementor-top-section elementor-element elementor-element-9145047 elementor-section-boxed elementor-section-height-default elementor-section-height-default\" data-id=\"9145047\" data-element_type=\"section\">\n\t\t\t\t\t\t<div class=\"elementor-container elementor-column-gap-default\">\n\t\t\t\t\t<div class=\"elementor-column elementor-col-100 elementor-top-column elementor-element elementor-element-021ae07\" data-id=\"021ae07\" data-element_type=\"column\" data-settings=\"{&quot;background_background&quot;:&quot;classic&quot;}\">\n\t\t\t<div class=\"elementor-widget-wrap elementor-element-populated\">\n\t\t\t\t\t\t<div class=\"elementor-element elementor-element-6003a02 elementor-widget elementor-widget-text-editor\" data-id=\"6003a02\" data-element_type=\"widget\" data-widget_type=\"text-editor.default\">\n\t\t\t\t<div class=\"elementor-widget-container\">\n\t\t\t\t\t\t\t\t\t<h4>Le Bal<\/h4><p>Le bal est un lieu d\u2019exposition li\u00e9 \u00e0 l\u2019image documentaire. Une programmation culturelle contemporaine, riche et vari\u00e9e.<\/p><p>6, impasse de la D\u00e9fense, 75018 Paris<!--<br \/-->\u00a0<\/p><p><span style=\"color: var( --e-global-color-secondary );\">+33 (0) 1 44 70 75 50<\/span><\/p><p><a href=\"http:\/\/www.le-bal.fr\" target=\"_blank\" rel=\"noopener\">www.le-bal.fr<\/a><\/p><p>\u00a0<\/p>\t\t\t\t\t\t\t\t<\/div>\n\t\t\t\t<\/div>\n\t\t\t\t\t<\/div>\n\t\t<\/div>\n\t\t\t\t\t<\/div>\n\t\t<\/section>\n\t\t\t\t<section class=\"elementor-section elementor-top-section elementor-element elementor-element-3a1940b elementor-section-boxed elementor-section-height-default elementor-section-height-default\" data-id=\"3a1940b\" data-element_type=\"section\">\n\t\t\t\t\t\t<div class=\"elementor-container elementor-column-gap-default\">\n\t\t\t\t\t<div class=\"elementor-column elementor-col-100 elementor-top-column elementor-element elementor-element-b6cbd14\" data-id=\"b6cbd14\" data-element_type=\"column\">\n\t\t\t<div class=\"elementor-widget-wrap elementor-element-populated\">\n\t\t\t\t\t\t<div class=\"elementor-element elementor-element-59c145a elementor-widget-divider--view-line_text elementor-widget-divider--element-align-center elementor-widget elementor-widget-divider\" data-id=\"59c145a\" data-element_type=\"widget\" data-widget_type=\"divider.default\">\n\t\t\t\t<div class=\"elementor-widget-container\">\n\t\t\t\t\t\t\t<div class=\"elementor-divider\">\n\t\t\t<span class=\"elementor-divider-separator\">\n\t\t\t\t\t\t\t<h2 class=\"elementor-divider__text elementor-divider__element\">\n\t\t\t\tGALERIES D\u2019ART\t\t\t\t<\/h2>\n\t\t\t\t\t\t<\/span>\n\t\t<\/div>\n\t\t\t\t\t\t<\/div>\n\t\t\t\t<\/div>\n\t\t\t\t\t<\/div>\n\t\t<\/div>\n\t\t\t\t\t<\/div>\n\t\t<\/section>\n\t\t\t\t<section class=\"elementor-section elementor-top-section elementor-element elementor-element-9e78d34 elementor-section-boxed elementor-section-height-default elementor-section-height-default\" data-id=\"9e78d34\" data-element_type=\"section\">\n\t\t\t\t\t\t<div class=\"elementor-container elementor-column-gap-default\">\n\t\t\t\t\t<div class=\"elementor-column elementor-col-100 elementor-top-column elementor-element elementor-element-6d366ff\" data-id=\"6d366ff\" data-element_type=\"column\">\n\t\t\t<div class=\"elementor-widget-wrap elementor-element-populated\">\n\t\t\t\t\t\t<div class=\"elementor-element elementor-element-a4c3572 elementor-widget elementor-widget-text-editor\" data-id=\"a4c3572\" data-element_type=\"widget\" data-widget_type=\"text-editor.default\">\n\t\t\t\t<div class=\"elementor-widget-container\">\n\t\t\t\t\t\t\t\t\t<p>Paris regorge de galeries d\u2019art moderne et contemporain. Le 6\u00e8me arrondissement (le quartier de Saint Germain des Pr\u00e9s) abrite davantage des galeries de mobilier, d\u2019art classique, d\u2019arts premiers ou de luxe, tandis que les galeries d\u2019art contemporain se concentrent davantage dans le quartier du marais (3\u00e8me arrondissement). Voici donc quelques adresses :<\/p>\t\t\t\t\t\t\t\t<\/div>\n\t\t\t\t<\/div>\n\t\t\t\t\t<\/div>\n\t\t<\/div>\n\t\t\t\t\t<\/div>\n\t\t<\/section>\n\t\t\t\t<section class=\"elementor-section elementor-top-section elementor-element elementor-element-c382c4e elementor-section-boxed elementor-section-height-default elementor-section-height-default\" data-id=\"c382c4e\" data-element_type=\"section\">\n\t\t\t\t\t\t<div class=\"elementor-container elementor-column-gap-default\">\n\t\t\t\t\t<div class=\"elementor-column elementor-col-100 elementor-top-column elementor-element elementor-element-8f3390f\" data-id=\"8f3390f\" data-element_type=\"column\">\n\t\t\t<div class=\"elementor-widget-wrap elementor-element-populated\">\n\t\t\t\t\t\t<div class=\"elementor-element elementor-element-7479367 elementor-widget-divider--view-line_text elementor-widget-divider--element-align-center elementor-widget elementor-widget-divider\" data-id=\"7479367\" data-element_type=\"widget\" data-widget_type=\"divider.default\">\n\t\t\t\t<div class=\"elementor-widget-container\">\n\t\t\t\t\t\t\t<div class=\"elementor-divider\">\n\t\t\t<span class=\"elementor-divider-separator\">\n\t\t\t\t\t\t\t<h3 class=\"elementor-divider__text elementor-divider__element\">\n\t\t\t\tQUELQUES GALERIES D\u2019ART CLASSIQUE DU QUARTIER DE SAINT GERMAIN DES PRES\t\t\t\t<\/h3>\n\t\t\t\t\t\t<\/span>\n\t\t<\/div>\n\t\t\t\t\t\t<\/div>\n\t\t\t\t<\/div>\n\t\t\t\t\t<\/div>\n\t\t<\/div>\n\t\t\t\t\t<\/div>\n\t\t<\/section>\n\t\t\t\t<section class=\"elementor-section elementor-top-section elementor-element elementor-element-dac6bfa elementor-section-boxed elementor-section-height-default elementor-section-height-default\" data-id=\"dac6bfa\" data-element_type=\"section\">\n\t\t\t\t\t\t<div class=\"elementor-container elementor-column-gap-default\">\n\t\t\t\t\t<div class=\"elementor-column elementor-col-100 elementor-top-column elementor-element elementor-element-6e9e489\" data-id=\"6e9e489\" data-element_type=\"column\" data-settings=\"{&quot;background_background&quot;:&quot;classic&quot;}\">\n\t\t\t<div class=\"elementor-widget-wrap elementor-element-populated\">\n\t\t\t\t\t<div class=\"elementor-background-overlay\"><\/div>\n\t\t\t\t\t\t<div class=\"elementor-element elementor-element-625e87a elementor-widget elementor-widget-text-editor\" data-id=\"625e87a\" data-element_type=\"widget\" data-widget_type=\"text-editor.default\">\n\t\t\t\t<div class=\"elementor-widget-container\">\n\t\t\t\t\t\t\t\t\t<h4>Galerie Lara Vincy<\/h4><p>47 rue de Seine, 75006 Paris<\/p><p>+33 (0) 1 43 26 72 51<\/p><p><a href=\"http:\/\/www.lara-vincy.com\" target=\"_blank\" rel=\"noopener\">www.lara-vincy.com<\/a><\/p>\t\t\t\t\t\t\t\t<\/div>\n\t\t\t\t<\/div>\n\t\t\t\t\t<\/div>\n\t\t<\/div>\n\t\t\t\t\t<\/div>\n\t\t<\/section>\n\t\t\t\t<section class=\"elementor-section elementor-top-section elementor-element elementor-element-5d39979 elementor-section-boxed elementor-section-height-default elementor-section-height-default\" data-id=\"5d39979\" data-element_type=\"section\">\n\t\t\t\t\t\t<div class=\"elementor-container elementor-column-gap-default\">\n\t\t\t\t\t<div class=\"elementor-column elementor-col-100 elementor-top-column elementor-element elementor-element-1085774\" data-id=\"1085774\" data-element_type=\"column\" data-settings=\"{&quot;background_background&quot;:&quot;classic&quot;}\">\n\t\t\t<div class=\"elementor-widget-wrap elementor-element-populated\">\n\t\t\t\t\t\t<div class=\"elementor-element elementor-element-d664d53 elementor-widget elementor-widget-text-editor\" data-id=\"d664d53\" data-element_type=\"widget\" data-widget_type=\"text-editor.default\">\n\t\t\t\t<div class=\"elementor-widget-container\">\n\t\t\t\t\t\t\t\t\t<h4>Galerie Georges-Philippe &amp; Nathalie Vallois<\/h4><p>36, rue de Seine, 75006 Paris<\/p><p>+33 (0) 1 46 34 61 07<\/p><p><a href=\"http:\/\/www.galerie-vallois.com\" target=\"_blank\" rel=\"noopener\">www.galerie-vallois.com<\/a><\/p>\t\t\t\t\t\t\t\t<\/div>\n\t\t\t\t<\/div>\n\t\t\t\t\t<\/div>\n\t\t<\/div>\n\t\t\t\t\t<\/div>\n\t\t<\/section>\n\t\t\t\t<section class=\"elementor-section elementor-top-section elementor-element elementor-element-195d075 elementor-section-boxed elementor-section-height-default elementor-section-height-default\" data-id=\"195d075\" data-element_type=\"section\">\n\t\t\t\t\t\t<div class=\"elementor-container elementor-column-gap-default\">\n\t\t\t\t\t<div class=\"elementor-column elementor-col-100 elementor-top-column elementor-element elementor-element-9e2c366\" data-id=\"9e2c366\" data-element_type=\"column\">\n\t\t\t<div class=\"elementor-widget-wrap elementor-element-populated\">\n\t\t\t\t\t\t<div class=\"elementor-element elementor-element-075a790 elementor-widget-divider--view-line_text elementor-widget-divider--element-align-center elementor-widget elementor-widget-divider\" data-id=\"075a790\" data-element_type=\"widget\" data-widget_type=\"divider.default\">\n\t\t\t\t<div class=\"elementor-widget-container\">\n\t\t\t\t\t\t\t<div class=\"elementor-divider\">\n\t\t\t<span class=\"elementor-divider-separator\">\n\t\t\t\t\t\t\t<h3 class=\"elementor-divider__text elementor-divider__element\">\n\t\t\t\tGALERIE D\u2019ART CONTEMPORAIN DU QUARTIER DU MARAIS\t\t\t\t<\/h3>\n\t\t\t\t\t\t<\/span>\n\t\t<\/div>\n\t\t\t\t\t\t<\/div>\n\t\t\t\t<\/div>\n\t\t\t\t\t<\/div>\n\t\t<\/div>\n\t\t\t\t\t<\/div>\n\t\t<\/section>\n\t\t\t\t<section class=\"elementor-section elementor-top-section elementor-element elementor-element-25b187f elementor-section-boxed elementor-section-height-default elementor-section-height-default\" data-id=\"25b187f\" data-element_type=\"section\">\n\t\t\t\t\t\t<div class=\"elementor-container elementor-column-gap-default\">\n\t\t\t\t\t<div class=\"elementor-column elementor-col-100 elementor-top-column elementor-element elementor-element-93e3684\" data-id=\"93e3684\" data-element_type=\"column\" data-settings=\"{&quot;background_background&quot;:&quot;classic&quot;}\">\n\t\t\t<div class=\"elementor-widget-wrap elementor-element-populated\">\n\t\t\t\t\t<div class=\"elementor-background-overlay\"><\/div>\n\t\t\t\t\t\t<div class=\"elementor-element elementor-element-bf10281 elementor-widget elementor-widget-text-editor\" data-id=\"bf10281\" data-element_type=\"widget\" data-widget_type=\"text-editor.default\">\n\t\t\t\t<div class=\"elementor-widget-container\">\n\t\t\t\t\t\t\t\t\t<h4>Galerie Thaddaeus Roppac<\/h4><p>7 rue Debelleyme, 75003 Paris<\/p><p>+33 (0) 1 42 72 99 00<\/p><p><a style=\"background-color: #1d1d1d;\" href=\"http:\/\/www.ropac.net\" target=\"_blank\" rel=\"noopener\">www.ropac.net<\/a><\/p>\t\t\t\t\t\t\t\t<\/div>\n\t\t\t\t<\/div>\n\t\t\t\t\t<\/div>\n\t\t<\/div>\n\t\t\t\t\t<\/div>\n\t\t<\/section>\n\t\t\t\t<section class=\"elementor-section elementor-top-section elementor-element elementor-element-c72fa19 elementor-section-boxed elementor-section-height-default elementor-section-height-default\" data-id=\"c72fa19\" data-element_type=\"section\">\n\t\t\t\t\t\t<div class=\"elementor-container elementor-column-gap-default\">\n\t\t\t\t\t<div class=\"elementor-column elementor-col-100 elementor-top-column elementor-element elementor-element-9e66768\" data-id=\"9e66768\" data-element_type=\"column\">\n\t\t\t<div class=\"elementor-widget-wrap elementor-element-populated\">\n\t\t\t\t\t\t<div class=\"elementor-element elementor-element-55a43bd elementor-widget elementor-widget-text-editor\" data-id=\"55a43bd\" data-element_type=\"widget\" data-widget_type=\"text-editor.default\">\n\t\t\t\t<div class=\"elementor-widget-container\">\n\t\t\t\t\t\t\t\t\t<p>Le IXe arrondissement est le quartier de Paris qui abrite le plus grand nombre de th\u00e9\u00e2tres de la capitale !<\/p>\t\t\t\t\t\t\t\t<\/div>\n\t\t\t\t<\/div>\n\t\t\t\t<div class=\"elementor-element elementor-element-b6cc02b elementor-widget-divider--view-line_text elementor-widget-divider--element-align-center elementor-widget elementor-widget-divider\" data-id=\"b6cc02b\" data-element_type=\"widget\" data-widget_type=\"divider.default\">\n\t\t\t\t<div class=\"elementor-widget-container\">\n\t\t\t\t\t\t\t<div class=\"elementor-divider\">\n\t\t\t<span class=\"elementor-divider-separator\">\n\t\t\t\t\t\t\t<h3 class=\"elementor-divider__text elementor-divider__element\">\n\t\t\t\tTHEATRES, CABARETS, SALLES DE CONCERT, CINEMAS\t\t\t\t<\/h3>\n\t\t\t\t\t\t<\/span>\n\t\t<\/div>\n\t\t\t\t\t\t<\/div>\n\t\t\t\t<\/div>\n\t\t\t\t\t<\/div>\n\t\t<\/div>\n\t\t\t\t\t<\/div>\n\t\t<\/section>\n\t\t\t\t<section class=\"elementor-section elementor-top-section elementor-element elementor-element-fe2c85a elementor-section-boxed elementor-section-height-default elementor-section-height-default\" data-id=\"fe2c85a\" data-element_type=\"section\">\n\t\t\t\t\t\t<div class=\"elementor-container elementor-column-gap-default\">\n\t\t\t\t\t<div class=\"elementor-column elementor-col-100 elementor-top-column elementor-element elementor-element-fddbaae\" data-id=\"fddbaae\" data-element_type=\"column\" data-settings=\"{&quot;background_background&quot;:&quot;classic&quot;}\">\n\t\t\t<div class=\"elementor-widget-wrap elementor-element-populated\">\n\t\t\t\t\t\t<div class=\"elementor-element elementor-element-becc557 elementor-widget elementor-widget-text-editor\" data-id=\"becc557\" data-element_type=\"widget\" data-widget_type=\"text-editor.default\">\n\t\t\t\t<div class=\"elementor-widget-container\">\n\t\t\t\t\t\t\t\t\t<h4>Le Moulin Rouge<\/h4><p>Le Moulin Rouge, cabaret parisien de la fin du 19\u00e8 si\u00e8cle, refl\u00e8te \u00e0 cette \u00e9poque la p\u00e9riode de la Belle Epoque alors \u00e0 son apog\u00e9e.<br \/>Consid\u00e9r\u00e9 comme le berceau spirituel du french can-can, il offre un spectacle fantastique aux yeux des visiteurs venus du monde entier. Si vous n\u2019avez pas la chance de r\u00e9server vos billets, rendez-vous \u00e0 la nuit tomb\u00e9e pour admirer la devanture \u00e9clair\u00e9e de toutes parts.<\/p><p>82 boulevard de Clichy, 75018 Paris<\/p><p>+33 (0) 1 53 09 82 82<\/p><p><a href=\"http:\/\/www.moulinrouge.fr\" target=\"_blank\" rel=\"noopener\">www.moulinrouge.fr<\/a><\/p>\t\t\t\t\t\t\t\t<\/div>\n\t\t\t\t<\/div>\n\t\t\t\t\t<\/div>\n\t\t<\/div>\n\t\t\t\t\t<\/div>\n\t\t<\/section>\n\t\t\t\t<section class=\"elementor-section elementor-top-section elementor-element elementor-element-f6eb71a elementor-section-boxed elementor-section-height-default elementor-section-height-default\" data-id=\"f6eb71a\" data-element_type=\"section\">\n\t\t\t\t\t\t<div class=\"elementor-container elementor-column-gap-default\">\n\t\t\t\t\t<div class=\"elementor-column elementor-col-100 elementor-top-column elementor-element elementor-element-6bedf27\" data-id=\"6bedf27\" data-element_type=\"column\" data-settings=\"{&quot;background_background&quot;:&quot;classic&quot;}\">\n\t\t\t<div class=\"elementor-widget-wrap elementor-element-populated\">\n\t\t\t\t\t<div class=\"elementor-background-overlay\"><\/div>\n\t\t\t\t\t\t<div class=\"elementor-element elementor-element-2144a17 elementor-widget elementor-widget-text-editor\" data-id=\"2144a17\" data-element_type=\"widget\" data-widget_type=\"text-editor.default\">\n\t\t\t\t<div class=\"elementor-widget-container\">\n\t\t\t\t\t\t\t\t\t<h4>Le Casino De Paris<\/h4><p>Roi des Music Hall Inaugur\u00e9 en 1880, cette salle prestigieuse \u00e0 la fa\u00e7ade Art Nouveau, rehauss\u00e9e de mosa\u00efques et de verri\u00e8res, conna\u00eet un succ\u00e8s fulgurant. Logique quand on sait que sa sc\u00e8ne accueillit les d\u00e9buts de Mistinguett en 1893 mais aussi, en 1919, le premier num\u00e9ro de nu de l\u2019histoire du music-hall ! Son \u00e2ge d\u2019or voit les plus grands d\u00e9filer sur son escalier de lumi\u00e8re dans des \u201crevues\u201d somptueuses : Jos\u00e9phine Baker, Maurice Chevalier, Zizi Jeanmaire et Line Renaud. Aujourd\u2019hui, la salle mythique accueille les grands noms de la chanson fran\u00e7aise et du comique.<\/p><p>16 rue de Clichy, 75009 Paris<\/p><p><a href=\"http:\/\/www.casinodeparis.fr\" target=\"_blank\" rel=\"noopener\">www.casinodeparis.fr<\/a><\/p>\t\t\t\t\t\t\t\t<\/div>\n\t\t\t\t<\/div>\n\t\t\t\t\t<\/div>\n\t\t<\/div>\n\t\t\t\t\t<\/div>\n\t\t<\/section>\n\t\t\t\t<section class=\"elementor-section elementor-top-section elementor-element elementor-element-31bf116 elementor-section-boxed elementor-section-height-default elementor-section-height-default\" data-id=\"31bf116\" data-element_type=\"section\">\n\t\t\t\t\t\t<div class=\"elementor-container elementor-column-gap-default\">\n\t\t\t\t\t<div class=\"elementor-column elementor-col-100 elementor-top-column elementor-element elementor-element-685312b\" data-id=\"685312b\" data-element_type=\"column\" data-settings=\"{&quot;background_background&quot;:&quot;classic&quot;}\">\n\t\t\t<div class=\"elementor-widget-wrap elementor-element-populated\">\n\t\t\t\t\t\t<div class=\"elementor-element elementor-element-515e141 elementor-widget elementor-widget-text-editor\" data-id=\"515e141\" data-element_type=\"widget\" data-widget_type=\"text-editor.default\">\n\t\t\t\t<div class=\"elementor-widget-container\">\n\t\t\t\t\t\t\t\t\t<h4>Th\u00e9\u00e2tre Mogador<\/h4><p>Le Th\u00e9\u00e2tre Mogador est un th\u00e9\u00e2tre parisien n\u00e9 en 1919 principalement ax\u00e9 sur les repr\u00e9sentations d\u2019op\u00e9rettes. Dans les ann\u00e9es 30, Mistinguett y pr\u00e9sente son spectacle \u00ab \u00c7a, c\u2019est Parisien \u00bb, qui conna\u00eet un immense succ\u00e8s.<br \/>Depuis 2005, Stage Entertainment en a fait un lieu d\u00e9di\u00e9 aux com\u00e9dies musicales \u00e0 grand spectacle. Mogador est aujourd\u2019hui devenu le pendant parisien des salles de Broadway.<\/p><p>25, rue de Mogador, 75009 Paris<\/p><p>+33 (0) 1 53 32 32 32<\/p><p><a href=\"https:\/\/www.theatremogador.com\/\" target=\"_blank\" rel=\"noopener\">Site internet &gt;<\/a><\/p>\t\t\t\t\t\t\t\t<\/div>\n\t\t\t\t<\/div>\n\t\t\t\t\t<\/div>\n\t\t<\/div>\n\t\t\t\t\t<\/div>\n\t\t<\/section>\n\t\t\t\t<section class=\"elementor-section elementor-top-section elementor-element elementor-element-81b2bf8 elementor-section-boxed elementor-section-height-default elementor-section-height-default\" data-id=\"81b2bf8\" data-element_type=\"section\">\n\t\t\t\t\t\t<div class=\"elementor-container elementor-column-gap-default\">\n\t\t\t\t\t<div class=\"elementor-column elementor-col-100 elementor-top-column elementor-element elementor-element-048f585\" data-id=\"048f585\" data-element_type=\"column\" data-settings=\"{&quot;background_background&quot;:&quot;classic&quot;}\">\n\t\t\t<div class=\"elementor-widget-wrap elementor-element-populated\">\n\t\t\t\t\t<div class=\"elementor-background-overlay\"><\/div>\n\t\t\t\t\t\t<div class=\"elementor-element elementor-element-8dabb61 elementor-widget elementor-widget-text-editor\" data-id=\"8dabb61\" data-element_type=\"widget\" data-widget_type=\"text-editor.default\">\n\t\t\t\t<div class=\"elementor-widget-container\">\n\t\t\t\t\t\t\t\t\t<h4>Le Th\u00e9\u00e2tre De Paris<\/h4><p>Beaucoup de grands noms, depuis plus d\u2019un si\u00e8cle, sont pass\u00e9s par ici : Belmondo, Hossein, Georges Wilson, Alain Delon et Romy Schneider\u2026 La direction a ouvert une autre salle de 300 places appel\u00e9e le Petit Th\u00e9\u00e2tre de Paris qui permet de cr\u00e9er une relation plus proche entre les spectateurs et les acteurs.<br \/><br \/>15 rue Blanche, 75009 Paris<\/p><p>+33 (0) 1 48 74 25 37<\/p><p><a href=\"http:\/\/www.theatredeparis.com\" target=\"_blank\" rel=\"noopener\">www.theatredeparis.com<\/a><\/p>\t\t\t\t\t\t\t\t<\/div>\n\t\t\t\t<\/div>\n\t\t\t\t\t<\/div>\n\t\t<\/div>\n\t\t\t\t\t<\/div>\n\t\t<\/section>\n\t\t\t\t<section class=\"elementor-section elementor-top-section elementor-element elementor-element-7d2949f elementor-section-boxed elementor-section-height-default elementor-section-height-default\" data-id=\"7d2949f\" data-element_type=\"section\">\n\t\t\t\t\t\t<div class=\"elementor-container elementor-column-gap-default\">\n\t\t\t\t\t<div class=\"elementor-column elementor-col-100 elementor-top-column elementor-element elementor-element-d560b5d\" data-id=\"d560b5d\" data-element_type=\"column\" data-settings=\"{&quot;background_background&quot;:&quot;classic&quot;}\">\n\t\t\t<div class=\"elementor-widget-wrap elementor-element-populated\">\n\t\t\t\t\t\t<div class=\"elementor-element elementor-element-ada3800 elementor-widget elementor-widget-text-editor\" data-id=\"ada3800\" data-element_type=\"widget\" data-widget_type=\"text-editor.default\">\n\t\t\t\t<div class=\"elementor-widget-container\">\n\t\t\t\t\t\t\t\t\t<h4>La Com\u00e9die De Paris<\/h4><p>La Com\u00e9die de Paris est une salle de spectacle parisienne n\u00e9e en 1929, sp\u00e9cialis\u00e9e dans l\u2019humour et situ\u00e9e au pied de le Butte Montmartre.<\/p><p>42 rue Pierre Fontaine, 75009 Paris<\/p><p><a href=\"http:\/\/www.comediedeparis.com\" target=\"_blank\" rel=\"noopener\">www.comediedeparis.com<\/a><\/p>\t\t\t\t\t\t\t\t<\/div>\n\t\t\t\t<\/div>\n\t\t\t\t\t<\/div>\n\t\t<\/div>\n\t\t\t\t\t<\/div>\n\t\t<\/section>\n\t\t\t\t<section class=\"elementor-section elementor-top-section elementor-element elementor-element-f32c1ce elementor-section-boxed elementor-section-height-default elementor-section-height-default\" data-id=\"f32c1ce\" data-element_type=\"section\">\n\t\t\t\t\t\t<div class=\"elementor-container elementor-column-gap-default\">\n\t\t\t\t\t<div class=\"elementor-column elementor-col-100 elementor-top-column elementor-element elementor-element-70e6157\" data-id=\"70e6157\" data-element_type=\"column\" data-settings=\"{&quot;background_background&quot;:&quot;classic&quot;}\">\n\t\t\t<div class=\"elementor-widget-wrap elementor-element-populated\">\n\t\t\t\t\t<div class=\"elementor-background-overlay\"><\/div>\n\t\t\t\t\t\t<div class=\"elementor-element elementor-element-58e40bb elementor-widget elementor-widget-text-editor\" data-id=\"58e40bb\" data-element_type=\"widget\" data-widget_type=\"text-editor.default\">\n\t\t\t\t<div class=\"elementor-widget-container\">\n\t\t\t\t\t\t\t\t\t<h4>La Grande Com\u00e9die<\/h4><p>Pour partager une soir\u00e9e de d\u00e9tente et de rire, rien de tel que de venir dans ce th\u00e9\u00e2tre chaleureux et sympathique. Ouvert d\u00e9but 2006 \u00e0 Paris, le th\u00e9\u00e2tre d\u00e9bute tr\u00e8s fort en programmant la pi\u00e8ce \u00e0 succ\u00e8s Le Clan des divorc\u00e9es.<\/p><p>40 rue de Clichy, 75009 Paris<\/p><p>+33 (0) 1 48 74 03 65<\/p><p><a href=\"http:\/\/www.lagrandecomedie.com\" target=\"_blank\" rel=\"noopener\">www.lagrandecomedie.com<\/a><\/p>\t\t\t\t\t\t\t\t<\/div>\n\t\t\t\t<\/div>\n\t\t\t\t\t<\/div>\n\t\t<\/div>\n\t\t\t\t\t<\/div>\n\t\t<\/section>\n\t\t\t\t<section class=\"elementor-section elementor-top-section elementor-element elementor-element-547b529 elementor-section-boxed elementor-section-height-default elementor-section-height-default\" data-id=\"547b529\" data-element_type=\"section\">\n\t\t\t\t\t\t<div class=\"elementor-container elementor-column-gap-default\">\n\t\t\t\t\t<div class=\"elementor-column elementor-col-100 elementor-top-column elementor-element elementor-element-448ab41\" data-id=\"448ab41\" data-element_type=\"column\" data-settings=\"{&quot;background_background&quot;:&quot;classic&quot;}\">\n\t\t\t<div class=\"elementor-widget-wrap elementor-element-populated\">\n\t\t\t\t\t\t<div class=\"elementor-element elementor-element-56f7ae8 elementor-widget elementor-widget-text-editor\" data-id=\"56f7ae8\" data-element_type=\"widget\" data-widget_type=\"text-editor.default\">\n\t\t\t\t<div class=\"elementor-widget-container\">\n\t\t\t\t\t\t\t\t\t<h4>La Cigale<\/h4><p>Cr\u00e9\u00e9e en 1887, le th\u00e9\u00e2tre La Cigale est aujourd\u2019hui class\u00e9 monument historique. Selon les \u00e9poques, ce beau th\u00e9\u00e2tre \u00e0 l\u2019italienne a pris la forme d\u2019un cabaret accueillant les grands noms de la chanson fran\u00e7aise et se reconvertit dans les ann\u00e9es 40 en cin\u00e9ma populaire. Depuis quelques ann\u00e9es, il accueille plus particuli\u00e8rement des concerts de rock.<\/p><p>120 boulevard de Rochechouart, 75018 Paris<\/p><p>+33 (0) 1 49 25 89 99<\/p><p><a href=\"http:\/\/www.lacigale.fr\" target=\"_blank\" rel=\"noopener\">www.lacigale.fr<\/a><\/p>\t\t\t\t\t\t\t\t<\/div>\n\t\t\t\t<\/div>\n\t\t\t\t\t<\/div>\n\t\t<\/div>\n\t\t\t\t\t<\/div>\n\t\t<\/section>\n\t\t\t\t<section class=\"elementor-section elementor-top-section elementor-element elementor-element-0c86f5c elementor-section-boxed elementor-section-height-default elementor-section-height-default\" data-id=\"0c86f5c\" data-element_type=\"section\">\n\t\t\t\t\t\t<div class=\"elementor-container elementor-column-gap-default\">\n\t\t\t\t\t<div class=\"elementor-column elementor-col-100 elementor-top-column elementor-element elementor-element-2e07955\" data-id=\"2e07955\" data-element_type=\"column\" data-settings=\"{&quot;background_background&quot;:&quot;classic&quot;}\">\n\t\t\t<div class=\"elementor-widget-wrap elementor-element-populated\">\n\t\t\t\t\t<div class=\"elementor-background-overlay\"><\/div>\n\t\t\t\t\t\t<div class=\"elementor-element elementor-element-557f88e elementor-widget elementor-widget-text-editor\" data-id=\"557f88e\" data-element_type=\"widget\" data-widget_type=\"text-editor.default\">\n\t\t\t\t<div class=\"elementor-widget-container\">\n\t\t\t\t\t\t\t\t\t<h4>Le Trianon<\/h4><p>Le Trianon est une salle de th\u00e9\u00e2tre et de concert parisienne, pass\u00e9e par de nombreuses vies depuis son ouverture en 1895. L\u2019endroit \u00e9tait fr\u00e9quent\u00e9 par des artistes, des danseurs et des chanteurs comme Mistinguett , La Goulue et le danseur-contorsionniste Valentin le D\u00e9soss\u00e9 .<br \/>Les espaces qui composent le b\u00e2timent sont un spectacle \u00e0 d\u00e9couvrir absolument : le th\u00e9\u00e2tre, la salle de bal, le jardin d\u2019hiver et le restaurant art d\u00e9co.<\/p><p>80 boulevard de Rochechouart, 75018 Paris<\/p><p>+33 (0) 1 44 92 78 00<\/p><p><a href=\"http:\/\/www.letrianon.fr\" target=\"_blank\" rel=\"noopener\">www.letrianon.fr<\/a><\/p>\t\t\t\t\t\t\t\t<\/div>\n\t\t\t\t<\/div>\n\t\t\t\t\t<\/div>\n\t\t<\/div>\n\t\t\t\t\t<\/div>\n\t\t<\/section>\n\t\t\t\t<section class=\"elementor-section elementor-top-section elementor-element elementor-element-aff6b0b elementor-section-boxed elementor-section-height-default elementor-section-height-default\" data-id=\"aff6b0b\" data-element_type=\"section\">\n\t\t\t\t\t\t<div class=\"elementor-container elementor-column-gap-default\">\n\t\t\t\t\t<div class=\"elementor-column elementor-col-100 elementor-top-column elementor-element elementor-element-4252230\" data-id=\"4252230\" data-element_type=\"column\" data-settings=\"{&quot;background_background&quot;:&quot;classic&quot;}\">\n\t\t\t<div class=\"elementor-widget-wrap elementor-element-populated\">\n\t\t\t\t\t\t<div class=\"elementor-element elementor-element-f48e383 elementor-widget elementor-widget-text-editor\" data-id=\"f48e383\" data-element_type=\"widget\" data-widget_type=\"text-editor.default\">\n\t\t\t\t<div class=\"elementor-widget-container\">\n\t\t\t\t\t\t\t\t\t<h4>Cin\u00e9 13 Th\u00e9\u00e2tre<\/h4><p>Nich\u00e9 au c\u0153ur de la butte Montmartre, \u00e0 deux pas du Moulin de la Galette et pr\u00e8s du Moulin Rouge, le Cin\u00e9 XIII Th\u00e9\u00e2tre est un lieu dynamique de cr\u00e9ation o\u00f9 se c\u00f4toient, se m\u00ealent et se rencontrent le th\u00e9\u00e2tre, la musique, la danse\u2026 Cette salle con\u00e7ue pour les amoureux propose m\u00eame des fauteuils pour deux ! Des cocons pour roucouler dans un d\u00e9cor ancien plein de charme cr\u00e9\u00e9 par Claude Lelouch pur le tournage du film Edith &amp; Marcel en 1983.<\/p><p>1 avenue Junot, 75018 Paris<\/p><p>+33 (0) 1 42 54 15 12<\/p><p><a href=\"http:\/\/www.cine13-theatre.com\" target=\"_blank\" rel=\"noopener\">www.cine13-theatre.com<\/a><\/p>\t\t\t\t\t\t\t\t<\/div>\n\t\t\t\t<\/div>\n\t\t\t\t\t<\/div>\n\t\t<\/div>\n\t\t\t\t\t<\/div>\n\t\t<\/section>\n\t\t\t\t<section class=\"elementor-section elementor-top-section elementor-element elementor-element-93e958b elementor-section-boxed elementor-section-height-default elementor-section-height-default\" data-id=\"93e958b\" data-element_type=\"section\">\n\t\t\t\t\t\t<div class=\"elementor-container elementor-column-gap-default\">\n\t\t\t\t\t<div class=\"elementor-column elementor-col-100 elementor-top-column elementor-element elementor-element-18bfe2d\" data-id=\"18bfe2d\" data-element_type=\"column\" data-settings=\"{&quot;background_background&quot;:&quot;classic&quot;}\">\n\t\t\t<div class=\"elementor-widget-wrap elementor-element-populated\">\n\t\t\t\t\t<div class=\"elementor-background-overlay\"><\/div>\n\t\t\t\t\t\t<div class=\"elementor-element elementor-element-2bc07d4 elementor-widget elementor-widget-text-editor\" data-id=\"2bc07d4\" data-element_type=\"widget\" data-widget_type=\"text-editor.default\">\n\t\t\t\t<div class=\"elementor-widget-container\">\n\t\t\t\t\t\t\t\t\t<h4>L\u2019Olympia<\/h4><p>Music-hall cr\u00e9\u00e9 en 1894, puis cin\u00e9ma pendant l\u2019Occupation, l\u2019Olympia est rachet\u00e9e en 1952 par Bruno Coquatrix et repris \u00e0 sa mort, en 1979, par sa femme. Brassens, Piaf, Jos\u00e9phine Baker ou encore Sydney Bechett donnent ses lettres de noblesse \u00e0 cette salle qui, encore aujourd\u2019hui, s\u2019acoquine davantage avec des stars reconnues qu\u2019avec des jeunes talents. Le prix des billets est \u00e0 la hauteur des vedettes \u00e0 l\u2019affiche, tout comme la nouvelle salle, inaugur\u00e9e en 1997.<\/p><p>28 boulevard des Capucines, 75009 Paris<\/p><p><a href=\"http:\/\/www.olympiahall.com\" target=\"_blank\" rel=\"noopener\">www.olympiahall.com<\/a><\/p>\t\t\t\t\t\t\t\t<\/div>\n\t\t\t\t<\/div>\n\t\t\t\t\t<\/div>\n\t\t<\/div>\n\t\t\t\t\t<\/div>\n\t\t<\/section>\n\t\t\t\t<section class=\"elementor-section elementor-top-section elementor-element elementor-element-d52e683 elementor-section-boxed elementor-section-height-default elementor-section-height-default\" data-id=\"d52e683\" data-element_type=\"section\">\n\t\t\t\t\t\t<div class=\"elementor-container elementor-column-gap-default\">\n\t\t\t\t\t<div class=\"elementor-column elementor-col-100 elementor-top-column elementor-element elementor-element-39e11fc\" data-id=\"39e11fc\" data-element_type=\"column\" data-settings=\"{&quot;background_background&quot;:&quot;classic&quot;}\">\n\t\t\t<div class=\"elementor-widget-wrap elementor-element-populated\">\n\t\t\t\t\t\t<div class=\"elementor-element elementor-element-315e0bb elementor-widget elementor-widget-text-editor\" data-id=\"315e0bb\" data-element_type=\"widget\" data-widget_type=\"text-editor.default\">\n\t\t\t\t<div class=\"elementor-widget-container\">\n\t\t\t\t\t\t\t\t\t<h4>Salle Gaveau<\/h4><p>La salle Gaveau, situ\u00e9e dans le 8\u1d49 arrondissement de Paris, est une salle de concerts principalement d\u00e9di\u00e9e \u00e0 la musique classique. Elle accueille notamment des r\u00e9citals de grands pianistes, d\u2019\u00e9minents solistes d\u2019autres instruments ainsi que des chanteurs et chanteuses lyriques. Sa capacit\u00e9 est de 1 020 places r\u00e9parties sur trois niveaux.<\/p><p>\u00c9difi\u00e9e en 1907 par \u00c9tienne Gaveau, elle doit son nom \u00e0 la maison fran\u00e7aise de fabrication de pianos Gaveau.<\/p><p>45-47 rue de la Bo\u00e9tie<br \/>75008 Paris<\/p><p><a href=\"https:\/\/sallegaveau.com\/\" target=\"_blank\" rel=\"noopener\">https:\/\/sallegaveau.com\/<\/a><\/p>\t\t\t\t\t\t\t\t<\/div>\n\t\t\t\t<\/div>\n\t\t\t\t\t<\/div>\n\t\t<\/div>\n\t\t\t\t\t<\/div>\n\t\t<\/section>\n\t\t\t\t<section class=\"elementor-section elementor-top-section elementor-element elementor-element-ffee535 elementor-section-boxed elementor-section-height-default elementor-section-height-default\" data-id=\"ffee535\" data-element_type=\"section\">\n\t\t\t\t\t\t<div class=\"elementor-container elementor-column-gap-default\">\n\t\t\t\t\t<div class=\"elementor-column elementor-col-100 elementor-top-column elementor-element elementor-element-321e76d\" data-id=\"321e76d\" data-element_type=\"column\">\n\t\t\t<div class=\"elementor-widget-wrap elementor-element-populated\">\n\t\t\t\t\t\t<div class=\"elementor-element elementor-element-ad8a16c elementor-widget elementor-widget-shortcode\" data-id=\"ad8a16c\" data-element_type=\"widget\" data-widget_type=\"shortcode.default\">\n\t\t\t\t<div class=\"elementor-widget-container\">\n\t\t\t\t\t\t\t<div class=\"elementor-shortcode\">\t\t<div data-elementor-type=\"section\" data-elementor-id=\"3737\" class=\"elementor elementor-3737\" data-elementor-post-type=\"elementor_library\">\n\t\t\t\t\t<section class=\"elementor-section elementor-top-section elementor-element elementor-element-4c9ae6a elementor-section-boxed elementor-section-height-default elementor-section-height-default\" data-id=\"4c9ae6a\" data-element_type=\"section\">\n\t\t\t\t\t\t<div class=\"elementor-container elementor-column-gap-default\">\n\t\t\t\t\t<div class=\"elementor-column elementor-col-20 elementor-top-column elementor-element elementor-element-fabd36b\" data-id=\"fabd36b\" data-element_type=\"column\">\n\t\t\t<div class=\"elementor-widget-wrap elementor-element-populated\">\n\t\t\t\t\t\t<div class=\"elementor-element elementor-element-78d49d9 elementor-widget elementor-widget-image\" data-id=\"78d49d9\" data-element_type=\"widget\" data-widget_type=\"image.default\">\n\t\t\t\t<div class=\"elementor-widget-container\">\n\t\t\t\t\t\t\t\t\t\t\t\t\t\t\t\t<a href=\"https:\/\/www.secretdeparis.com\/conciergerie\/paris-gourmand\/\">\n\t\t\t\t\t\t\t<img decoding=\"async\" width=\"272\" height=\"267\" src=\"https:\/\/www.secretdeparis.com\/wp-content\/uploads\/2023\/05\/paris-gourmand.png\" class=\"attachment-large size-large wp-image-2981\" alt=\"Paris gourmand\" \/>\t\t\t\t\t\t\t\t<\/a>\n\t\t\t\t\t\t\t\t\t\t\t\t\t\t\t<\/div>\n\t\t\t\t<\/div>\n\t\t\t\t\t<\/div>\n\t\t<\/div>\n\t\t\t\t<div class=\"elementor-column elementor-col-20 elementor-top-column elementor-element elementor-element-a319644\" data-id=\"a319644\" data-element_type=\"column\">\n\t\t\t<div class=\"elementor-widget-wrap elementor-element-populated\">\n\t\t\t\t\t\t<div class=\"elementor-element elementor-element-c0e2643 elementor-widget elementor-widget-image\" data-id=\"c0e2643\" data-element_type=\"widget\" data-widget_type=\"image.default\">\n\t\t\t\t<div class=\"elementor-widget-container\">\n\t\t\t\t\t\t\t\t\t\t\t\t\t\t\t\t<a href=\"https:\/\/www.secretdeparis.com\/conciergerie\/paris-la-nuit\/\">\n\t\t\t\t\t\t\t<img decoding=\"async\" width=\"272\" height=\"267\" src=\"https:\/\/www.secretdeparis.com\/wp-content\/uploads\/2023\/05\/paris-la-nuit.png\" class=\"attachment-large size-large wp-image-2984\" alt=\"Paris la nuit\" \/>\t\t\t\t\t\t\t\t<\/a>\n\t\t\t\t\t\t\t\t\t\t\t\t\t\t\t<\/div>\n\t\t\t\t<\/div>\n\t\t\t\t\t<\/div>\n\t\t<\/div>\n\t\t\t\t<div class=\"elementor-column elementor-col-20 elementor-top-column elementor-element elementor-element-eeb9ad1\" data-id=\"eeb9ad1\" data-element_type=\"column\">\n\t\t\t<div class=\"elementor-widget-wrap elementor-element-populated\">\n\t\t\t\t\t\t<div class=\"elementor-element elementor-element-f3ac09b elementor-widget elementor-widget-image\" data-id=\"f3ac09b\" data-element_type=\"widget\" data-widget_type=\"image.default\">\n\t\t\t\t<div class=\"elementor-widget-container\">\n\t\t\t\t\t\t\t\t\t\t\t\t\t\t\t\t<a href=\"https:\/\/www.secretdeparis.com\/conciergerie\/paris-culture\/\">\n\t\t\t\t\t\t\t<img fetchpriority=\"high\" decoding=\"async\" width=\"272\" height=\"267\" src=\"https:\/\/www.secretdeparis.com\/wp-content\/uploads\/2023\/05\/paris-culture.png\" class=\"attachment-large size-large wp-image-2978\" alt=\"Paris culture\" \/>\t\t\t\t\t\t\t\t<\/a>\n\t\t\t\t\t\t\t\t\t\t\t\t\t\t\t<\/div>\n\t\t\t\t<\/div>\n\t\t\t\t\t<\/div>\n\t\t<\/div>\n\t\t\t\t<div class=\"elementor-column elementor-col-20 elementor-top-column elementor-element elementor-element-f6e525d\" data-id=\"f6e525d\" data-element_type=\"column\">\n\t\t\t<div class=\"elementor-widget-wrap elementor-element-populated\">\n\t\t\t\t\t\t<div class=\"elementor-element elementor-element-a657ef4 elementor-widget elementor-widget-image\" data-id=\"a657ef4\" data-element_type=\"widget\" data-widget_type=\"image.default\">\n\t\t\t\t<div class=\"elementor-widget-container\">\n\t\t\t\t\t\t\t\t\t\t\t\t\t\t\t\t<a href=\"https:\/\/www.secretdeparis.com\/conciergerie\/paris-shopping\/\">\n\t\t\t\t\t\t\t<img loading=\"lazy\" decoding=\"async\" width=\"272\" height=\"267\" src=\"https:\/\/www.secretdeparis.com\/wp-content\/uploads\/2023\/05\/paris-shopping.png\" class=\"attachment-large size-large wp-image-2987\" alt=\"\" \/>\t\t\t\t\t\t\t\t<\/a>\n\t\t\t\t\t\t\t\t\t\t\t\t\t\t\t<\/div>\n\t\t\t\t<\/div>\n\t\t\t\t\t<\/div>\n\t\t<\/div>\n\t\t\t\t<div class=\"elementor-column elementor-col-20 elementor-top-column elementor-element elementor-element-ca9ba93\" data-id=\"ca9ba93\" data-element_type=\"column\">\n\t\t\t<div class=\"elementor-widget-wrap elementor-element-populated\">\n\t\t\t\t\t\t<div class=\"elementor-element elementor-element-01f7c6d elementor-widget elementor-widget-image\" data-id=\"01f7c6d\" data-element_type=\"widget\" data-widget_type=\"image.default\">\n\t\t\t\t<div class=\"elementor-widget-container\">\n\t\t\t\t\t\t\t\t\t\t\t\t\t\t\t\t<a href=\"https:\/\/www.secretdeparis.com\/conciergerie\/paris-beaute\/\">\n\t\t\t\t\t\t\t<img loading=\"lazy\" decoding=\"async\" width=\"272\" height=\"267\" src=\"https:\/\/www.secretdeparis.com\/wp-content\/uploads\/2023\/05\/paris-beaute.png\" class=\"attachment-large size-large wp-image-2975\" alt=\"Paris beaut\u00e9\" \/>\t\t\t\t\t\t\t\t<\/a>\n\t\t\t\t\t\t\t\t\t\t\t\t\t\t\t<\/div>\n\t\t\t\t<\/div>\n\t\t\t\t\t<\/div>\n\t\t<\/div>\n\t\t\t\t\t<\/div>\n\t\t<\/section>\n\t\t\t\t<\/div>\n\t\t<\/div>\n\t\t\t\t\t\t<\/div>\n\t\t\t\t<\/div>\n\t\t\t\t\t<\/div>\n\t\t<\/div>\n\t\t\t\t\t<\/div>\n\t\t<\/section>\n\t\t\t\t<\/div>\n\t\t","protected":false},"excerpt":{"rendered":"<p>PARIS CULTURE Paris fourmille de lieux \u00e0 visiter, de spectacles \u00e0 voir, de belles balades \u00e0 faire. Voici les principaux lieux culturels de notre quartier ainsi que quelques id\u00e9es pour d\u00e9couvrir Paris de mani\u00e8re insolite ! BALADES INSOLITES Paris Charms &amp; Secrets Paris Charms &amp; Secrets vous offre la possibilit\u00e9 de d\u00e9couvrir les Secrets de [&hellip;]<\/p>\n","protected":false},"author":1,"featured_media":0,"parent":2967,"menu_order":0,"comment_status":"closed","ping_status":"closed","template":"","meta":{"footnotes":""},"class_list":["post-3006","page","type-page","status-publish","hentry"],"yoast_head":"<!-- This site is optimized with the Yoast SEO plugin v27.5 - https:\/\/yoast.com\/product\/yoast-seo-wordpress\/ -->\n<title>Paris Culture - Secret de Paris Hotel &amp; Spa - Hotel Spa Paris 75009<\/title>\n<meta name=\"robots\" content=\"index, follow, max-snippet:-1, max-image-preview:large, max-video-preview:-1\" \/>\n<link rel=\"canonical\" href=\"https:\/\/www.secretdeparis.com\/fr\/paris\/paris-culture\/\" \/>\n<meta property=\"og:locale\" content=\"fr_FR\" \/>\n<meta property=\"og:type\" content=\"article\" \/>\n<meta property=\"og:title\" content=\"Paris Culture - Secret de Paris Hotel &amp; Spa - Hotel Spa Paris 75009\" \/>\n<meta property=\"og:description\" content=\"PARIS CULTURE Paris fourmille de lieux \u00e0 visiter, de spectacles \u00e0 voir, de belles balades \u00e0 faire. Voici les principaux lieux culturels de notre quartier ainsi que quelques id\u00e9es pour d\u00e9couvrir Paris de mani\u00e8re insolite ! BALADES INSOLITES Paris Charms &amp; Secrets Paris Charms &amp; Secrets vous offre la possibilit\u00e9 de d\u00e9couvrir les Secrets de [&hellip;]\" \/>\n<meta property=\"og:url\" content=\"https:\/\/www.secretdeparis.com\/fr\/paris\/paris-culture\/\" \/>\n<meta property=\"og:site_name\" content=\"Secret de Paris Hotel &amp; Spa - Hotel Spa Paris 75009\" \/>\n<meta property=\"article:publisher\" content=\"https:\/\/www.facebook.com\/HotelSecretdeParis\/\" \/>\n<meta property=\"article:modified_time\" content=\"2025-11-18T16:21:59+00:00\" \/>\n<meta property=\"og:image\" content=\"https:\/\/www.secretdeparis.com\/wp-content\/uploads\/2023\/05\/paris-culture.png\" \/>\n\t<meta property=\"og:image:width\" content=\"272\" \/>\n\t<meta property=\"og:image:height\" content=\"267\" \/>\n\t<meta property=\"og:image:type\" content=\"image\/png\" \/>\n<meta name=\"twitter:card\" content=\"summary_large_image\" \/>\n<meta name=\"twitter:label1\" content=\"Dur\u00e9e de lecture estim\u00e9e\" \/>\n\t<meta name=\"twitter:data1\" content=\"13 minutes\" \/>\n<script type=\"application\/ld+json\" class=\"yoast-schema-graph\">{\"@context\":\"https:\\\/\\\/schema.org\",\"@graph\":[{\"@type\":\"WebPage\",\"@id\":\"https:\\\/\\\/www.secretdeparis.com\\\/fr\\\/paris\\\/paris-culture\\\/\",\"url\":\"https:\\\/\\\/www.secretdeparis.com\\\/fr\\\/paris\\\/paris-culture\\\/\",\"name\":\"Paris Culture - Secret de Paris Hotel &amp; Spa - Hotel Spa Paris 75009\",\"isPartOf\":{\"@id\":\"https:\\\/\\\/www.secretdeparis.com\\\/fr\\\/#website\"},\"primaryImageOfPage\":{\"@id\":\"https:\\\/\\\/www.secretdeparis.com\\\/fr\\\/paris\\\/paris-culture\\\/#primaryimage\"},\"image\":{\"@id\":\"https:\\\/\\\/www.secretdeparis.com\\\/fr\\\/paris\\\/paris-culture\\\/#primaryimage\"},\"thumbnailUrl\":\"https:\\\/\\\/www.secretdeparis.com\\\/wp-content\\\/uploads\\\/2023\\\/05\\\/paris-culture.png\",\"datePublished\":\"2023-05-09T09:08:51+00:00\",\"dateModified\":\"2025-11-18T16:21:59+00:00\",\"breadcrumb\":{\"@id\":\"https:\\\/\\\/www.secretdeparis.com\\\/fr\\\/paris\\\/paris-culture\\\/#breadcrumb\"},\"inLanguage\":\"fr-FR\",\"potentialAction\":[{\"@type\":\"ReadAction\",\"target\":[\"https:\\\/\\\/www.secretdeparis.com\\\/fr\\\/paris\\\/paris-culture\\\/\"]}]},{\"@type\":\"ImageObject\",\"inLanguage\":\"fr-FR\",\"@id\":\"https:\\\/\\\/www.secretdeparis.com\\\/fr\\\/paris\\\/paris-culture\\\/#primaryimage\",\"url\":\"https:\\\/\\\/www.secretdeparis.com\\\/wp-content\\\/uploads\\\/2023\\\/05\\\/paris-culture.png\",\"contentUrl\":\"https:\\\/\\\/www.secretdeparis.com\\\/wp-content\\\/uploads\\\/2023\\\/05\\\/paris-culture.png\"},{\"@type\":\"BreadcrumbList\",\"@id\":\"https:\\\/\\\/www.secretdeparis.com\\\/fr\\\/paris\\\/paris-culture\\\/#breadcrumb\",\"itemListElement\":[{\"@type\":\"ListItem\",\"position\":1,\"name\":\"Accueil\",\"item\":\"https:\\\/\\\/www.secretdeparis.com\\\/fr\\\/\"},{\"@type\":\"ListItem\",\"position\":2,\"name\":\"Conciergerie\",\"item\":\"https:\\\/\\\/www.secretdeparis.com\\\/pt-pt\\\/?page_id=4566\"},{\"@type\":\"ListItem\",\"position\":3,\"name\":\"Paris Culture\"}]},{\"@type\":\"WebSite\",\"@id\":\"https:\\\/\\\/www.secretdeparis.com\\\/fr\\\/#website\",\"url\":\"https:\\\/\\\/www.secretdeparis.com\\\/fr\\\/\",\"name\":\"Secret de Paris Hotel &amp; Spa - Hotel Spa Paris 75009\",\"description\":\"Hotel Spa Paris\",\"publisher\":{\"@id\":\"https:\\\/\\\/www.secretdeparis.com\\\/fr\\\/#organization\"},\"potentialAction\":[{\"@type\":\"SearchAction\",\"target\":{\"@type\":\"EntryPoint\",\"urlTemplate\":\"https:\\\/\\\/www.secretdeparis.com\\\/fr\\\/?s={search_term_string}\"},\"query-input\":{\"@type\":\"PropertyValueSpecification\",\"valueRequired\":true,\"valueName\":\"search_term_string\"}}],\"inLanguage\":\"fr-FR\"},{\"@type\":\"Organization\",\"@id\":\"https:\\\/\\\/www.secretdeparis.com\\\/fr\\\/#organization\",\"name\":\"Secret de Paris Hotel &amp; Spa - Hotel Spa Paris 75009\",\"url\":\"https:\\\/\\\/www.secretdeparis.com\\\/fr\\\/\",\"logo\":{\"@type\":\"ImageObject\",\"inLanguage\":\"fr-FR\",\"@id\":\"https:\\\/\\\/www.secretdeparis.com\\\/fr\\\/#\\\/schema\\\/logo\\\/image\\\/\",\"url\":\"https:\\\/\\\/www.secretdeparis.com\\\/wp-content\\\/uploads\\\/2023\\\/02\\\/cropped-logo_footer.jpg\",\"contentUrl\":\"https:\\\/\\\/www.secretdeparis.com\\\/wp-content\\\/uploads\\\/2023\\\/02\\\/cropped-logo_footer.jpg\",\"width\":512,\"height\":512,\"caption\":\"Secret de Paris Hotel &amp; Spa - Hotel Spa Paris 75009\"},\"image\":{\"@id\":\"https:\\\/\\\/www.secretdeparis.com\\\/fr\\\/#\\\/schema\\\/logo\\\/image\\\/\"},\"sameAs\":[\"https:\\\/\\\/www.facebook.com\\\/HotelSecretdeParis\\\/\",\"https:\\\/\\\/www.secretdeparis.com\\\/hotel-secret-de-paris-paris-photos\\\/instagram\\\/\"]}]}<\/script>\n<!-- \/ Yoast SEO plugin. -->","yoast_head_json":{"title":"Paris Culture - Secret de Paris Hotel &amp; Spa - Hotel Spa Paris 75009","robots":{"index":"index","follow":"follow","max-snippet":"max-snippet:-1","max-image-preview":"max-image-preview:large","max-video-preview":"max-video-preview:-1"},"canonical":"https:\/\/www.secretdeparis.com\/fr\/paris\/paris-culture\/","og_locale":"fr_FR","og_type":"article","og_title":"Paris Culture - Secret de Paris Hotel &amp; Spa - Hotel Spa Paris 75009","og_description":"PARIS CULTURE Paris fourmille de lieux \u00e0 visiter, de spectacles \u00e0 voir, de belles balades \u00e0 faire. Voici les principaux lieux culturels de notre quartier ainsi que quelques id\u00e9es pour d\u00e9couvrir Paris de mani\u00e8re insolite ! BALADES INSOLITES Paris Charms &amp; Secrets Paris Charms &amp; Secrets vous offre la possibilit\u00e9 de d\u00e9couvrir les Secrets de [&hellip;]","og_url":"https:\/\/www.secretdeparis.com\/fr\/paris\/paris-culture\/","og_site_name":"Secret de Paris Hotel &amp; Spa - Hotel Spa Paris 75009","article_publisher":"https:\/\/www.facebook.com\/HotelSecretdeParis\/","article_modified_time":"2025-11-18T16:21:59+00:00","og_image":[{"width":272,"height":267,"url":"https:\/\/www.secretdeparis.com\/wp-content\/uploads\/2023\/05\/paris-culture.png","type":"image\/png"}],"twitter_card":"summary_large_image","twitter_misc":{"Dur\u00e9e de lecture estim\u00e9e":"13 minutes"},"schema":{"@context":"https:\/\/schema.org","@graph":[{"@type":"WebPage","@id":"https:\/\/www.secretdeparis.com\/fr\/paris\/paris-culture\/","url":"https:\/\/www.secretdeparis.com\/fr\/paris\/paris-culture\/","name":"Paris Culture - Secret de Paris Hotel &amp; Spa - Hotel Spa Paris 75009","isPartOf":{"@id":"https:\/\/www.secretdeparis.com\/fr\/#website"},"primaryImageOfPage":{"@id":"https:\/\/www.secretdeparis.com\/fr\/paris\/paris-culture\/#primaryimage"},"image":{"@id":"https:\/\/www.secretdeparis.com\/fr\/paris\/paris-culture\/#primaryimage"},"thumbnailUrl":"https:\/\/www.secretdeparis.com\/wp-content\/uploads\/2023\/05\/paris-culture.png","datePublished":"2023-05-09T09:08:51+00:00","dateModified":"2025-11-18T16:21:59+00:00","breadcrumb":{"@id":"https:\/\/www.secretdeparis.com\/fr\/paris\/paris-culture\/#breadcrumb"},"inLanguage":"fr-FR","potentialAction":[{"@type":"ReadAction","target":["https:\/\/www.secretdeparis.com\/fr\/paris\/paris-culture\/"]}]},{"@type":"ImageObject","inLanguage":"fr-FR","@id":"https:\/\/www.secretdeparis.com\/fr\/paris\/paris-culture\/#primaryimage","url":"https:\/\/www.secretdeparis.com\/wp-content\/uploads\/2023\/05\/paris-culture.png","contentUrl":"https:\/\/www.secretdeparis.com\/wp-content\/uploads\/2023\/05\/paris-culture.png"},{"@type":"BreadcrumbList","@id":"https:\/\/www.secretdeparis.com\/fr\/paris\/paris-culture\/#breadcrumb","itemListElement":[{"@type":"ListItem","position":1,"name":"Accueil","item":"https:\/\/www.secretdeparis.com\/fr\/"},{"@type":"ListItem","position":2,"name":"Conciergerie","item":"https:\/\/www.secretdeparis.com\/pt-pt\/?page_id=4566"},{"@type":"ListItem","position":3,"name":"Paris Culture"}]},{"@type":"WebSite","@id":"https:\/\/www.secretdeparis.com\/fr\/#website","url":"https:\/\/www.secretdeparis.com\/fr\/","name":"Secret de Paris Hotel &amp; Spa - Hotel Spa Paris 75009","description":"Hotel Spa Paris","publisher":{"@id":"https:\/\/www.secretdeparis.com\/fr\/#organization"},"potentialAction":[{"@type":"SearchAction","target":{"@type":"EntryPoint","urlTemplate":"https:\/\/www.secretdeparis.com\/fr\/?s={search_term_string}"},"query-input":{"@type":"PropertyValueSpecification","valueRequired":true,"valueName":"search_term_string"}}],"inLanguage":"fr-FR"},{"@type":"Organization","@id":"https:\/\/www.secretdeparis.com\/fr\/#organization","name":"Secret de Paris Hotel &amp; Spa - Hotel Spa Paris 75009","url":"https:\/\/www.secretdeparis.com\/fr\/","logo":{"@type":"ImageObject","inLanguage":"fr-FR","@id":"https:\/\/www.secretdeparis.com\/fr\/#\/schema\/logo\/image\/","url":"https:\/\/www.secretdeparis.com\/wp-content\/uploads\/2023\/02\/cropped-logo_footer.jpg","contentUrl":"https:\/\/www.secretdeparis.com\/wp-content\/uploads\/2023\/02\/cropped-logo_footer.jpg","width":512,"height":512,"caption":"Secret de Paris Hotel &amp; Spa - Hotel Spa Paris 75009"},"image":{"@id":"https:\/\/www.secretdeparis.com\/fr\/#\/schema\/logo\/image\/"},"sameAs":["https:\/\/www.facebook.com\/HotelSecretdeParis\/","https:\/\/www.secretdeparis.com\/hotel-secret-de-paris-paris-photos\/instagram\/"]}]}},"_links":{"self":[{"href":"https:\/\/www.secretdeparis.com\/fr\/wp-json\/wp\/v2\/pages\/3006","targetHints":{"allow":["GET"]}}],"collection":[{"href":"https:\/\/www.secretdeparis.com\/fr\/wp-json\/wp\/v2\/pages"}],"about":[{"href":"https:\/\/www.secretdeparis.com\/fr\/wp-json\/wp\/v2\/types\/page"}],"author":[{"embeddable":true,"href":"https:\/\/www.secretdeparis.com\/fr\/wp-json\/wp\/v2\/users\/1"}],"replies":[{"embeddable":true,"href":"https:\/\/www.secretdeparis.com\/fr\/wp-json\/wp\/v2\/comments?post=3006"}],"version-history":[{"count":47,"href":"https:\/\/www.secretdeparis.com\/fr\/wp-json\/wp\/v2\/pages\/3006\/revisions"}],"predecessor-version":[{"id":7640,"href":"https:\/\/www.secretdeparis.com\/fr\/wp-json\/wp\/v2\/pages\/3006\/revisions\/7640"}],"up":[{"embeddable":true,"href":"https:\/\/www.secretdeparis.com\/fr\/wp-json\/wp\/v2\/pages\/2967"}],"wp:attachment":[{"href":"https:\/\/www.secretdeparis.com\/fr\/wp-json\/wp\/v2\/media?parent=3006"}],"curies":[{"name":"wp","href":"https:\/\/api.w.org\/{rel}","templated":true}]}}