{"id":893,"date":"2023-03-01T15:46:35","date_gmt":"2023-03-01T14:46:35","guid":{"rendered":"https:\/\/2023.secretdeparis.com\/?page_id=893"},"modified":"2023-03-01T15:50:59","modified_gmt":"2023-03-01T14:50:59","slug":"propos-de-la-tour-eiffel","status":"publish","type":"page","link":"https:\/\/www.secretdeparis.com\/fr\/propos-de-la-tour-eiffel\/","title":{"rendered":"tour eiffel"},"content":{"rendered":"\t\t<div data-elementor-type=\"wp-page\" data-elementor-id=\"893\" class=\"elementor elementor-893\" data-elementor-post-type=\"page\">\n\t\t\t\t\t\t<section class=\"elementor-section elementor-top-section elementor-element elementor-element-4acb556 elementor-section-boxed elementor-section-height-default elementor-section-height-default\" data-id=\"4acb556\" data-element_type=\"section\">\n\t\t\t\t\t\t<div class=\"elementor-container elementor-column-gap-default\">\n\t\t\t\t\t<div class=\"elementor-column elementor-col-100 elementor-top-column elementor-element elementor-element-142986e\" data-id=\"142986e\" data-element_type=\"column\">\n\t\t\t<div class=\"elementor-widget-wrap elementor-element-populated\">\n\t\t\t\t\t\t<div class=\"elementor-element elementor-element-51a90e1 elementor-widget elementor-widget-heading\" data-id=\"51a90e1\" data-element_type=\"widget\" data-widget_type=\"heading.default\">\n\t\t\t\t<div class=\"elementor-widget-container\">\n\t\t\t\t\t<h1 class=\"elementor-heading-title elementor-size-default\">A PROPOS DE LA TOUR EIFFEL<\/h1>\t\t\t\t<\/div>\n\t\t\t\t<\/div>\n\t\t\t\t\t<\/div>\n\t\t<\/div>\n\t\t\t\t\t<\/div>\n\t\t<\/section>\n\t\t\t\t<section class=\"elementor-section elementor-top-section elementor-element elementor-element-002b156 elementor-section-height-min-height elementor-section-boxed elementor-section-height-default elementor-section-items-middle\" data-id=\"002b156\" data-element_type=\"section\">\n\t\t\t\t\t\t<div class=\"elementor-container elementor-column-gap-default\">\n\t\t\t\t\t<div class=\"elementor-column elementor-col-100 elementor-top-column elementor-element elementor-element-86b380c\" data-id=\"86b380c\" data-element_type=\"column\">\n\t\t\t<div class=\"elementor-widget-wrap elementor-element-populated\">\n\t\t\t\t\t\t<div class=\"elementor-element elementor-element-8745f00 elementor-cta--layout-image-left elementor-cta--mobile-layout-image-above elementor-cta--skin-classic elementor-animated-content elementor-bg-transform elementor-bg-transform-zoom-in elementor-widget elementor-widget-call-to-action\" data-id=\"8745f00\" data-element_type=\"widget\" data-widget_type=\"call-to-action.default\">\n\t\t\t\t<div class=\"elementor-widget-container\">\n\t\t\t\t\t\t\t<div class=\"elementor-cta\">\n\t\t\t\t\t<div class=\"elementor-cta__bg-wrapper\">\n\t\t\t\t<div class=\"elementor-cta__bg elementor-bg\" style=\"background-image: url(https:\/\/www.secretdeparis.com\/wp-content\/uploads\/2023\/03\/tour-eiffel-682x1024.jpg);\" role=\"img\" aria-label=\"Tour eiffel\"><\/div>\n\t\t\t\t<div class=\"elementor-cta__bg-overlay\"><\/div>\n\t\t\t<\/div>\n\t\t\t\t\t\t\t<div class=\"elementor-cta__content\">\n\t\t\t\t\n\t\t\t\t\t\t\t\t\t<h2 class=\"elementor-cta__title elementor-cta__content-item elementor-content-item\">\n\t\t\t\t\t\tTOUR EIFFEL\t\t\t\t\t<\/h2>\n\t\t\t\t\n\t\t\t\t\t\t\t\t\t<div class=\"elementor-cta__description elementor-cta__content-item elementor-content-item\">\n\t\t\t\t\t\t<p style=\"text-align:justify\">On ne s\u2019en souvient plus mais cette belle excentrique devait \u00eatre d\u00e9truite au bout de vingt ans ! Plus d\u2019un si\u00e8cle apr\u00e8s sa construction, la vieille \u201cDemoiselle de fer\u201d est toujours debout et continue de fasciner.<br><br>\n\nPourtant, sa naissance, \u00e0 l\u2019occasion de l\u2019Exposition Universelle de 1889, suscita moqueries et sarcasmes. Charles Garnier, l\u2019architecte de l\u2019Op\u00e9ra, Maupassant et Zola et la plupart des artistes de l\u2019\u00e9poque, cri\u00e8rent au scandale et sign\u00e8rent une p\u00e9tition contre ce qu\u2019il nommaient le \u201clampadaire tragique\u201d ou le \u201cchandelier creux\u201d.<br><br>\n\nEntam\u00e9s en janvier 1887, les travaux se termin\u00e8rent le 31 mars 1889, date \u00e0 laquelle l\u2019ing\u00e9nieur Gustave Eiffel l\u2019inaugura en grimpant \u00e0 pied les 1710 marches. Elle fit entrer \u201cla plus belle ville du monde\u201d dans la modernit\u00e9. Du haut de ses 324 m (antennes comprises), elle domine toujours Paris et demeure le monument payant le plus visit\u00e9 au monde.<br><br>\n\nElle se refait une beaut\u00e9 tous les sept ans, enti\u00e8rement nettoy\u00e9e et repeinte (couleur \u201cbrun tour Eiffel\u201d). Mais depuis 2003, elle est encore plus belle : de la tomb\u00e9e de la nuit \u00e0 2 heures du matin, elle scintille les 10 premi\u00e8res minutes de chaque heure.<br><br>\n\n\nD\u00e9couvrez la Tour Eiffel en s\u00e9journant \u00e0 Secret de Paris \u2013 Hotel &amp; Spa, un h\u00f4tel de charme pour un week-end romantique \u00e0 Paris !\t\t\t\t\t<\/div>\n\t\t\t\t\n\t\t\t\t\t\t\t<\/div>\n\t\t\t\t\t\t<\/div>\n\t\t\t\t\t\t<\/div>\n\t\t\t\t<\/div>\n\t\t\t\t\t<\/div>\n\t\t<\/div>\n\t\t\t\t\t<\/div>\n\t\t<\/section>\n\t\t\t\t<section class=\"elementor-section elementor-top-section elementor-element elementor-element-fe7ee99 elementor-section-boxed elementor-section-height-default elementor-section-height-default\" data-id=\"fe7ee99\" data-element_type=\"section\">\n\t\t\t\t\t\t<div class=\"elementor-container elementor-column-gap-default\">\n\t\t\t\t\t<div class=\"elementor-column elementor-col-100 elementor-top-column elementor-element elementor-element-9852a15\" data-id=\"9852a15\" data-element_type=\"column\">\n\t\t\t<div class=\"elementor-widget-wrap elementor-element-populated\">\n\t\t\t\t\t\t<div class=\"elementor-element elementor-element-e571f06 elementor-widget elementor-widget-heading\" data-id=\"e571f06\" data-element_type=\"widget\" data-widget_type=\"heading.default\">\n\t\t\t\t<div class=\"elementor-widget-container\">\n\t\t\t\t\t<h2 class=\"elementor-heading-title elementor-size-default\">Visite virtuelle de la Tour Eiffel<\/h2>\t\t\t\t<\/div>\n\t\t\t\t<\/div>\n\t\t\t\t\t<\/div>\n\t\t<\/div>\n\t\t\t\t\t<\/div>\n\t\t<\/section>\n\t\t\t\t<section class=\"elementor-section elementor-top-section elementor-element elementor-element-8b4fb2d elementor-section-boxed elementor-section-height-default elementor-section-height-default\" data-id=\"8b4fb2d\" data-element_type=\"section\">\n\t\t\t\t\t\t<div class=\"elementor-container elementor-column-gap-default\">\n\t\t\t\t\t<div class=\"elementor-column elementor-col-100 elementor-top-column elementor-element elementor-element-ced3a74\" data-id=\"ced3a74\" data-element_type=\"column\">\n\t\t\t<div class=\"elementor-widget-wrap elementor-element-populated\">\n\t\t\t\t\t\t<div class=\"elementor-element elementor-element-03a2403 elementor-widget elementor-widget-html\" data-id=\"03a2403\" data-element_type=\"widget\" data-widget_type=\"html.default\">\n\t\t\t\t<div class=\"elementor-widget-container\">\n\t\t\t\t\t<iframe src=\"https:\/\/www.google.com\/maps\/embed?pb=!4v1677682198547!6m8!1m7!1sPe03wIAND2EexK9lTcxm0w!2m2!1d48.85816565109427!2d2.294697006132574!3f133.76654166768185!4f-8.900804686243589!5f0.8160813932612223\" width=\"600\" height=\"450\" style=\"border:0;\" allowfullscreen=\"\" loading=\"lazy\" referrerpolicy=\"no-referrer-when-downgrade\"><\/iframe>\t\t\t\t<\/div>\n\t\t\t\t<\/div>\n\t\t\t\t\t<\/div>\n\t\t<\/div>\n\t\t\t\t\t<\/div>\n\t\t<\/section>\n\t\t\t\t<section class=\"elementor-section elementor-top-section elementor-element elementor-element-e345d82 elementor-section-boxed elementor-section-height-default elementor-section-height-default\" data-id=\"e345d82\" data-element_type=\"section\">\n\t\t\t\t\t\t<div class=\"elementor-container elementor-column-gap-default\">\n\t\t\t\t\t<div class=\"elementor-column elementor-col-100 elementor-top-column elementor-element elementor-element-eb636ff\" data-id=\"eb636ff\" data-element_type=\"column\">\n\t\t\t<div class=\"elementor-widget-wrap elementor-element-populated\">\n\t\t\t\t\t\t<div class=\"elementor-element elementor-element-d4573fb elementor-widget elementor-widget-heading\" data-id=\"d4573fb\" data-element_type=\"widget\" data-widget_type=\"heading.default\">\n\t\t\t\t<div class=\"elementor-widget-container\">\n\t\t\t\t\t<h2 class=\"elementor-heading-title elementor-size-default\">La Tour Eiffel en video<\/h2>\t\t\t\t<\/div>\n\t\t\t\t<\/div>\n\t\t\t\t\t<\/div>\n\t\t<\/div>\n\t\t\t\t\t<\/div>\n\t\t<\/section>\n\t\t\t\t<section class=\"elementor-section elementor-top-section elementor-element elementor-element-39f1184 elementor-section-boxed elementor-section-height-default elementor-section-height-default\" data-id=\"39f1184\" data-element_type=\"section\">\n\t\t\t\t\t\t<div class=\"elementor-container elementor-column-gap-default\">\n\t\t\t\t\t<div class=\"elementor-column elementor-col-100 elementor-top-column elementor-element elementor-element-5b64795\" data-id=\"5b64795\" data-element_type=\"column\">\n\t\t\t<div class=\"elementor-widget-wrap elementor-element-populated\">\n\t\t\t\t\t\t<div class=\"elementor-element elementor-element-59998bf elementor-widget elementor-widget-video\" data-id=\"59998bf\" data-element_type=\"widget\" data-settings=\"{&quot;youtube_url&quot;:&quot;https:\\\/\\\/www.youtube.com\\\/watch?v=fsNvRhLWuBE&quot;,&quot;video_type&quot;:&quot;youtube&quot;,&quot;controls&quot;:&quot;yes&quot;}\" data-widget_type=\"video.default\">\n\t\t\t\t<div class=\"elementor-widget-container\">\n\t\t\t\t\t\t\t<div class=\"elementor-wrapper elementor-open-inline\">\n\t\t\t<div class=\"elementor-video\"><\/div>\t\t<\/div>\n\t\t\t\t\t\t<\/div>\n\t\t\t\t<\/div>\n\t\t\t\t\t<\/div>\n\t\t<\/div>\n\t\t\t\t\t<\/div>\n\t\t<\/section>\n\t\t\t\t<\/div>\n\t\t","protected":false},"excerpt":{"rendered":"<p>A PROPOS DE LA TOUR EIFFEL TOUR EIFFEL On ne s\u2019en souvient plus mais cette belle excentrique devait \u00eatre d\u00e9truite au bout de vingt ans ! Plus d\u2019un si\u00e8cle apr\u00e8s sa construction, la vieille \u201cDemoiselle de fer\u201d est toujours debout et continue de fasciner. Pourtant, sa naissance, \u00e0 l\u2019occasion de l\u2019Exposition Universelle de 1889, suscita [&hellip;]<\/p>\n","protected":false},"author":4,"featured_media":0,"parent":0,"menu_order":0,"comment_status":"closed","ping_status":"closed","template":"","meta":{"footnotes":""},"class_list":["post-893","page","type-page","status-publish","hentry"],"yoast_head":"<!-- This site is optimized with the Yoast SEO plugin v27.5 - https:\/\/yoast.com\/product\/yoast-seo-wordpress\/ -->\n<title>tour eiffel - Secret de Paris Hotel &amp; Spa - Hotel Spa Paris 75009<\/title>\n<meta name=\"robots\" content=\"index, follow, max-snippet:-1, max-image-preview:large, max-video-preview:-1\" \/>\n<link rel=\"canonical\" href=\"https:\/\/www.secretdeparis.com\/fr\/propos-de-la-tour-eiffel\/\" \/>\n<meta property=\"og:locale\" content=\"fr_FR\" \/>\n<meta property=\"og:type\" content=\"article\" \/>\n<meta property=\"og:title\" content=\"tour eiffel - Secret de Paris Hotel &amp; Spa - Hotel Spa Paris 75009\" \/>\n<meta property=\"og:description\" content=\"A PROPOS DE LA TOUR EIFFEL TOUR EIFFEL On ne s\u2019en souvient plus mais cette belle excentrique devait \u00eatre d\u00e9truite au bout de vingt ans ! Plus d\u2019un si\u00e8cle apr\u00e8s sa construction, la vieille \u201cDemoiselle de fer\u201d est toujours debout et continue de fasciner. Pourtant, sa naissance, \u00e0 l\u2019occasion de l\u2019Exposition Universelle de 1889, suscita [&hellip;]\" \/>\n<meta property=\"og:url\" content=\"https:\/\/www.secretdeparis.com\/fr\/propos-de-la-tour-eiffel\/\" \/>\n<meta property=\"og:site_name\" content=\"Secret de Paris Hotel &amp; Spa - Hotel Spa Paris 75009\" \/>\n<meta property=\"article:publisher\" content=\"https:\/\/www.facebook.com\/HotelSecretdeParis\/\" \/>\n<meta property=\"article:modified_time\" content=\"2023-03-01T14:50:59+00:00\" \/>\n<meta name=\"twitter:card\" content=\"summary_large_image\" \/>\n<meta name=\"twitter:label1\" content=\"Dur\u00e9e de lecture estim\u00e9e\" \/>\n\t<meta name=\"twitter:data1\" content=\"1 minute\" \/>\n<script type=\"application\/ld+json\" class=\"yoast-schema-graph\">{\"@context\":\"https:\\\/\\\/schema.org\",\"@graph\":[{\"@type\":\"WebPage\",\"@id\":\"https:\\\/\\\/www.secretdeparis.com\\\/fr\\\/propos-de-la-tour-eiffel\\\/\",\"url\":\"https:\\\/\\\/www.secretdeparis.com\\\/fr\\\/propos-de-la-tour-eiffel\\\/\",\"name\":\"tour eiffel - Secret de Paris Hotel &amp; Spa - Hotel Spa Paris 75009\",\"isPartOf\":{\"@id\":\"https:\\\/\\\/www.secretdeparis.com\\\/fr\\\/#website\"},\"datePublished\":\"2023-03-01T14:46:35+00:00\",\"dateModified\":\"2023-03-01T14:50:59+00:00\",\"breadcrumb\":{\"@id\":\"https:\\\/\\\/www.secretdeparis.com\\\/fr\\\/propos-de-la-tour-eiffel\\\/#breadcrumb\"},\"inLanguage\":\"fr-FR\",\"potentialAction\":[{\"@type\":\"ReadAction\",\"target\":[\"https:\\\/\\\/www.secretdeparis.com\\\/fr\\\/propos-de-la-tour-eiffel\\\/\"]}]},{\"@type\":\"BreadcrumbList\",\"@id\":\"https:\\\/\\\/www.secretdeparis.com\\\/fr\\\/propos-de-la-tour-eiffel\\\/#breadcrumb\",\"itemListElement\":[{\"@type\":\"ListItem\",\"position\":1,\"name\":\"Accueil\",\"item\":\"https:\\\/\\\/www.secretdeparis.com\\\/fr\\\/\"},{\"@type\":\"ListItem\",\"position\":2,\"name\":\"tour eiffel\"}]},{\"@type\":\"WebSite\",\"@id\":\"https:\\\/\\\/www.secretdeparis.com\\\/fr\\\/#website\",\"url\":\"https:\\\/\\\/www.secretdeparis.com\\\/fr\\\/\",\"name\":\"Secret de Paris Hotel &amp; Spa - Hotel Spa Paris 75009\",\"description\":\"Hotel Spa Paris\",\"publisher\":{\"@id\":\"https:\\\/\\\/www.secretdeparis.com\\\/fr\\\/#organization\"},\"potentialAction\":[{\"@type\":\"SearchAction\",\"target\":{\"@type\":\"EntryPoint\",\"urlTemplate\":\"https:\\\/\\\/www.secretdeparis.com\\\/fr\\\/?s={search_term_string}\"},\"query-input\":{\"@type\":\"PropertyValueSpecification\",\"valueRequired\":true,\"valueName\":\"search_term_string\"}}],\"inLanguage\":\"fr-FR\"},{\"@type\":\"Organization\",\"@id\":\"https:\\\/\\\/www.secretdeparis.com\\\/fr\\\/#organization\",\"name\":\"Secret de Paris Hotel &amp; Spa - Hotel Spa Paris 75009\",\"url\":\"https:\\\/\\\/www.secretdeparis.com\\\/fr\\\/\",\"logo\":{\"@type\":\"ImageObject\",\"inLanguage\":\"fr-FR\",\"@id\":\"https:\\\/\\\/www.secretdeparis.com\\\/fr\\\/#\\\/schema\\\/logo\\\/image\\\/\",\"url\":\"https:\\\/\\\/www.secretdeparis.com\\\/wp-content\\\/uploads\\\/2023\\\/02\\\/cropped-logo_footer.jpg\",\"contentUrl\":\"https:\\\/\\\/www.secretdeparis.com\\\/wp-content\\\/uploads\\\/2023\\\/02\\\/cropped-logo_footer.jpg\",\"width\":512,\"height\":512,\"caption\":\"Secret de Paris Hotel &amp; Spa - Hotel Spa Paris 75009\"},\"image\":{\"@id\":\"https:\\\/\\\/www.secretdeparis.com\\\/fr\\\/#\\\/schema\\\/logo\\\/image\\\/\"},\"sameAs\":[\"https:\\\/\\\/www.facebook.com\\\/HotelSecretdeParis\\\/\",\"https:\\\/\\\/www.secretdeparis.com\\\/hotel-secret-de-paris-paris-photos\\\/instagram\\\/\"]}]}<\/script>\n<!-- \/ Yoast SEO plugin. -->","yoast_head_json":{"title":"tour eiffel - Secret de Paris Hotel &amp; Spa - Hotel Spa Paris 75009","robots":{"index":"index","follow":"follow","max-snippet":"max-snippet:-1","max-image-preview":"max-image-preview:large","max-video-preview":"max-video-preview:-1"},"canonical":"https:\/\/www.secretdeparis.com\/fr\/propos-de-la-tour-eiffel\/","og_locale":"fr_FR","og_type":"article","og_title":"tour eiffel - Secret de Paris Hotel &amp; Spa - Hotel Spa Paris 75009","og_description":"A PROPOS DE LA TOUR EIFFEL TOUR EIFFEL On ne s\u2019en souvient plus mais cette belle excentrique devait \u00eatre d\u00e9truite au bout de vingt ans ! Plus d\u2019un si\u00e8cle apr\u00e8s sa construction, la vieille \u201cDemoiselle de fer\u201d est toujours debout et continue de fasciner. Pourtant, sa naissance, \u00e0 l\u2019occasion de l\u2019Exposition Universelle de 1889, suscita [&hellip;]","og_url":"https:\/\/www.secretdeparis.com\/fr\/propos-de-la-tour-eiffel\/","og_site_name":"Secret de Paris Hotel &amp; Spa - Hotel Spa Paris 75009","article_publisher":"https:\/\/www.facebook.com\/HotelSecretdeParis\/","article_modified_time":"2023-03-01T14:50:59+00:00","twitter_card":"summary_large_image","twitter_misc":{"Dur\u00e9e de lecture estim\u00e9e":"1 minute"},"schema":{"@context":"https:\/\/schema.org","@graph":[{"@type":"WebPage","@id":"https:\/\/www.secretdeparis.com\/fr\/propos-de-la-tour-eiffel\/","url":"https:\/\/www.secretdeparis.com\/fr\/propos-de-la-tour-eiffel\/","name":"tour eiffel - Secret de Paris Hotel &amp; Spa - Hotel Spa Paris 75009","isPartOf":{"@id":"https:\/\/www.secretdeparis.com\/fr\/#website"},"datePublished":"2023-03-01T14:46:35+00:00","dateModified":"2023-03-01T14:50:59+00:00","breadcrumb":{"@id":"https:\/\/www.secretdeparis.com\/fr\/propos-de-la-tour-eiffel\/#breadcrumb"},"inLanguage":"fr-FR","potentialAction":[{"@type":"ReadAction","target":["https:\/\/www.secretdeparis.com\/fr\/propos-de-la-tour-eiffel\/"]}]},{"@type":"BreadcrumbList","@id":"https:\/\/www.secretdeparis.com\/fr\/propos-de-la-tour-eiffel\/#breadcrumb","itemListElement":[{"@type":"ListItem","position":1,"name":"Accueil","item":"https:\/\/www.secretdeparis.com\/fr\/"},{"@type":"ListItem","position":2,"name":"tour eiffel"}]},{"@type":"WebSite","@id":"https:\/\/www.secretdeparis.com\/fr\/#website","url":"https:\/\/www.secretdeparis.com\/fr\/","name":"Secret de Paris Hotel &amp; Spa - Hotel Spa Paris 75009","description":"Hotel Spa Paris","publisher":{"@id":"https:\/\/www.secretdeparis.com\/fr\/#organization"},"potentialAction":[{"@type":"SearchAction","target":{"@type":"EntryPoint","urlTemplate":"https:\/\/www.secretdeparis.com\/fr\/?s={search_term_string}"},"query-input":{"@type":"PropertyValueSpecification","valueRequired":true,"valueName":"search_term_string"}}],"inLanguage":"fr-FR"},{"@type":"Organization","@id":"https:\/\/www.secretdeparis.com\/fr\/#organization","name":"Secret de Paris Hotel &amp; Spa - Hotel Spa Paris 75009","url":"https:\/\/www.secretdeparis.com\/fr\/","logo":{"@type":"ImageObject","inLanguage":"fr-FR","@id":"https:\/\/www.secretdeparis.com\/fr\/#\/schema\/logo\/image\/","url":"https:\/\/www.secretdeparis.com\/wp-content\/uploads\/2023\/02\/cropped-logo_footer.jpg","contentUrl":"https:\/\/www.secretdeparis.com\/wp-content\/uploads\/2023\/02\/cropped-logo_footer.jpg","width":512,"height":512,"caption":"Secret de Paris Hotel &amp; Spa - Hotel Spa Paris 75009"},"image":{"@id":"https:\/\/www.secretdeparis.com\/fr\/#\/schema\/logo\/image\/"},"sameAs":["https:\/\/www.facebook.com\/HotelSecretdeParis\/","https:\/\/www.secretdeparis.com\/hotel-secret-de-paris-paris-photos\/instagram\/"]}]}},"_links":{"self":[{"href":"https:\/\/www.secretdeparis.com\/fr\/wp-json\/wp\/v2\/pages\/893","targetHints":{"allow":["GET"]}}],"collection":[{"href":"https:\/\/www.secretdeparis.com\/fr\/wp-json\/wp\/v2\/pages"}],"about":[{"href":"https:\/\/www.secretdeparis.com\/fr\/wp-json\/wp\/v2\/types\/page"}],"author":[{"embeddable":true,"href":"https:\/\/www.secretdeparis.com\/fr\/wp-json\/wp\/v2\/users\/4"}],"replies":[{"embeddable":true,"href":"https:\/\/www.secretdeparis.com\/fr\/wp-json\/wp\/v2\/comments?post=893"}],"version-history":[{"count":4,"href":"https:\/\/www.secretdeparis.com\/fr\/wp-json\/wp\/v2\/pages\/893\/revisions"}],"predecessor-version":[{"id":898,"href":"https:\/\/www.secretdeparis.com\/fr\/wp-json\/wp\/v2\/pages\/893\/revisions\/898"}],"wp:attachment":[{"href":"https:\/\/www.secretdeparis.com\/fr\/wp-json\/wp\/v2\/media?parent=893"}],"curies":[{"name":"wp","href":"https:\/\/api.w.org\/{rel}","templated":true}]}}