{"id":4574,"date":"2023-05-09T11:08:51","date_gmt":"2023-05-09T09:08:51","guid":{"rendered":"https:\/\/www.secretdeparis.com\/?page_id=4574"},"modified":"2025-10-02T15:24:54","modified_gmt":"2025-10-02T13:24:54","slug":"cultura-parisiense","status":"publish","type":"page","link":"https:\/\/www.secretdeparis.com\/pt-pt\/concierge\/cultura-parisiense\/","title":{"rendered":"Cultura Parisiense"},"content":{"rendered":"\t\t<div data-elementor-type=\"wp-page\" data-elementor-id=\"4574\" class=\"elementor elementor-4574 elementor-3006\" data-elementor-post-type=\"page\">\n\t\t\t\t\t\t<section class=\"elementor-section elementor-top-section elementor-element elementor-element-99424e0 elementor-section-boxed elementor-section-height-default elementor-section-height-default\" data-id=\"99424e0\" data-element_type=\"section\">\n\t\t\t\t\t\t<div class=\"elementor-container elementor-column-gap-default\">\n\t\t\t\t\t<div class=\"elementor-column elementor-col-100 elementor-top-column elementor-element elementor-element-087e86f\" data-id=\"087e86f\" data-element_type=\"column\">\n\t\t\t<div class=\"elementor-widget-wrap elementor-element-populated\">\n\t\t\t\t\t\t<div class=\"elementor-element elementor-element-8f220c3 elementor-widget-divider--view-line_text elementor-widget-divider--element-align-left elementor-widget-divider--separator-type-pattern elementor-widget-divider--no-spacing elementor-widget elementor-widget-divider\" data-id=\"8f220c3\" data-element_type=\"widget\" data-widget_type=\"divider.default\">\n\t\t\t\t<div class=\"elementor-widget-container\">\n\t\t\t\t\t\t\t<div class=\"elementor-divider\" style=\"--divider-pattern-url: url(&quot;data:image\/svg+xml,%3Csvg xmlns=&#039;http:\/\/www.w3.org\/2000\/svg&#039; preserveAspectRatio=&#039;none&#039; overflow=&#039;visible&#039; height=&#039;100%&#039; viewBox=&#039;0 0 24 24&#039; fill=&#039;black&#039; stroke=&#039;none&#039;%3E%3Cpath d=&#039;M24,8v12H0V8H24z M24,4v1H0V4H24z&#039;\/%3E%3C\/svg%3E&quot;);\">\n\t\t\t<span class=\"elementor-divider-separator\">\n\t\t\t\t\t\t\t<h1 class=\"elementor-divider__text elementor-divider__element\">\n\t\t\t\tEM TORNO DO HOTEL - CULTURA PARISIENSE\t\t\t\t<\/h1>\n\t\t\t\t\t\t<\/span>\n\t\t<\/div>\n\t\t\t\t\t\t<\/div>\n\t\t\t\t<\/div>\n\t\t\t\t\t<\/div>\n\t\t<\/div>\n\t\t\t\t\t<\/div>\n\t\t<\/section>\n\t\t\t\t<section class=\"elementor-section elementor-top-section elementor-element elementor-element-8d83228 elementor-section-boxed elementor-section-height-default elementor-section-height-default\" data-id=\"8d83228\" data-element_type=\"section\">\n\t\t\t\t\t\t<div class=\"elementor-container elementor-column-gap-default\">\n\t\t\t\t\t<div class=\"elementor-column elementor-col-50 elementor-top-column elementor-element elementor-element-b0f811b\" data-id=\"b0f811b\" data-element_type=\"column\">\n\t\t\t<div class=\"elementor-widget-wrap elementor-element-populated\">\n\t\t\t\t\t\t<div class=\"elementor-element elementor-element-9e64594 elementor-widget elementor-widget-text-editor\" data-id=\"9e64594\" data-element_type=\"widget\" data-widget_type=\"text-editor.default\">\n\t\t\t\t<div class=\"elementor-widget-container\">\n\t\t\t\t\t\t\t\t\t<p>Paris est\u00e1 repleta de lugares para visitar, shows para ver, belos passeios para fazer. Aqui est\u00e3o os principais locais culturais do nosso bairro, bem como algumas ideias para descobrir Paris de uma maneira incomum!<\/p>\t\t\t\t\t\t\t\t<\/div>\n\t\t\t\t<\/div>\n\t\t\t\t\t<\/div>\n\t\t<\/div>\n\t\t\t\t<div class=\"elementor-column elementor-col-50 elementor-top-column elementor-element elementor-element-111c667\" data-id=\"111c667\" data-element_type=\"column\">\n\t\t\t<div class=\"elementor-widget-wrap elementor-element-populated\">\n\t\t\t\t\t\t<div class=\"elementor-element elementor-element-06b107f elementor-widget elementor-widget-image\" data-id=\"06b107f\" data-element_type=\"widget\" data-widget_type=\"image.default\">\n\t\t\t\t<div class=\"elementor-widget-container\">\n\t\t\t\t\t\t\t\t\t\t\t\t\t\t\t<img fetchpriority=\"high\" decoding=\"async\" width=\"272\" height=\"267\" src=\"https:\/\/www.secretdeparis.com\/wp-content\/uploads\/2024\/02\/paris-culture-pt.png\" class=\"attachment-large size-large wp-image-4711\" alt=\"\" \/>\t\t\t\t\t\t\t\t\t\t\t\t\t\t\t<\/div>\n\t\t\t\t<\/div>\n\t\t\t\t\t<\/div>\n\t\t<\/div>\n\t\t\t\t\t<\/div>\n\t\t<\/section>\n\t\t\t\t<section class=\"elementor-section elementor-top-section elementor-element elementor-element-d66989b elementor-section-boxed elementor-section-height-default elementor-section-height-default\" data-id=\"d66989b\" data-element_type=\"section\">\n\t\t\t\t\t\t<div class=\"elementor-container elementor-column-gap-default\">\n\t\t\t\t\t<div class=\"elementor-column elementor-col-100 elementor-top-column elementor-element elementor-element-c129c06\" data-id=\"c129c06\" data-element_type=\"column\">\n\t\t\t<div class=\"elementor-widget-wrap elementor-element-populated\">\n\t\t\t\t\t\t<div class=\"elementor-element elementor-element-aa32b17 elementor-widget-divider--view-line_text elementor-widget-divider--element-align-center elementor-widget elementor-widget-divider\" data-id=\"aa32b17\" data-element_type=\"widget\" data-widget_type=\"divider.default\">\n\t\t\t\t<div class=\"elementor-widget-container\">\n\t\t\t\t\t\t\t<div class=\"elementor-divider\">\n\t\t\t<span class=\"elementor-divider-separator\">\n\t\t\t\t\t\t\t<h3 class=\"elementor-divider__text elementor-divider__element\">\n\t\t\t\tPASSEIOS INCOMUNS\t\t\t\t<\/h3>\n\t\t\t\t\t\t<\/span>\n\t\t<\/div>\n\t\t\t\t\t\t<\/div>\n\t\t\t\t<\/div>\n\t\t\t\t\t<\/div>\n\t\t<\/div>\n\t\t\t\t\t<\/div>\n\t\t<\/section>\n\t\t\t\t<section class=\"elementor-section elementor-top-section elementor-element elementor-element-f7c2baa elementor-section-boxed elementor-section-height-default elementor-section-height-default\" data-id=\"f7c2baa\" data-element_type=\"section\">\n\t\t\t\t\t\t<div class=\"elementor-container elementor-column-gap-default\">\n\t\t\t\t\t<div class=\"elementor-column elementor-col-100 elementor-top-column elementor-element elementor-element-a5174b8\" data-id=\"a5174b8\" data-element_type=\"column\" data-settings=\"{&quot;background_background&quot;:&quot;classic&quot;}\">\n\t\t\t<div class=\"elementor-widget-wrap elementor-element-populated\">\n\t\t\t\t\t<div class=\"elementor-background-overlay\"><\/div>\n\t\t\t\t\t\t<div class=\"elementor-element elementor-element-b8f915d elementor-widget elementor-widget-text-editor\" data-id=\"b8f915d\" data-element_type=\"widget\" data-widget_type=\"text-editor.default\">\n\t\t\t\t<div class=\"elementor-widget-container\">\n\t\t\t\t\t\t\t\t\t<h4>Paris Charms &amp; Secrets<\/h4><p>A Paris Charms &amp; Secrets oferece-lhe a possibilidade de descobrir os Segredos de Paris viajando pelo passado gra\u00e7as \u00e0 descoberta de lugares desconhecidos dos pr\u00f3prios parisienses. As hist\u00f3rias contadas pelo seu guia ir\u00e3o mergulhar-lhe na alma do lugar.<\/p><p>Paris Charms &amp; Secrets<\/p><p><a href=\"http:\/\/www.parischarmssecrets.com\">www.parischarmssecrets.com<\/a><\/p>\t\t\t\t\t\t\t\t<\/div>\n\t\t\t\t<\/div>\n\t\t\t\t\t<\/div>\n\t\t<\/div>\n\t\t\t\t\t<\/div>\n\t\t<\/section>\n\t\t\t\t<section class=\"elementor-section elementor-top-section elementor-element elementor-element-2f24510 elementor-section-boxed elementor-section-height-default elementor-section-height-default\" data-id=\"2f24510\" data-element_type=\"section\">\n\t\t\t\t\t\t<div class=\"elementor-container elementor-column-gap-default\">\n\t\t\t\t\t<div class=\"elementor-column elementor-col-100 elementor-top-column elementor-element elementor-element-cbe507e\" data-id=\"cbe507e\" data-element_type=\"column\" data-settings=\"{&quot;background_background&quot;:&quot;classic&quot;}\">\n\t\t\t<div class=\"elementor-widget-wrap elementor-element-populated\">\n\t\t\t\t\t\t<div class=\"elementor-element elementor-element-a14f308 elementor-widget elementor-widget-text-editor\" data-id=\"a14f308\" data-element_type=\"widget\" data-widget_type=\"text-editor.default\">\n\t\t\t\t<div class=\"elementor-widget-container\">\n\t\t\t\t\t\t\t\t\t<h4>Le Mur Des Je T\u2019aime<\/h4><p>O Mur dos Amo-te, obra imaginada por Fr\u00e9d\u00e9ric Baron e Claire Kito, \u00e9 um lugar imperd\u00edvel para os apaixonados do mundo inteiro se encontrarem em Paris, capital do romantismo. Nesta parede est\u00e3o escritas 311 \u00abAmo-te\u00bb em 250 l\u00ednguas.<\/p><p>Square des Abbesses,\u00a0<span style=\"color: var( --e-global-color-secondary );\">57018 Paris<\/span><\/p>\t\t\t\t\t\t\t\t<\/div>\n\t\t\t\t<\/div>\n\t\t\t\t\t<\/div>\n\t\t<\/div>\n\t\t\t\t\t<\/div>\n\t\t<\/section>\n\t\t\t\t<section class=\"elementor-section elementor-top-section elementor-element elementor-element-8d7ce62 elementor-section-boxed elementor-section-height-default elementor-section-height-default\" data-id=\"8d7ce62\" data-element_type=\"section\">\n\t\t\t\t\t\t<div class=\"elementor-container elementor-column-gap-default\">\n\t\t\t\t\t<div class=\"elementor-column elementor-col-100 elementor-top-column elementor-element elementor-element-ddc9f8d\" data-id=\"ddc9f8d\" data-element_type=\"column\" data-settings=\"{&quot;background_background&quot;:&quot;classic&quot;}\">\n\t\t\t<div class=\"elementor-widget-wrap elementor-element-populated\">\n\t\t\t\t\t<div class=\"elementor-background-overlay\"><\/div>\n\t\t\t\t\t\t<div class=\"elementor-element elementor-element-3df4b2d elementor-widget elementor-widget-text-editor\" data-id=\"3df4b2d\" data-element_type=\"widget\" data-widget_type=\"text-editor.default\">\n\t\t\t\t<div class=\"elementor-widget-container\">\n\t\t\t\t\t\t\t\t\t<h4>La Place Du Tertre<\/h4><p>A Place du Tertre \u00e9 um lugar muito tur\u00edstico, lembrando a \u00e9poca em que Montmartre era o centro da arte moderna. Picasso vivia l\u00e1! Todos os dias, artistas est\u00e3o l\u00e1 para fazer o retrato em forma de caricatura. Da\u00ed a sensa\u00e7\u00e3o de caminhar em uma pequena aldeia no campo.<\/p><p>Place du Tertre, 75018 Paris<\/p>\t\t\t\t\t\t\t\t<\/div>\n\t\t\t\t<\/div>\n\t\t\t\t\t<\/div>\n\t\t<\/div>\n\t\t\t\t\t<\/div>\n\t\t<\/section>\n\t\t\t\t<section class=\"elementor-section elementor-top-section elementor-element elementor-element-1b15ebc elementor-section-boxed elementor-section-height-default elementor-section-height-default\" data-id=\"1b15ebc\" data-element_type=\"section\">\n\t\t\t\t\t\t<div class=\"elementor-container elementor-column-gap-default\">\n\t\t\t\t\t<div class=\"elementor-column elementor-col-100 elementor-top-column elementor-element elementor-element-17e8759\" data-id=\"17e8759\" data-element_type=\"column\" data-settings=\"{&quot;background_background&quot;:&quot;classic&quot;}\">\n\t\t\t<div class=\"elementor-widget-wrap elementor-element-populated\">\n\t\t\t\t\t\t<div class=\"elementor-element elementor-element-a7a7895 elementor-widget elementor-widget-text-editor\" data-id=\"a7a7895\" data-element_type=\"widget\" data-widget_type=\"text-editor.default\">\n\t\t\t\t<div class=\"elementor-widget-container\">\n\t\t\t\t\t\t\t\t\t<h4>O Parque de Monceau<\/h4><div>Aberto de segunda a domingo, das 7h \u00e0s 20h<\/div><div>\u00a0<\/div><p>O Parc Monceau est\u00e1 cheio de cen\u00e1rios incomuns. Pir\u00e2mides, est\u00e1tuas de artistas ou colunas antigas fundem-se na vegeta\u00e7\u00e3o deste jardim rom\u00e2ntico. Uma cena do filme \u00abParis te amo\u00bb foi filmada l\u00e1.<\/p><p>35 boulevard de Courcelles, 75008 Paris<\/p><p>+33 (0) 1 42 27 39 56<\/p>\t\t\t\t\t\t\t\t<\/div>\n\t\t\t\t<\/div>\n\t\t\t\t\t<\/div>\n\t\t<\/div>\n\t\t\t\t\t<\/div>\n\t\t<\/section>\n\t\t\t\t<section class=\"elementor-section elementor-top-section elementor-element elementor-element-e8d450a elementor-section-boxed elementor-section-height-default elementor-section-height-default\" data-id=\"e8d450a\" data-element_type=\"section\">\n\t\t\t\t\t\t<div class=\"elementor-container elementor-column-gap-default\">\n\t\t\t\t\t<div class=\"elementor-column elementor-col-100 elementor-top-column elementor-element elementor-element-0b4545f\" data-id=\"0b4545f\" data-element_type=\"column\" data-settings=\"{&quot;background_background&quot;:&quot;classic&quot;}\">\n\t\t\t<div class=\"elementor-widget-wrap elementor-element-populated\">\n\t\t\t\t\t<div class=\"elementor-background-overlay\"><\/div>\n\t\t\t\t\t\t<div class=\"elementor-element elementor-element-102e43e elementor-widget elementor-widget-text-editor\" data-id=\"102e43e\" data-element_type=\"widget\" data-widget_type=\"text-editor.default\">\n\t\t\t\t<div class=\"elementor-widget-container\">\n\t\t\t\t\t\t\t\t\t<h4>O Cemit\u00e9rio de Montmartre<\/h4><div>Aberto de segunda a sexta-feira das 8h \u00e0s 18h, s\u00e1bado das 8h30 \u00e0s 18h e domingo das 9h \u00e0s 18h<\/div><div>\u00a0<\/div><p>O Cemit\u00e9rio Montmartre \u00e9 um dos cemit\u00e9rios mais rom\u00e2nticos da capital, onde reside um grande n\u00famero de celebridades do mundo do espet\u00e1culo que, na sua maioria, habitavam o bairro da colina Montmartre. Sacha Guitry, Dalida, Fran\u00e7ois Truffaut, Offenbach e muitos outros dormem tranquilamente.<\/p><p>20 avenue Rachel, 75018 Paris<\/p><p>+33 (0) 1 53 42 36 30<\/p>\t\t\t\t\t\t\t\t<\/div>\n\t\t\t\t<\/div>\n\t\t\t\t\t<\/div>\n\t\t<\/div>\n\t\t\t\t\t<\/div>\n\t\t<\/section>\n\t\t\t\t<section class=\"elementor-section elementor-top-section elementor-element elementor-element-0cd6a28 elementor-section-boxed elementor-section-height-default elementor-section-height-default\" data-id=\"0cd6a28\" data-element_type=\"section\">\n\t\t\t\t\t\t<div class=\"elementor-container elementor-column-gap-default\">\n\t\t\t\t\t<div class=\"elementor-column elementor-col-100 elementor-top-column elementor-element elementor-element-2ed716f\" data-id=\"2ed716f\" data-element_type=\"column\" data-settings=\"{&quot;background_background&quot;:&quot;classic&quot;}\">\n\t\t\t<div class=\"elementor-widget-wrap elementor-element-populated\">\n\t\t\t\t\t\t<div class=\"elementor-element elementor-element-98d3017 elementor-widget elementor-widget-text-editor\" data-id=\"98d3017\" data-element_type=\"widget\" data-widget_type=\"text-editor.default\">\n\t\t\t\t<div class=\"elementor-widget-container\">\n\t\t\t\t\t\t\t\t\t<h4>4 Roues Sous 1 Parapluie<\/h4><p>Suba a bordo do lend\u00e1rio Citro\u00ebn 2CV e viva um passeio comentado pelo seu motorista para descobrir Paris de outra forma!<\/p><p><a style=\"background-color: #eeeeee;\" href=\"http:\/\/www.4roues-sous-1parapluie.com\" target=\"_blank\" rel=\"noopener\">www.4roues-sous-1parapluie.com<\/a><\/p>\t\t\t\t\t\t\t\t<\/div>\n\t\t\t\t<\/div>\n\t\t\t\t\t<\/div>\n\t\t<\/div>\n\t\t\t\t\t<\/div>\n\t\t<\/section>\n\t\t\t\t<section class=\"elementor-section elementor-top-section elementor-element elementor-element-5382958 elementor-section-boxed elementor-section-height-default elementor-section-height-default\" data-id=\"5382958\" data-element_type=\"section\">\n\t\t\t\t\t\t<div class=\"elementor-container elementor-column-gap-default\">\n\t\t\t\t\t<div class=\"elementor-column elementor-col-100 elementor-top-column elementor-element elementor-element-cd9d592\" data-id=\"cd9d592\" data-element_type=\"column\" data-settings=\"{&quot;background_background&quot;:&quot;classic&quot;}\">\n\t\t\t<div class=\"elementor-widget-wrap elementor-element-populated\">\n\t\t\t\t\t<div class=\"elementor-background-overlay\"><\/div>\n\t\t\t\t\t\t<div class=\"elementor-element elementor-element-f676f0d elementor-widget elementor-widget-text-editor\" data-id=\"f676f0d\" data-element_type=\"widget\" data-widget_type=\"text-editor.default\">\n\t\t\t\t<div class=\"elementor-widget-container\">\n\t\t\t\t\t\t\t\t\t<h4>Paris Tuktuk<\/h4><p>O metro n\u00e3o o inspira? Os t\u00e1xis n\u00e3o est\u00e3o dispon\u00edveis? Seja original e opte por um passeio de tuktuk! Tudo existe em Paris! A sua carruagem pode at\u00e9 mesmo busc\u00e1-lo ao hotel e lev\u00e1-lo onde quiser! Uma forma verdadeiramente original de visitar a capital. A f\u00f3rmula \u00abVery Good Trip\u00bb prop\u00f5e mesmo uma visita que inclui uma garrafa de champanhe fresco!<\/p><p>+33 (0) 6 27 72 73 92<\/p><p><a href=\"http:\/\/www.paris-tuktuk.fr\" target=\"_blank\" rel=\"noopener\">www.paris-tuktuk.fr<\/a><\/p>\t\t\t\t\t\t\t\t<\/div>\n\t\t\t\t<\/div>\n\t\t\t\t\t<\/div>\n\t\t<\/div>\n\t\t\t\t\t<\/div>\n\t\t<\/section>\n\t\t\t\t<section class=\"elementor-section elementor-top-section elementor-element elementor-element-1fb39b1 elementor-section-boxed elementor-section-height-default elementor-section-height-default\" data-id=\"1fb39b1\" data-element_type=\"section\">\n\t\t\t\t\t\t<div class=\"elementor-container elementor-column-gap-default\">\n\t\t\t\t\t<div class=\"elementor-column elementor-col-100 elementor-top-column elementor-element elementor-element-2523d14\" data-id=\"2523d14\" data-element_type=\"column\" data-settings=\"{&quot;background_background&quot;:&quot;classic&quot;}\">\n\t\t\t<div class=\"elementor-widget-wrap elementor-element-populated\">\n\t\t\t\t\t\t<div class=\"elementor-element elementor-element-3f2bbc0 elementor-widget elementor-widget-text-editor\" data-id=\"3f2bbc0\" data-element_type=\"widget\" data-widget_type=\"text-editor.default\">\n\t\t\t\t<div class=\"elementor-widget-container\">\n\t\t\t\t\t\t\t\t\t<h4>Passeio De Barco<\/h4><div>Aberto no ver\u00e3o<\/div><div>\u00a0<\/div><p>O que poderia ser mais rom\u00e2ntico do que um passeio pela \u00e1gua? O Marinheiro de \u00e1gua doce oferece para alugar barcos el\u00e9tricos e sem licen\u00e7a por hora ou dia. Desfrute de um passeio pelo Canal Saint Martin, o Canal de l&#8217;Ourcq e o Bassin de la Villette!<\/p><p><a style=\"background-color: #eeeeee;\" href=\"http:\/\/www.marindeaudouce.fr\" target=\"_blank\" rel=\"noopener\">www.marindeaudouce.fr<\/a><\/p>\t\t\t\t\t\t\t\t<\/div>\n\t\t\t\t<\/div>\n\t\t\t\t\t<\/div>\n\t\t<\/div>\n\t\t\t\t\t<\/div>\n\t\t<\/section>\n\t\t\t\t<section class=\"elementor-section elementor-top-section elementor-element elementor-element-baf9aa9 elementor-section-boxed elementor-section-height-default elementor-section-height-default\" data-id=\"baf9aa9\" data-element_type=\"section\">\n\t\t\t\t\t\t<div class=\"elementor-container elementor-column-gap-default\">\n\t\t\t\t\t<div class=\"elementor-column elementor-col-100 elementor-top-column elementor-element elementor-element-bc3a81b\" data-id=\"bc3a81b\" data-element_type=\"column\">\n\t\t\t<div class=\"elementor-widget-wrap elementor-element-populated\">\n\t\t\t\t\t\t<div class=\"elementor-element elementor-element-355e697 elementor-widget-divider--view-line_text elementor-widget-divider--element-align-center elementor-widget elementor-widget-divider\" data-id=\"355e697\" data-element_type=\"widget\" data-widget_type=\"divider.default\">\n\t\t\t\t<div class=\"elementor-widget-container\">\n\t\t\t\t\t\t\t<div class=\"elementor-divider\">\n\t\t\t<span class=\"elementor-divider-separator\">\n\t\t\t\t\t\t\t<h3 class=\"elementor-divider__text elementor-divider__element\">\n\t\t\t\tMONUMENTOS\t\t\t\t<\/h3>\n\t\t\t\t\t\t<\/span>\n\t\t<\/div>\n\t\t\t\t\t\t<\/div>\n\t\t\t\t<\/div>\n\t\t\t\t\t<\/div>\n\t\t<\/div>\n\t\t\t\t\t<\/div>\n\t\t<\/section>\n\t\t\t\t<section class=\"elementor-section elementor-top-section elementor-element elementor-element-c07b4d4 elementor-section-boxed elementor-section-height-default elementor-section-height-default\" data-id=\"c07b4d4\" data-element_type=\"section\">\n\t\t\t\t\t\t<div class=\"elementor-container elementor-column-gap-default\">\n\t\t\t\t\t<div class=\"elementor-column elementor-col-100 elementor-top-column elementor-element elementor-element-8c5e79d\" data-id=\"8c5e79d\" data-element_type=\"column\" data-settings=\"{&quot;background_background&quot;:&quot;classic&quot;}\">\n\t\t\t<div class=\"elementor-widget-wrap elementor-element-populated\">\n\t\t\t\t\t<div class=\"elementor-background-overlay\"><\/div>\n\t\t\t\t\t\t<div class=\"elementor-element elementor-element-e8b1594 elementor-widget elementor-widget-text-editor\" data-id=\"e8b1594\" data-element_type=\"widget\" data-widget_type=\"text-editor.default\">\n\t\t\t\t<div class=\"elementor-widget-container\">\n\t\t\t\t\t\t\t\t\t<h4>Bas\u00edlica do Sacr\u00e9-C\u0153ur<\/h4><div>Aberto de segunda a domingo, das 6h30 \u00e0s 22h30<\/div><div>\u00a0<\/div><p>Situada no topo da colina Montmartre, a Bas\u00edlica do Sagrado Cora\u00e7\u00e3o \u00e9 um monumento emblem\u00e1tico de Paris, oferecendo uma das mais belas vistas panor\u00e2micas da capital, a 130 metros acima do n\u00edvel do mar.<\/p><p>35 rue du Chevalier de la Barre, 75018 Paris<\/p>\t\t\t\t\t\t\t\t<\/div>\n\t\t\t\t<\/div>\n\t\t\t\t\t<\/div>\n\t\t<\/div>\n\t\t\t\t\t<\/div>\n\t\t<\/section>\n\t\t\t\t<section class=\"elementor-section elementor-top-section elementor-element elementor-element-9794d01 elementor-section-boxed elementor-section-height-default elementor-section-height-default\" data-id=\"9794d01\" data-element_type=\"section\">\n\t\t\t\t\t\t<div class=\"elementor-container elementor-column-gap-default\">\n\t\t\t\t\t<div class=\"elementor-column elementor-col-100 elementor-top-column elementor-element elementor-element-c58acf9\" data-id=\"c58acf9\" data-element_type=\"column\" data-settings=\"{&quot;background_background&quot;:&quot;classic&quot;}\">\n\t\t\t<div class=\"elementor-widget-wrap elementor-element-populated\">\n\t\t\t\t\t\t<div class=\"elementor-element elementor-element-9bbab39 elementor-widget elementor-widget-text-editor\" data-id=\"9bbab39\" data-element_type=\"widget\" data-widget_type=\"text-editor.default\">\n\t\t\t\t<div class=\"elementor-widget-container\">\n\t\t\t\t\t\t\t\t\t<h4>O Moinho de la Galette<\/h4><p>O Moulin de la Galette \u00e9 o \u00fanico moinho de vento em estado de marcha da Butte Montmartre. Foi uma vez uma famosa guinguette. Atualmente integrado no terreno de uma resid\u00eancia privada, j\u00e0 nao \u00e9 acess\u00edvel ao p\u00fablico.<\/p><p>75 rue Lepic, 75018 Paris<\/p>\t\t\t\t\t\t\t\t<\/div>\n\t\t\t\t<\/div>\n\t\t\t\t\t<\/div>\n\t\t<\/div>\n\t\t\t\t\t<\/div>\n\t\t<\/section>\n\t\t\t\t<section class=\"elementor-section elementor-top-section elementor-element elementor-element-cd8eaf9 elementor-section-boxed elementor-section-height-default elementor-section-height-default\" data-id=\"cd8eaf9\" data-element_type=\"section\">\n\t\t\t\t\t\t<div class=\"elementor-container elementor-column-gap-default\">\n\t\t\t\t\t<div class=\"elementor-column elementor-col-100 elementor-top-column elementor-element elementor-element-d0d274f\" data-id=\"d0d274f\" data-element_type=\"column\" data-settings=\"{&quot;background_background&quot;:&quot;classic&quot;}\">\n\t\t\t<div class=\"elementor-widget-wrap elementor-element-populated\">\n\t\t\t\t\t<div class=\"elementor-background-overlay\"><\/div>\n\t\t\t\t\t\t<div class=\"elementor-element elementor-element-28308e6 elementor-widget elementor-widget-text-editor\" data-id=\"28308e6\" data-element_type=\"widget\" data-widget_type=\"text-editor.default\">\n\t\t\t\t<div class=\"elementor-widget-container\">\n\t\t\t\t\t\t\t\t\t<h4>L\u2019Op\u00e9ra Garnier<\/h4><div>Aberto aos visitantes de segunda a domingo, das 10h \u00e0s 17h<\/div><div>\u00a0<\/div><p>A \u00d3pera Garnier, famosa em todo o mundo, deve ser visitada uma vez na vida. Descubra sua atmosfera sumptuosa e sua sala de audit\u00f3rio mergulhada num ambiente vermelho veludo, com vista para um enorme lustre pintado por Chagall. Se quiser assistir a um evento (\u00f3pera, ballet, recital ou concerto), ter\u00e1 de reservar os seus lugares com bastante anteced\u00eancia. A pontualidade \u00e9 necess\u00e1ria e qualquer atraso ser\u00e1 recusado e s\u00f3 poder\u00e1 entrar no intervalo.<\/p><p>8 rue Scribe, 75009 Paris<\/p><p>+33 (0) 1 71 25 24 23<\/p><p><a href=\"http:\/\/www.operadeparis.fr\" target=\"_blank\" rel=\"noopener\">www.operadeparis.fr<\/a><\/p>\t\t\t\t\t\t\t\t<\/div>\n\t\t\t\t<\/div>\n\t\t\t\t\t<\/div>\n\t\t<\/div>\n\t\t\t\t\t<\/div>\n\t\t<\/section>\n\t\t\t\t<section class=\"elementor-section elementor-top-section elementor-element elementor-element-f1d5db7 elementor-section-boxed elementor-section-height-default elementor-section-height-default\" data-id=\"f1d5db7\" data-element_type=\"section\">\n\t\t\t\t\t\t<div class=\"elementor-container elementor-column-gap-default\">\n\t\t\t\t\t<div class=\"elementor-column elementor-col-100 elementor-top-column elementor-element elementor-element-845f7b8\" data-id=\"845f7b8\" data-element_type=\"column\" data-settings=\"{&quot;background_background&quot;:&quot;classic&quot;}\">\n\t\t\t<div class=\"elementor-widget-wrap elementor-element-populated\">\n\t\t\t\t\t\t<div class=\"elementor-element elementor-element-bf3e6f9 elementor-widget elementor-widget-text-editor\" data-id=\"bf3e6f9\" data-element_type=\"widget\" data-widget_type=\"text-editor.default\">\n\t\t\t\t<div class=\"elementor-widget-container\">\n\t\t\t\t\t\t\t\t\t<h4>Igreja Da Sant\u00edssima Trindade<\/h4><div>Aberto de segunda a sexta-feira das 7h30 \u00e0s 19h45, s\u00e1bado das 10h \u00e0s 19h45 e domingo das 10h \u00e0s 20h<\/div><div>\u00a0<\/div><p>A Igreja da Sant\u00edssima Trindade \u00e9 uma igreja cat\u00f3lica constru\u00edda entre 1861 e 1867. Uma das mais bonitas igrejas de Paris. D\u00ea uma olhada e acenda uma vela para aqueles que voc\u00ea ama&#8230; !<\/p><p>Place d\u2019Estienne d\u2019Orves, 75009 Paris<\/p>\t\t\t\t\t\t\t\t<\/div>\n\t\t\t\t<\/div>\n\t\t\t\t\t<\/div>\n\t\t<\/div>\n\t\t\t\t\t<\/div>\n\t\t<\/section>\n\t\t\t\t<section class=\"elementor-section elementor-top-section elementor-element elementor-element-5a47c13 elementor-section-boxed elementor-section-height-default elementor-section-height-default\" data-id=\"5a47c13\" data-element_type=\"section\">\n\t\t\t\t\t\t<div class=\"elementor-container elementor-column-gap-default\">\n\t\t\t\t\t<div class=\"elementor-column elementor-col-100 elementor-top-column elementor-element elementor-element-263676e\" data-id=\"263676e\" data-element_type=\"column\" data-settings=\"{&quot;background_background&quot;:&quot;classic&quot;}\">\n\t\t\t<div class=\"elementor-widget-wrap elementor-element-populated\">\n\t\t\t\t\t<div class=\"elementor-background-overlay\"><\/div>\n\t\t\t\t\t\t<div class=\"elementor-element elementor-element-40d9247 elementor-widget elementor-widget-text-editor\" data-id=\"40d9247\" data-element_type=\"widget\" data-widget_type=\"text-editor.default\">\n\t\t\t\t<div class=\"elementor-widget-container\">\n\t\t\t\t\t\t\t\t\t<h4>La Madeleine<\/h4><p>La Madeleine \u00e9 um bairro e uma igreja, cuja arquitetura pode fazer pensar num templo grego ou romano. O interior deste edif\u00edcio monumental \u00e9 igualmente espetacular. As paredes s\u00e3o decoradas com incr\u00edveis obras de arte. Muitos eventos musicais s\u00e3o oferecidos. Esque\u00e7a o tempo e aproveite o momento!Oubliez le temps qui passe et profitez du moment pr\u00e9sent !<\/p><p>Place de la Madeleine, 75008 Paris<\/p><p><a href=\"http:\/\/www.eglise-lamadeleine.com\" target=\"_blank\" rel=\"noopener\">www.eglise-lamadeleine.com<\/a><\/p>\t\t\t\t\t\t\t\t<\/div>\n\t\t\t\t<\/div>\n\t\t\t\t\t<\/div>\n\t\t<\/div>\n\t\t\t\t\t<\/div>\n\t\t<\/section>\n\t\t\t\t<section class=\"elementor-section elementor-top-section elementor-element elementor-element-07314a9 elementor-section-boxed elementor-section-height-default elementor-section-height-default\" data-id=\"07314a9\" data-element_type=\"section\">\n\t\t\t\t\t\t<div class=\"elementor-container elementor-column-gap-default\">\n\t\t\t\t\t<div class=\"elementor-column elementor-col-100 elementor-top-column elementor-element elementor-element-ca4789b\" data-id=\"ca4789b\" data-element_type=\"column\">\n\t\t\t<div class=\"elementor-widget-wrap elementor-element-populated\">\n\t\t\t\t\t\t<div class=\"elementor-element elementor-element-a3cb9ad elementor-widget-divider--view-line_text elementor-widget-divider--element-align-center elementor-widget elementor-widget-divider\" data-id=\"a3cb9ad\" data-element_type=\"widget\" data-widget_type=\"divider.default\">\n\t\t\t\t<div class=\"elementor-widget-container\">\n\t\t\t\t\t\t\t<div class=\"elementor-divider\">\n\t\t\t<span class=\"elementor-divider-separator\">\n\t\t\t\t\t\t\t<h3 class=\"elementor-divider__text elementor-divider__element\">\n\t\t\t\tMUSEUS\t\t\t\t<\/h3>\n\t\t\t\t\t\t<\/span>\n\t\t<\/div>\n\t\t\t\t\t\t<\/div>\n\t\t\t\t<\/div>\n\t\t\t\t\t<\/div>\n\t\t<\/div>\n\t\t\t\t\t<\/div>\n\t\t<\/section>\n\t\t\t\t<section class=\"elementor-section elementor-top-section elementor-element elementor-element-26574dc elementor-section-boxed elementor-section-height-default elementor-section-height-default\" data-id=\"26574dc\" data-element_type=\"section\">\n\t\t\t\t\t\t<div class=\"elementor-container elementor-column-gap-default\">\n\t\t\t\t\t<div class=\"elementor-column elementor-col-100 elementor-top-column elementor-element elementor-element-723d4ed\" data-id=\"723d4ed\" data-element_type=\"column\" data-settings=\"{&quot;background_background&quot;:&quot;classic&quot;}\">\n\t\t\t<div class=\"elementor-widget-wrap elementor-element-populated\">\n\t\t\t\t\t\t<div class=\"elementor-element elementor-element-b057d7c elementor-widget elementor-widget-text-editor\" data-id=\"b057d7c\" data-element_type=\"widget\" data-widget_type=\"text-editor.default\">\n\t\t\t\t<div class=\"elementor-widget-container\">\n\t\t\t\t\t\t\t\t\t<h4>Museu Da Vida Rom\u00e2ntica<\/h4><div><p>Aberto de ter\u00e7a a domingo das 10h \u00e0s 18h, encerra em determinados feriados<\/p><\/div><p>Abrigado numa charmosa mans\u00e3o que foi propriedade do pintor Ary Scheffer, este museu apresenta cole\u00e7\u00f5es de lembran\u00e7as e objetos de arte que lembram duas grandes figuras do s\u00e9culo XIX: o pr\u00f3prio Ary Scheffer e o escritor George Sand. O pavilh\u00e3o principal \u00e9 dedicado ao universo quotidiano de George Sand e, do outro lado do p\u00e1tio, encontra-se o atelier de Ary Scheffer onde trabalhou de 1830 a 1858. Encontramos assim neste museu o ambiente de vida e de trabalho dos rom\u00e2nticos, que exposi\u00e7\u00f5es tempor\u00e1rias v\u00eam regularmente enriquecer. Nos jardins, a cafetaria Le Jardin de Varenne permite um momento de relaxamento muito agrad\u00e1vel em dias de sol.<\/p><p>Pre\u00e7o: tarifa completa 3.30 &#8211; 9 \u20ac (exposi\u00e7\u00f5es tempor\u00e1rias) &#8211; entrada gratuita (cole\u00e7\u00f5es permanentes)<\/p><p>16 rue Chaptal, 75009 Paris<\/p><p><a href=\"http:\/\/www.vie-romantique.paris.fr\" target=\"_blank\" rel=\"noopener\">www.vie-romantique.paris.f<\/a>r<\/p>\t\t\t\t\t\t\t\t<\/div>\n\t\t\t\t<\/div>\n\t\t\t\t\t<\/div>\n\t\t<\/div>\n\t\t\t\t\t<\/div>\n\t\t<\/section>\n\t\t\t\t<section class=\"elementor-section elementor-top-section elementor-element elementor-element-8fd81b9 elementor-section-boxed elementor-section-height-default elementor-section-height-default\" data-id=\"8fd81b9\" data-element_type=\"section\">\n\t\t\t\t\t\t<div class=\"elementor-container elementor-column-gap-default\">\n\t\t\t\t\t<div class=\"elementor-column elementor-col-100 elementor-top-column elementor-element elementor-element-7c65466\" data-id=\"7c65466\" data-element_type=\"column\" data-settings=\"{&quot;background_background&quot;:&quot;classic&quot;}\">\n\t\t\t<div class=\"elementor-widget-wrap elementor-element-populated\">\n\t\t\t\t\t<div class=\"elementor-background-overlay\"><\/div>\n\t\t\t\t\t\t<div class=\"elementor-element elementor-element-5872955 elementor-widget elementor-widget-text-editor\" data-id=\"5872955\" data-element_type=\"widget\" data-widget_type=\"text-editor.default\">\n\t\t\t\t<div class=\"elementor-widget-container\">\n\t\t\t\t\t\t\t\t\t<h4>Museu Do Perfume Fragonard<\/h4><div><p>Aberto de segunda a s\u00e1bado das 9h \u00e0s 17h30<\/p><\/div><p>Constru\u00eddo em tr\u00eas n\u00edveis e instalado recentemente neste endere\u00e7o em um belo edif\u00edcio no final do s\u00e9culo XIX, este museu abriga 3.000 anos de hist\u00f3ria da perfumaria, da antiguidade aos dias de hoje. Um momento agrad\u00e1vel para a vista e olfato&#8230;<\/p><p>3-5 square de l\u2019Op\u00e9ra Louis-Jouvet, 75009 Paris<\/p><p>+33 (0) 1 40 06 10 09<\/p><p><a href=\"http:\/\/www.nouveaumuseefragonard.com\" target=\"_blank\" rel=\"noopener\">www.nouveaumuseefragonard.com<\/a><\/p>\t\t\t\t\t\t\t\t<\/div>\n\t\t\t\t<\/div>\n\t\t\t\t\t<\/div>\n\t\t<\/div>\n\t\t\t\t\t<\/div>\n\t\t<\/section>\n\t\t\t\t<section class=\"elementor-section elementor-top-section elementor-element elementor-element-f5bd9d2 elementor-section-boxed elementor-section-height-default elementor-section-height-default\" data-id=\"f5bd9d2\" data-element_type=\"section\">\n\t\t\t\t\t\t<div class=\"elementor-container elementor-column-gap-default\">\n\t\t\t\t\t<div class=\"elementor-column elementor-col-100 elementor-top-column elementor-element elementor-element-a55cf81\" data-id=\"a55cf81\" data-element_type=\"column\" data-settings=\"{&quot;background_background&quot;:&quot;classic&quot;}\">\n\t\t\t<div class=\"elementor-widget-wrap elementor-element-populated\">\n\t\t\t\t\t\t<div class=\"elementor-element elementor-element-a3fc93e elementor-widget elementor-widget-text-editor\" data-id=\"a3fc93e\" data-element_type=\"widget\" data-widget_type=\"text-editor.default\">\n\t\t\t\t<div class=\"elementor-widget-container\">\n\t\t\t\t\t\t\t\t\t<h4>Museu Gustave Moreau<\/h4><p>Aberto \u00e0s segundas-feiras: das 10h \u00e0s 12h30 e de quarta a domingo das 14h \u00e0s 17h<\/p><p>O pintor Gustave Moreau (1826-1898), famoso pelos seus temas aleg\u00f3ricos e mitol\u00f3gicos -Moreau era um mestre do simbolismo-, tinha mandado ampliar a sua casa, situada no cora\u00e7\u00e3o da Nova Atenas, para a dotar de grandes ateliers, mantendo no apartamento do 1\u00ba andar o seu car\u00e1cter \u00edntimo. Legado ao Estado, juntamente com as cole\u00e7\u00f5es do artista, o conjunto tornou-se um museu em 1902.<\/p><p>Nota: como em todos os museus nacionais, o acesso \u00e9 gratuito no primeiro domingo de cada m\u00eas.<\/p><p>Pre\u00e7o: Tarifa completa 5 \u20ac &#8211; Tarifa Jovem (-26 anos) 3 \u20ac<\/p><p>14 rue de la Rochefoucauld, 75009 Paris<\/p><p>+33 (0) 1 48 74 38 50<\/p><p><a href=\"http:\/\/www.musee-moreau.fr\" target=\"_blank\" rel=\"noopener\">www.musee-moreau.fr<\/a><\/p>\t\t\t\t\t\t\t\t<\/div>\n\t\t\t\t<\/div>\n\t\t\t\t\t<\/div>\n\t\t<\/div>\n\t\t\t\t\t<\/div>\n\t\t<\/section>\n\t\t\t\t<section class=\"elementor-section elementor-top-section elementor-element elementor-element-1e28397 elementor-section-boxed elementor-section-height-default elementor-section-height-default\" data-id=\"1e28397\" data-element_type=\"section\">\n\t\t\t\t\t\t<div class=\"elementor-container elementor-column-gap-default\">\n\t\t\t\t\t<div class=\"elementor-column elementor-col-100 elementor-top-column elementor-element elementor-element-4a87778\" data-id=\"4a87778\" data-element_type=\"column\" data-settings=\"{&quot;background_background&quot;:&quot;classic&quot;}\">\n\t\t\t<div class=\"elementor-widget-wrap elementor-element-populated\">\n\t\t\t\t\t<div class=\"elementor-background-overlay\"><\/div>\n\t\t\t\t\t\t<div class=\"elementor-element elementor-element-c0afb32 elementor-widget elementor-widget-text-editor\" data-id=\"c0afb32\" data-element_type=\"widget\" data-widget_type=\"text-editor.default\">\n\t\t\t\t<div class=\"elementor-widget-container\">\n\t\t\t\t\t\t\t\t\t<h4>Museu Gr\u00e9vin<\/h4><div><p>Aberto de segunda a quarta-feira das 10h \u00e0s 18h30, quinta e sexta-feira das 8h30 \u00e0s 20h, s\u00e1bado e domingo das 9h \u00e0s 19h<\/p><\/div><p>Este museu foi criado por iniciativa de Arthur Meyer em 1882, quase 50 anos depois do Tussaud Museum de Londres, inaugurado por uma estraburguesa casada com um ingl\u00eas. Este tipo de museu respondia a uma verdadeira necessidade do p\u00fablico que desejava poder identificar as personagens da actualidade, numa \u00e9poca em que a fotografia ainda n\u00e3o era utilizada na imprensa. Alfred Gr\u00e9vin, desenhista humor\u00edstico, criador de trajes de teatro e escultor, parecia a pessoa ideal para dar corpo \u00e0s personagens.<\/p><p>Tarifa para adultos: 24,50\u20ac, crian\u00e7a 17,50\u20ac<\/p><p>+33 (0) 1 47 70 85 05<\/p><p><a href=\"http:\/\/www.grevin-paris.com\" target=\"_blank\" rel=\"noopener\">www.grevin-paris.com<\/a><\/p>\t\t\t\t\t\t\t\t<\/div>\n\t\t\t\t<\/div>\n\t\t\t\t\t<\/div>\n\t\t<\/div>\n\t\t\t\t\t<\/div>\n\t\t<\/section>\n\t\t\t\t<section class=\"elementor-section elementor-top-section elementor-element elementor-element-9145047 elementor-section-boxed elementor-section-height-default elementor-section-height-default\" data-id=\"9145047\" data-element_type=\"section\">\n\t\t\t\t\t\t<div class=\"elementor-container elementor-column-gap-default\">\n\t\t\t\t\t<div class=\"elementor-column elementor-col-100 elementor-top-column elementor-element elementor-element-021ae07\" data-id=\"021ae07\" data-element_type=\"column\" data-settings=\"{&quot;background_background&quot;:&quot;classic&quot;}\">\n\t\t\t<div class=\"elementor-widget-wrap elementor-element-populated\">\n\t\t\t\t\t\t<div class=\"elementor-element elementor-element-6003a02 elementor-widget elementor-widget-text-editor\" data-id=\"6003a02\" data-element_type=\"widget\" data-widget_type=\"text-editor.default\">\n\t\t\t\t<div class=\"elementor-widget-container\">\n\t\t\t\t\t\t\t\t\t<h4>Le Bal<\/h4><p>Le Bal \u00e9 um local de exposi\u00e7\u00e3o ligado \u00e0 imagem documental. Uma programa\u00e7\u00e3o cultural contempor\u00e2nea, rica e variada.<\/p><p>6, impasse de la D\u00e9fense, 75018 Paris<!--<br \/-->\u00a0<\/p><p><span style=\"color: var( --e-global-color-secondary );\">+33 (0) 1 44 70 75 50<\/span><\/p><p><a href=\"http:\/\/www.le-bal.fr\" target=\"_blank\" rel=\"noopener\">www.le-bal.fr<\/a><\/p>\t\t\t\t\t\t\t\t<\/div>\n\t\t\t\t<\/div>\n\t\t\t\t\t<\/div>\n\t\t<\/div>\n\t\t\t\t\t<\/div>\n\t\t<\/section>\n\t\t\t\t<section class=\"elementor-section elementor-top-section elementor-element elementor-element-3a1940b elementor-section-boxed elementor-section-height-default elementor-section-height-default\" data-id=\"3a1940b\" data-element_type=\"section\">\n\t\t\t\t\t\t<div class=\"elementor-container elementor-column-gap-default\">\n\t\t\t\t\t<div class=\"elementor-column elementor-col-100 elementor-top-column elementor-element elementor-element-b6cbd14\" data-id=\"b6cbd14\" data-element_type=\"column\">\n\t\t\t<div class=\"elementor-widget-wrap elementor-element-populated\">\n\t\t\t\t\t\t<div class=\"elementor-element elementor-element-59c145a elementor-widget-divider--view-line_text elementor-widget-divider--element-align-center elementor-widget elementor-widget-divider\" data-id=\"59c145a\" data-element_type=\"widget\" data-widget_type=\"divider.default\">\n\t\t\t\t<div class=\"elementor-widget-container\">\n\t\t\t\t\t\t\t<div class=\"elementor-divider\">\n\t\t\t<span class=\"elementor-divider-separator\">\n\t\t\t\t\t\t\t<h2 class=\"elementor-divider__text elementor-divider__element\">\n\t\t\t\tGALERIAS DE ARTE\t\t\t\t<\/h2>\n\t\t\t\t\t\t<\/span>\n\t\t<\/div>\n\t\t\t\t\t\t<\/div>\n\t\t\t\t<\/div>\n\t\t\t\t\t<\/div>\n\t\t<\/div>\n\t\t\t\t\t<\/div>\n\t\t<\/section>\n\t\t\t\t<section class=\"elementor-section elementor-top-section elementor-element elementor-element-9e78d34 elementor-section-boxed elementor-section-height-default elementor-section-height-default\" data-id=\"9e78d34\" data-element_type=\"section\">\n\t\t\t\t\t\t<div class=\"elementor-container elementor-column-gap-default\">\n\t\t\t\t\t<div class=\"elementor-column elementor-col-100 elementor-top-column elementor-element elementor-element-6d366ff\" data-id=\"6d366ff\" data-element_type=\"column\">\n\t\t\t<div class=\"elementor-widget-wrap elementor-element-populated\">\n\t\t\t\t\t\t<div class=\"elementor-element elementor-element-a4c3572 elementor-widget elementor-widget-text-editor\" data-id=\"a4c3572\" data-element_type=\"widget\" data-widget_type=\"text-editor.default\">\n\t\t\t\t<div class=\"elementor-widget-container\">\n\t\t\t\t\t\t\t\t\t<p>Paris est\u00e1 repleta de galerias de arte moderna e contempor\u00e2nea. O 6\u00ba arrondissement (o bairro de Saint Germain des Pr\u00e9s) abriga mais galerias de m\u00f3veis, de arte cl\u00e1ssica, de artes primitivas ou de luxo, enquanto as galerias de arte contempor\u00e2nea se concentram mais no bairro do p\u00e2ntano (3\u00ba arrondissement). Aqui est\u00e3o alguns endere\u00e7os:<\/p>\t\t\t\t\t\t\t\t<\/div>\n\t\t\t\t<\/div>\n\t\t\t\t\t<\/div>\n\t\t<\/div>\n\t\t\t\t\t<\/div>\n\t\t<\/section>\n\t\t\t\t<section class=\"elementor-section elementor-top-section elementor-element elementor-element-c382c4e elementor-section-boxed elementor-section-height-default elementor-section-height-default\" data-id=\"c382c4e\" data-element_type=\"section\">\n\t\t\t\t\t\t<div class=\"elementor-container elementor-column-gap-default\">\n\t\t\t\t\t<div class=\"elementor-column elementor-col-100 elementor-top-column elementor-element elementor-element-8f3390f\" data-id=\"8f3390f\" data-element_type=\"column\">\n\t\t\t<div class=\"elementor-widget-wrap elementor-element-populated\">\n\t\t\t\t\t\t<div class=\"elementor-element elementor-element-7479367 elementor-widget-divider--view-line_text elementor-widget-divider--element-align-center elementor-widget elementor-widget-divider\" data-id=\"7479367\" data-element_type=\"widget\" data-widget_type=\"divider.default\">\n\t\t\t\t<div class=\"elementor-widget-container\">\n\t\t\t\t\t\t\t<div class=\"elementor-divider\">\n\t\t\t<span class=\"elementor-divider-separator\">\n\t\t\t\t\t\t\t<h3 class=\"elementor-divider__text elementor-divider__element\">\n\t\t\t\tALGUMAS GALERIAS DE ARTE CL\u00c1SSICA DO BAIRRO DE SAINT GERMAIN DES PRES\t\t\t\t<\/h3>\n\t\t\t\t\t\t<\/span>\n\t\t<\/div>\n\t\t\t\t\t\t<\/div>\n\t\t\t\t<\/div>\n\t\t\t\t\t<\/div>\n\t\t<\/div>\n\t\t\t\t\t<\/div>\n\t\t<\/section>\n\t\t\t\t<section class=\"elementor-section elementor-top-section elementor-element elementor-element-dac6bfa elementor-section-boxed elementor-section-height-default elementor-section-height-default\" data-id=\"dac6bfa\" data-element_type=\"section\">\n\t\t\t\t\t\t<div class=\"elementor-container elementor-column-gap-default\">\n\t\t\t\t\t<div class=\"elementor-column elementor-col-100 elementor-top-column elementor-element elementor-element-6e9e489\" data-id=\"6e9e489\" data-element_type=\"column\" data-settings=\"{&quot;background_background&quot;:&quot;classic&quot;}\">\n\t\t\t<div class=\"elementor-widget-wrap elementor-element-populated\">\n\t\t\t\t\t<div class=\"elementor-background-overlay\"><\/div>\n\t\t\t\t\t\t<div class=\"elementor-element elementor-element-625e87a elementor-widget elementor-widget-text-editor\" data-id=\"625e87a\" data-element_type=\"widget\" data-widget_type=\"text-editor.default\">\n\t\t\t\t<div class=\"elementor-widget-container\">\n\t\t\t\t\t\t\t\t\t<h4>Galerie Lara Vincy<\/h4><p>47 rue de Seine, 75006 Paris<\/p><p>+33 (0) 1 43 26 72 51<\/p><p><a href=\"http:\/\/www.lara-vincy.com\" target=\"_blank\" rel=\"noopener\">www.lara-vincy.com<\/a><\/p>\t\t\t\t\t\t\t\t<\/div>\n\t\t\t\t<\/div>\n\t\t\t\t\t<\/div>\n\t\t<\/div>\n\t\t\t\t\t<\/div>\n\t\t<\/section>\n\t\t\t\t<section class=\"elementor-section elementor-top-section elementor-element elementor-element-5d39979 elementor-section-boxed elementor-section-height-default elementor-section-height-default\" data-id=\"5d39979\" data-element_type=\"section\">\n\t\t\t\t\t\t<div class=\"elementor-container elementor-column-gap-default\">\n\t\t\t\t\t<div class=\"elementor-column elementor-col-100 elementor-top-column elementor-element elementor-element-1085774\" data-id=\"1085774\" data-element_type=\"column\" data-settings=\"{&quot;background_background&quot;:&quot;classic&quot;}\">\n\t\t\t<div class=\"elementor-widget-wrap elementor-element-populated\">\n\t\t\t\t\t\t<div class=\"elementor-element elementor-element-d664d53 elementor-widget elementor-widget-text-editor\" data-id=\"d664d53\" data-element_type=\"widget\" data-widget_type=\"text-editor.default\">\n\t\t\t\t<div class=\"elementor-widget-container\">\n\t\t\t\t\t\t\t\t\t<h4>Galerie Georges-Philippe &amp; Nathalie Vallois<\/h4><p>36, rue de Seine, 75006 Paris<\/p><p>+33 (0) 1 46 34 61 07<\/p><p><a href=\"http:\/\/www.galerie-vallois.com\" target=\"_blank\" rel=\"noopener\">www.galerie-vallois.com<\/a><\/p>\t\t\t\t\t\t\t\t<\/div>\n\t\t\t\t<\/div>\n\t\t\t\t\t<\/div>\n\t\t<\/div>\n\t\t\t\t\t<\/div>\n\t\t<\/section>\n\t\t\t\t<section class=\"elementor-section elementor-top-section elementor-element elementor-element-195d075 elementor-section-boxed elementor-section-height-default elementor-section-height-default\" data-id=\"195d075\" data-element_type=\"section\">\n\t\t\t\t\t\t<div class=\"elementor-container elementor-column-gap-default\">\n\t\t\t\t\t<div class=\"elementor-column elementor-col-100 elementor-top-column elementor-element elementor-element-9e2c366\" data-id=\"9e2c366\" data-element_type=\"column\">\n\t\t\t<div class=\"elementor-widget-wrap elementor-element-populated\">\n\t\t\t\t\t\t<div class=\"elementor-element elementor-element-075a790 elementor-widget-divider--view-line_text elementor-widget-divider--element-align-center elementor-widget elementor-widget-divider\" data-id=\"075a790\" data-element_type=\"widget\" data-widget_type=\"divider.default\">\n\t\t\t\t<div class=\"elementor-widget-container\">\n\t\t\t\t\t\t\t<div class=\"elementor-divider\">\n\t\t\t<span class=\"elementor-divider-separator\">\n\t\t\t\t\t\t\t<h3 class=\"elementor-divider__text elementor-divider__element\">\n\t\t\t\tGALERIA DE ARTE CONTEMPOR\u00c2NEA DO BAIRRO DO MARAIS\t\t\t\t<\/h3>\n\t\t\t\t\t\t<\/span>\n\t\t<\/div>\n\t\t\t\t\t\t<\/div>\n\t\t\t\t<\/div>\n\t\t\t\t\t<\/div>\n\t\t<\/div>\n\t\t\t\t\t<\/div>\n\t\t<\/section>\n\t\t\t\t<section class=\"elementor-section elementor-top-section elementor-element elementor-element-25b187f elementor-section-boxed elementor-section-height-default elementor-section-height-default\" data-id=\"25b187f\" data-element_type=\"section\">\n\t\t\t\t\t\t<div class=\"elementor-container elementor-column-gap-default\">\n\t\t\t\t\t<div class=\"elementor-column elementor-col-100 elementor-top-column elementor-element elementor-element-93e3684\" data-id=\"93e3684\" data-element_type=\"column\" data-settings=\"{&quot;background_background&quot;:&quot;classic&quot;}\">\n\t\t\t<div class=\"elementor-widget-wrap elementor-element-populated\">\n\t\t\t\t\t<div class=\"elementor-background-overlay\"><\/div>\n\t\t\t\t\t\t<div class=\"elementor-element elementor-element-bf10281 elementor-widget elementor-widget-text-editor\" data-id=\"bf10281\" data-element_type=\"widget\" data-widget_type=\"text-editor.default\">\n\t\t\t\t<div class=\"elementor-widget-container\">\n\t\t\t\t\t\t\t\t\t<h4>Galerie Thaddaeus Roppac<\/h4><p>7 rue Debelleyme, 75003 Paris<\/p><p>+33 (0) 1 42 72 99 00<\/p><p><a style=\"background-color: #1d1d1d;\" href=\"http:\/\/www.ropac.net\" target=\"_blank\" rel=\"noopener\">www.ropac.net<\/a><\/p>\t\t\t\t\t\t\t\t<\/div>\n\t\t\t\t<\/div>\n\t\t\t\t\t<\/div>\n\t\t<\/div>\n\t\t\t\t\t<\/div>\n\t\t<\/section>\n\t\t\t\t<section class=\"elementor-section elementor-top-section elementor-element elementor-element-c2e61ca elementor-section-boxed elementor-section-height-default elementor-section-height-default\" data-id=\"c2e61ca\" data-element_type=\"section\">\n\t\t\t\t\t\t<div class=\"elementor-container elementor-column-gap-default\">\n\t\t\t\t\t<div class=\"elementor-column elementor-col-100 elementor-top-column elementor-element elementor-element-2f68693\" data-id=\"2f68693\" data-element_type=\"column\">\n\t\t\t<div class=\"elementor-widget-wrap\">\n\t\t\t\t\t\t\t<\/div>\n\t\t<\/div>\n\t\t\t\t\t<\/div>\n\t\t<\/section>\n\t\t\t\t<section class=\"elementor-section elementor-top-section elementor-element elementor-element-c72fa19 elementor-section-boxed elementor-section-height-default elementor-section-height-default\" data-id=\"c72fa19\" data-element_type=\"section\">\n\t\t\t\t\t\t<div class=\"elementor-container elementor-column-gap-default\">\n\t\t\t\t\t<div class=\"elementor-column elementor-col-100 elementor-top-column elementor-element elementor-element-9e66768\" data-id=\"9e66768\" data-element_type=\"column\">\n\t\t\t<div class=\"elementor-widget-wrap elementor-element-populated\">\n\t\t\t\t\t\t<div class=\"elementor-element elementor-element-b6cc02b elementor-widget-divider--view-line_text elementor-widget-divider--element-align-center elementor-widget elementor-widget-divider\" data-id=\"b6cc02b\" data-element_type=\"widget\" data-widget_type=\"divider.default\">\n\t\t\t\t<div class=\"elementor-widget-container\">\n\t\t\t\t\t\t\t<div class=\"elementor-divider\">\n\t\t\t<span class=\"elementor-divider-separator\">\n\t\t\t\t\t\t\t<h3 class=\"elementor-divider__text elementor-divider__element\">\n\t\t\t\tTEATROS, CABAR\u00c9S, SALAS DE CONCERTO, CINEMA\t\t\t\t<\/h3>\n\t\t\t\t\t\t<\/span>\n\t\t<\/div>\n\t\t\t\t\t\t<\/div>\n\t\t\t\t<\/div>\n\t\t\t\t<div class=\"elementor-element elementor-element-55a43bd elementor-widget elementor-widget-text-editor\" data-id=\"55a43bd\" data-element_type=\"widget\" data-widget_type=\"text-editor.default\">\n\t\t\t\t<div class=\"elementor-widget-container\">\n\t\t\t\t\t\t\t\t\t<p>O IX arrondissement \u00e9 o bairro de Paris que abriga o maior n\u00famero de teatros da capital!<\/p>\t\t\t\t\t\t\t\t<\/div>\n\t\t\t\t<\/div>\n\t\t\t\t\t<\/div>\n\t\t<\/div>\n\t\t\t\t\t<\/div>\n\t\t<\/section>\n\t\t\t\t<section class=\"elementor-section elementor-top-section elementor-element elementor-element-fe2c85a elementor-section-boxed elementor-section-height-default elementor-section-height-default\" data-id=\"fe2c85a\" data-element_type=\"section\">\n\t\t\t\t\t\t<div class=\"elementor-container elementor-column-gap-default\">\n\t\t\t\t\t<div class=\"elementor-column elementor-col-100 elementor-top-column elementor-element elementor-element-fddbaae\" data-id=\"fddbaae\" data-element_type=\"column\" data-settings=\"{&quot;background_background&quot;:&quot;classic&quot;}\">\n\t\t\t<div class=\"elementor-widget-wrap elementor-element-populated\">\n\t\t\t\t\t\t<div class=\"elementor-element elementor-element-becc557 elementor-widget elementor-widget-text-editor\" data-id=\"becc557\" data-element_type=\"widget\" data-widget_type=\"text-editor.default\">\n\t\t\t\t<div class=\"elementor-widget-container\">\n\t\t\t\t\t\t\t\t\t<h4>O Moulin Rouge<\/h4><p>O Moulin Rouge, cabar\u00e9 parisiense do final do s\u00e9culo XIX, reflete nesta \u00e9poca o per\u00edodo da Belle Epoque, ent\u00e3o no seu apogeu. Considerado o ber\u00e7o espiritual do can-can, oferece um espet\u00e1culo fant\u00e1stico aos olhos dos visitantes vindos de todo o mundo. Se voc\u00ea n\u00e3o tiver a chance de reservar os seus ingressos, v\u00e1 \u00e0 noite para admirar a fachada iluminada de todos os lados.<\/p><p>82 boulevard de Clichy, 75018 Paris<\/p><p>+33 (0) 1 53 09 82 82<\/p><p><a href=\"http:\/\/www.moulinrouge.fr\" target=\"_blank\" rel=\"noopener\">www.moulinrouge.fr<\/a><\/p>\t\t\t\t\t\t\t\t<\/div>\n\t\t\t\t<\/div>\n\t\t\t\t\t<\/div>\n\t\t<\/div>\n\t\t\t\t\t<\/div>\n\t\t<\/section>\n\t\t\t\t<section class=\"elementor-section elementor-top-section elementor-element elementor-element-f6eb71a elementor-section-boxed elementor-section-height-default elementor-section-height-default\" data-id=\"f6eb71a\" data-element_type=\"section\">\n\t\t\t\t\t\t<div class=\"elementor-container elementor-column-gap-default\">\n\t\t\t\t\t<div class=\"elementor-column elementor-col-100 elementor-top-column elementor-element elementor-element-6bedf27\" data-id=\"6bedf27\" data-element_type=\"column\" data-settings=\"{&quot;background_background&quot;:&quot;classic&quot;}\">\n\t\t\t<div class=\"elementor-widget-wrap elementor-element-populated\">\n\t\t\t\t\t<div class=\"elementor-background-overlay\"><\/div>\n\t\t\t\t\t\t<div class=\"elementor-element elementor-element-2144a17 elementor-widget elementor-widget-text-editor\" data-id=\"2144a17\" data-element_type=\"widget\" data-widget_type=\"text-editor.default\">\n\t\t\t\t<div class=\"elementor-widget-container\">\n\t\t\t\t\t\t\t\t\t<h4>O Casino De Paris<\/h4><p>Inaugurado em 1880, este prestigioso sal\u00e3o com fachada Art Nouveau, adornado com mosaicos e clarab\u00f3ias, \u00e9 um sucesso. L\u00f3gico quando se sabe que a sua cena acolheu a estreia de Mistinguett em 1893 mas tamb\u00e9m, em 1919, o primeiro n\u00famero de nu da hist\u00f3ria do music hall! Sua idade de ouro v\u00ea os maiores desfilando na sua escadaria de luz em revistas&#8221; suntuosas: Josephine Baker, Maurice Chevalier, Zizi Jeanmaire e Line Renaud. Hoje, o sal\u00e3o m\u00edtico acolhe os grandes nomes da can\u00e7\u00e3o francesa e da com\u00e9dia.&#8221;<\/p><p>16 rue de Clichy, 75009 Paris<\/p><p><a href=\"http:\/\/www.casinodeparis.fr\" target=\"_blank\" rel=\"noopener\">www.casinodeparis.fr<\/a><\/p>\t\t\t\t\t\t\t\t<\/div>\n\t\t\t\t<\/div>\n\t\t\t\t\t<\/div>\n\t\t<\/div>\n\t\t\t\t\t<\/div>\n\t\t<\/section>\n\t\t\t\t<section class=\"elementor-section elementor-top-section elementor-element elementor-element-31bf116 elementor-section-boxed elementor-section-height-default elementor-section-height-default\" data-id=\"31bf116\" data-element_type=\"section\">\n\t\t\t\t\t\t<div class=\"elementor-container elementor-column-gap-default\">\n\t\t\t\t\t<div class=\"elementor-column elementor-col-100 elementor-top-column elementor-element elementor-element-685312b\" data-id=\"685312b\" data-element_type=\"column\" data-settings=\"{&quot;background_background&quot;:&quot;classic&quot;}\">\n\t\t\t<div class=\"elementor-widget-wrap elementor-element-populated\">\n\t\t\t\t\t\t<div class=\"elementor-element elementor-element-515e141 elementor-widget elementor-widget-text-editor\" data-id=\"515e141\" data-element_type=\"widget\" data-widget_type=\"text-editor.default\">\n\t\t\t\t<div class=\"elementor-widget-container\">\n\t\t\t\t\t\t\t\t\t<h4>Th\u00e9\u00e2tre Mogador<\/h4>\nO Teatro Mogador \u00e9 um teatro parisiense, nascido em 1919, principalmente focado em representa\u00e7\u00f5es de operetas. Nos anos 30, Mistinguett apresenta o seu espet\u00e1culo \u00abCa, \u00e9 Parisiense\u00bb, que tem um enorme sucesso. Desde 2005, a Stage Entertainment tornou-o um lugar dedicado aos musicais de grande espet\u00e1culo. Mogador tornou-se hoje o equivalente parisiense dos sal\u00f5es da Broadway.\n\n25, rue de Mogador, 75009 Paris\n\n+33 (0) 1 53 32 32 32\n\n<a href=\"https:\/\/www.theatremogador.com\/\" target=\"_blank\" rel=\"noopener\">S\u00edtio Web &gt;<\/a>\t\t\t\t\t\t\t\t<\/div>\n\t\t\t\t<\/div>\n\t\t\t\t\t<\/div>\n\t\t<\/div>\n\t\t\t\t\t<\/div>\n\t\t<\/section>\n\t\t\t\t<section class=\"elementor-section elementor-top-section elementor-element elementor-element-81b2bf8 elementor-section-boxed elementor-section-height-default elementor-section-height-default\" data-id=\"81b2bf8\" data-element_type=\"section\">\n\t\t\t\t\t\t<div class=\"elementor-container elementor-column-gap-default\">\n\t\t\t\t\t<div class=\"elementor-column elementor-col-100 elementor-top-column elementor-element elementor-element-048f585\" data-id=\"048f585\" data-element_type=\"column\" data-settings=\"{&quot;background_background&quot;:&quot;classic&quot;}\">\n\t\t\t<div class=\"elementor-widget-wrap elementor-element-populated\">\n\t\t\t\t\t<div class=\"elementor-background-overlay\"><\/div>\n\t\t\t\t\t\t<div class=\"elementor-element elementor-element-8dabb61 elementor-widget elementor-widget-text-editor\" data-id=\"8dabb61\" data-element_type=\"widget\" data-widget_type=\"text-editor.default\">\n\t\t\t\t<div class=\"elementor-widget-container\">\n\t\t\t\t\t\t\t\t\t<h4>O Teatro de Paris<\/h4><p>Muitos grandes nomes, em mais de um s\u00e9culo, passaram por aqui: Belmondo, Hossein, Georges Wilson, Alain Delon e Romy Schneider&#8230; A dire\u00e7\u00e3o abriu outra sala de 300 lugares chamada Petit Th\u00e9\u00e2tre de Paris, que permite criar uma rela\u00e7\u00e3o mais pr\u00f3xima entre espectadores e atores.<\/p><p>15 rue Blanche, 75009 Paris<\/p><p>+33 (0) 1 48 74 25 37<\/p><p><a href=\"http:\/\/www.theatredeparis.com\" target=\"_blank\" rel=\"noopener\">www.theatredeparis.com<\/a><\/p>\t\t\t\t\t\t\t\t<\/div>\n\t\t\t\t<\/div>\n\t\t\t\t\t<\/div>\n\t\t<\/div>\n\t\t\t\t\t<\/div>\n\t\t<\/section>\n\t\t\t\t<section class=\"elementor-section elementor-top-section elementor-element elementor-element-7d2949f elementor-section-boxed elementor-section-height-default elementor-section-height-default\" data-id=\"7d2949f\" data-element_type=\"section\">\n\t\t\t\t\t\t<div class=\"elementor-container elementor-column-gap-default\">\n\t\t\t\t\t<div class=\"elementor-column elementor-col-100 elementor-top-column elementor-element elementor-element-d560b5d\" data-id=\"d560b5d\" data-element_type=\"column\" data-settings=\"{&quot;background_background&quot;:&quot;classic&quot;}\">\n\t\t\t<div class=\"elementor-widget-wrap elementor-element-populated\">\n\t\t\t\t\t\t<div class=\"elementor-element elementor-element-ada3800 elementor-widget elementor-widget-text-editor\" data-id=\"ada3800\" data-element_type=\"widget\" data-widget_type=\"text-editor.default\">\n\t\t\t\t<div class=\"elementor-widget-container\">\n\t\t\t\t\t\t\t\t\t<h4>A Com\u00e9dia de Paris<\/h4><p>A Com\u00e9die de Paris \u00e9 uma sala de espet\u00e1culos parisiense, nascida em 1929, especializada em humor e situada ao p\u00e9 do Butte Montmartre.<\/p><p>42 rue Pierre Fontaine, 75009 Paris<\/p><p><a href=\"http:\/\/www.comediedeparis.com\" target=\"_blank\" rel=\"noopener\">www.comediedeparis.com<\/a><\/p>\t\t\t\t\t\t\t\t<\/div>\n\t\t\t\t<\/div>\n\t\t\t\t\t<\/div>\n\t\t<\/div>\n\t\t\t\t\t<\/div>\n\t\t<\/section>\n\t\t\t\t<section class=\"elementor-section elementor-top-section elementor-element elementor-element-f32c1ce elementor-section-boxed elementor-section-height-default elementor-section-height-default\" data-id=\"f32c1ce\" data-element_type=\"section\">\n\t\t\t\t\t\t<div class=\"elementor-container elementor-column-gap-default\">\n\t\t\t\t\t<div class=\"elementor-column elementor-col-100 elementor-top-column elementor-element elementor-element-70e6157\" data-id=\"70e6157\" data-element_type=\"column\" data-settings=\"{&quot;background_background&quot;:&quot;classic&quot;}\">\n\t\t\t<div class=\"elementor-widget-wrap elementor-element-populated\">\n\t\t\t\t\t<div class=\"elementor-background-overlay\"><\/div>\n\t\t\t\t\t\t<div class=\"elementor-element elementor-element-58e40bb elementor-widget elementor-widget-text-editor\" data-id=\"58e40bb\" data-element_type=\"widget\" data-widget_type=\"text-editor.default\">\n\t\t\t\t<div class=\"elementor-widget-container\">\n\t\t\t\t\t\t\t\t\t<h4>La Grande Com\u00e9die<\/h4><p>Para compartilhar uma noite relaxante e divertida, nada melhor do que entrar neste teatro acolhedor e amig\u00e1vel. Inaugurado no in\u00edcio de 2006 em Paris, o teatro estreou muito forte ao programar a pe\u00e7a de sucesso Le Clan des divorc\u00e9es.<\/p><p>40 rue de Clichy, 75009 Paris<\/p><p>+33 (0) 1 48 74 03 65<\/p><p><a href=\"http:\/\/www.lagrandecomedie.com\" target=\"_blank\" rel=\"noopener\">www.lagrandecomedie.com<\/a><\/p>\t\t\t\t\t\t\t\t<\/div>\n\t\t\t\t<\/div>\n\t\t\t\t\t<\/div>\n\t\t<\/div>\n\t\t\t\t\t<\/div>\n\t\t<\/section>\n\t\t\t\t<section class=\"elementor-section elementor-top-section elementor-element elementor-element-547b529 elementor-section-boxed elementor-section-height-default elementor-section-height-default\" data-id=\"547b529\" data-element_type=\"section\">\n\t\t\t\t\t\t<div class=\"elementor-container elementor-column-gap-default\">\n\t\t\t\t\t<div class=\"elementor-column elementor-col-100 elementor-top-column elementor-element elementor-element-448ab41\" data-id=\"448ab41\" data-element_type=\"column\" data-settings=\"{&quot;background_background&quot;:&quot;classic&quot;}\">\n\t\t\t<div class=\"elementor-widget-wrap elementor-element-populated\">\n\t\t\t\t\t\t<div class=\"elementor-element elementor-element-56f7ae8 elementor-widget elementor-widget-text-editor\" data-id=\"56f7ae8\" data-element_type=\"widget\" data-widget_type=\"text-editor.default\">\n\t\t\t\t<div class=\"elementor-widget-container\">\n\t\t\t\t\t\t\t\t\t<h4>La Cigale<\/h4><p>Criado em 1887, o teatro La Cigale \u00e9 hoje classificado como monumento hist\u00f3rico. Segundo as \u00e9pocas, este belo teatro \u00e0 italiana tomou a forma de um cabar\u00e9 que acolhe os grandes nomes da m\u00fasica francesa e se converte nos anos 40 em cinema popular. Nos \u00faltimos anos, ele hospedou especialmente concertos de rock.<\/p><p>120 boulevard de Rochechouart, 75018 Paris<\/p><p>+33 (0) 1 49 25 89 99<\/p><p><a href=\"http:\/\/www.lacigale.fr\" target=\"_blank\" rel=\"noopener\">www.lacigale.fr<\/a><\/p>\t\t\t\t\t\t\t\t<\/div>\n\t\t\t\t<\/div>\n\t\t\t\t\t<\/div>\n\t\t<\/div>\n\t\t\t\t\t<\/div>\n\t\t<\/section>\n\t\t\t\t<section class=\"elementor-section elementor-top-section elementor-element elementor-element-0c86f5c elementor-section-boxed elementor-section-height-default elementor-section-height-default\" data-id=\"0c86f5c\" data-element_type=\"section\">\n\t\t\t\t\t\t<div class=\"elementor-container elementor-column-gap-default\">\n\t\t\t\t\t<div class=\"elementor-column elementor-col-100 elementor-top-column elementor-element elementor-element-2e07955\" data-id=\"2e07955\" data-element_type=\"column\" data-settings=\"{&quot;background_background&quot;:&quot;classic&quot;}\">\n\t\t\t<div class=\"elementor-widget-wrap elementor-element-populated\">\n\t\t\t\t\t<div class=\"elementor-background-overlay\"><\/div>\n\t\t\t\t\t\t<div class=\"elementor-element elementor-element-557f88e elementor-widget elementor-widget-text-editor\" data-id=\"557f88e\" data-element_type=\"widget\" data-widget_type=\"text-editor.default\">\n\t\t\t\t<div class=\"elementor-widget-container\">\n\t\t\t\t\t\t\t\t\t<h4>O Trianon<\/h4><p>O Trianon \u00e9 uma sala de teatro e concerto parisiense, vivida por muitas vidas desde a sua abertura em 1895. O lugar era frequentado por artistas, dan\u00e7arinos e cantores como Mistinguett , La Goulue e o dan\u00e7arino contorcionista Valentin le Desossado . Os espa\u00e7os que comp\u00f5em o edif\u00edcio s\u00e3o um espet\u00e1culo a descobrir: o teatro, o sal\u00e3o de baile, o jardim de inverno e o restaurante art d\u00e9co.<\/p><p>80 boulevard de Rochechouart, 75018 Paris<\/p><p>+33 (0) 1 44 92 78 00<\/p><p><a href=\"http:\/\/www.letrianon.fr\" target=\"_blank\" rel=\"noopener\">www.letrianon.fr<\/a><\/p>\t\t\t\t\t\t\t\t<\/div>\n\t\t\t\t<\/div>\n\t\t\t\t\t<\/div>\n\t\t<\/div>\n\t\t\t\t\t<\/div>\n\t\t<\/section>\n\t\t\t\t<section class=\"elementor-section elementor-top-section elementor-element elementor-element-aff6b0b elementor-section-boxed elementor-section-height-default elementor-section-height-default\" data-id=\"aff6b0b\" data-element_type=\"section\">\n\t\t\t\t\t\t<div class=\"elementor-container elementor-column-gap-default\">\n\t\t\t\t\t<div class=\"elementor-column elementor-col-100 elementor-top-column elementor-element elementor-element-4252230\" data-id=\"4252230\" data-element_type=\"column\" data-settings=\"{&quot;background_background&quot;:&quot;classic&quot;}\">\n\t\t\t<div class=\"elementor-widget-wrap elementor-element-populated\">\n\t\t\t\t\t\t<div class=\"elementor-element elementor-element-f48e383 elementor-widget elementor-widget-text-editor\" data-id=\"f48e383\" data-element_type=\"widget\" data-widget_type=\"text-editor.default\">\n\t\t\t\t<div class=\"elementor-widget-container\">\n\t\t\t\t\t\t\t\t\t<h4>Cin\u00e9 13 Th\u00e9\u00e2tre<\/h4><p>Situado no cora\u00e7\u00e3o da colina Montmartre, a dois passos do Moulin de la Galette e perto do Moulin Rouge, o Cin\u00e9 XIII Th\u00e9\u00e2tre \u00e9 um lugar din\u00e2mico de cria\u00e7\u00e3o onde convivem, se misturam e se encontram o teatro, a m\u00fasica, a dan\u00e7a&#8230; Esta sala projetada para os amantes oferece at\u00e9 mesmo poltronas para dois! Casulos para curtir em um cen\u00e1rio antigo cheio de charme criado por Claude Lelouch puro as filmagens do filme Edith &amp; Marcel em 1983.<\/p><p>1 avenue Junot, 75018 Paris<\/p><p>+33 (0) 1 42 54 15 12<\/p><p><a href=\"http:\/\/www.cine13-theatre.com\" target=\"_blank\" rel=\"noopener\">www.cine13-theatre.com<\/a><\/p>\t\t\t\t\t\t\t\t<\/div>\n\t\t\t\t<\/div>\n\t\t\t\t\t<\/div>\n\t\t<\/div>\n\t\t\t\t\t<\/div>\n\t\t<\/section>\n\t\t\t\t<section class=\"elementor-section elementor-top-section elementor-element elementor-element-93e958b elementor-section-boxed elementor-section-height-default elementor-section-height-default\" data-id=\"93e958b\" data-element_type=\"section\">\n\t\t\t\t\t\t<div class=\"elementor-container elementor-column-gap-default\">\n\t\t\t\t\t<div class=\"elementor-column elementor-col-100 elementor-top-column elementor-element elementor-element-18bfe2d\" data-id=\"18bfe2d\" data-element_type=\"column\" data-settings=\"{&quot;background_background&quot;:&quot;classic&quot;}\">\n\t\t\t<div class=\"elementor-widget-wrap elementor-element-populated\">\n\t\t\t\t\t<div class=\"elementor-background-overlay\"><\/div>\n\t\t\t\t\t\t<div class=\"elementor-element elementor-element-2bc07d4 elementor-widget elementor-widget-text-editor\" data-id=\"2bc07d4\" data-element_type=\"widget\" data-widget_type=\"text-editor.default\">\n\t\t\t\t<div class=\"elementor-widget-container\">\n\t\t\t\t\t\t\t\t\t<h4>O Olympia<\/h4><p>Music-hall criado em 1894 e depois cinema durante a ocupa\u00e7\u00e3o, o Olympia foi comprado em 1952 por Bruno Coquatrix e retomado em sua morte, em 1979, pela sua esposa. Brassens, Piaf, Jos\u00e9phine Baker ou ainda Sydney Bechett d\u00e3o as suas credenciais a esta sala que, ainda hoje, se relaciona mais com estrelas reconhecidas do que com jovens talentos. O pre\u00e7o dos ingressos est\u00e1 \u00e0 altura das estrelas, assim como a nova sala, inaugurada em 1997.<\/p><p>28 boulevard des Capucines, 75009 Paris<\/p><p><a href=\"http:\/\/www.olympiahall.com\" target=\"_blank\" rel=\"noopener\">www.olympiahall.com<\/a><\/p>\t\t\t\t\t\t\t\t<\/div>\n\t\t\t\t<\/div>\n\t\t\t\t\t<\/div>\n\t\t<\/div>\n\t\t\t\t\t<\/div>\n\t\t<\/section>\n\t\t\t\t<section class=\"elementor-section elementor-top-section elementor-element elementor-element-ffee535 elementor-section-boxed elementor-section-height-default elementor-section-height-default\" data-id=\"ffee535\" data-element_type=\"section\">\n\t\t\t\t\t\t<div class=\"elementor-container elementor-column-gap-default\">\n\t\t\t\t\t<div class=\"elementor-column elementor-col-100 elementor-top-column elementor-element elementor-element-321e76d\" data-id=\"321e76d\" data-element_type=\"column\">\n\t\t\t<div class=\"elementor-widget-wrap elementor-element-populated\">\n\t\t\t\t\t\t<div class=\"elementor-element elementor-element-ad8a16c elementor-widget elementor-widget-shortcode\" data-id=\"ad8a16c\" data-element_type=\"widget\" data-widget_type=\"shortcode.default\">\n\t\t\t\t<div class=\"elementor-widget-container\">\n\t\t\t\t\t\t\t<div class=\"elementor-shortcode\">\t\t<div data-elementor-type=\"section\" data-elementor-id=\"4981\" class=\"elementor elementor-4981 elementor-3737\" data-elementor-post-type=\"elementor_library\">\n\t\t\t\t\t<section class=\"elementor-section elementor-top-section elementor-element elementor-element-4c9ae6a elementor-section-boxed elementor-section-height-default elementor-section-height-default\" data-id=\"4c9ae6a\" data-element_type=\"section\">\n\t\t\t\t\t\t<div class=\"elementor-container elementor-column-gap-default\">\n\t\t\t\t\t<div class=\"elementor-column elementor-col-20 elementor-top-column elementor-element elementor-element-fabd36b\" data-id=\"fabd36b\" data-element_type=\"column\">\n\t\t\t<div class=\"elementor-widget-wrap elementor-element-populated\">\n\t\t\t\t\t\t<div class=\"elementor-element elementor-element-78d49d9 elementor-widget elementor-widget-image\" data-id=\"78d49d9\" data-element_type=\"widget\" data-widget_type=\"image.default\">\n\t\t\t\t<div class=\"elementor-widget-container\">\n\t\t\t\t\t\t\t\t\t\t\t\t\t\t\t\t<a href=\"https:\/\/www.secretdeparis.com\/conciergerie\/paris-gourmand\/\">\n\t\t\t\t\t\t\t<img decoding=\"async\" width=\"272\" height=\"267\" src=\"https:\/\/www.secretdeparis.com\/wp-content\/uploads\/2024\/02\/paris-gorumet-pt.png\" class=\"attachment-large size-large wp-image-4716\" alt=\"\" \/>\t\t\t\t\t\t\t\t<\/a>\n\t\t\t\t\t\t\t\t\t\t\t\t\t\t\t<\/div>\n\t\t\t\t<\/div>\n\t\t\t\t\t<\/div>\n\t\t<\/div>\n\t\t\t\t<div class=\"elementor-column elementor-col-20 elementor-top-column elementor-element elementor-element-a319644\" data-id=\"a319644\" data-element_type=\"column\">\n\t\t\t<div class=\"elementor-widget-wrap elementor-element-populated\">\n\t\t\t\t\t\t<div class=\"elementor-element elementor-element-c0e2643 elementor-widget elementor-widget-image\" data-id=\"c0e2643\" data-element_type=\"widget\" data-widget_type=\"image.default\">\n\t\t\t\t<div class=\"elementor-widget-container\">\n\t\t\t\t\t\t\t\t\t\t\t\t\t\t\t\t<a href=\"https:\/\/www.secretdeparis.com\/conciergerie\/paris-la-nuit\/\">\n\t\t\t\t\t\t\t<img decoding=\"async\" width=\"272\" height=\"267\" src=\"https:\/\/www.secretdeparis.com\/wp-content\/uploads\/2024\/02\/paris-la-nuit-pt.png\" class=\"attachment-large size-large wp-image-4721\" alt=\"\" \/>\t\t\t\t\t\t\t\t<\/a>\n\t\t\t\t\t\t\t\t\t\t\t\t\t\t\t<\/div>\n\t\t\t\t<\/div>\n\t\t\t\t\t<\/div>\n\t\t<\/div>\n\t\t\t\t<div class=\"elementor-column elementor-col-20 elementor-top-column elementor-element elementor-element-eeb9ad1\" data-id=\"eeb9ad1\" data-element_type=\"column\">\n\t\t\t<div class=\"elementor-widget-wrap elementor-element-populated\">\n\t\t\t\t\t\t<div class=\"elementor-element elementor-element-f3ac09b elementor-widget elementor-widget-image\" data-id=\"f3ac09b\" data-element_type=\"widget\" data-widget_type=\"image.default\">\n\t\t\t\t<div class=\"elementor-widget-container\">\n\t\t\t\t\t\t\t\t\t\t\t\t\t\t\t\t<a href=\"https:\/\/www.secretdeparis.com\/conciergerie\/paris-culture\/\">\n\t\t\t\t\t\t\t<img fetchpriority=\"high\" decoding=\"async\" width=\"272\" height=\"267\" src=\"https:\/\/www.secretdeparis.com\/wp-content\/uploads\/2024\/02\/paris-culture-pt.png\" class=\"attachment-large size-large wp-image-4711\" alt=\"\" \/>\t\t\t\t\t\t\t\t<\/a>\n\t\t\t\t\t\t\t\t\t\t\t\t\t\t\t<\/div>\n\t\t\t\t<\/div>\n\t\t\t\t\t<\/div>\n\t\t<\/div>\n\t\t\t\t<div class=\"elementor-column elementor-col-20 elementor-top-column elementor-element elementor-element-f6e525d\" data-id=\"f6e525d\" data-element_type=\"column\">\n\t\t\t<div class=\"elementor-widget-wrap elementor-element-populated\">\n\t\t\t\t\t\t<div class=\"elementor-element elementor-element-a657ef4 elementor-widget elementor-widget-image\" data-id=\"a657ef4\" data-element_type=\"widget\" data-widget_type=\"image.default\">\n\t\t\t\t<div class=\"elementor-widget-container\">\n\t\t\t\t\t\t\t\t\t\t\t\t\t\t\t\t<a href=\"https:\/\/www.secretdeparis.com\/conciergerie\/paris-shopping\/\">\n\t\t\t\t\t\t\t<img loading=\"lazy\" decoding=\"async\" width=\"272\" height=\"267\" src=\"https:\/\/www.secretdeparis.com\/wp-content\/uploads\/2024\/02\/paris-shopping-pt.png\" class=\"attachment-large size-large wp-image-4726\" alt=\"\" \/>\t\t\t\t\t\t\t\t<\/a>\n\t\t\t\t\t\t\t\t\t\t\t\t\t\t\t<\/div>\n\t\t\t\t<\/div>\n\t\t\t\t\t<\/div>\n\t\t<\/div>\n\t\t\t\t<div class=\"elementor-column elementor-col-20 elementor-top-column elementor-element elementor-element-ca9ba93\" data-id=\"ca9ba93\" data-element_type=\"column\">\n\t\t\t<div class=\"elementor-widget-wrap elementor-element-populated\">\n\t\t\t\t\t\t<div class=\"elementor-element elementor-element-01f7c6d elementor-widget elementor-widget-image\" data-id=\"01f7c6d\" data-element_type=\"widget\" data-widget_type=\"image.default\">\n\t\t\t\t<div class=\"elementor-widget-container\">\n\t\t\t\t\t\t\t\t\t\t\t\t\t\t\t\t<a href=\"https:\/\/www.secretdeparis.com\/conciergerie\/paris-beaute\/\">\n\t\t\t\t\t\t\t<img loading=\"lazy\" decoding=\"async\" width=\"272\" height=\"267\" src=\"https:\/\/www.secretdeparis.com\/wp-content\/uploads\/2024\/02\/paris-beaute-pt.png\" class=\"attachment-large size-large wp-image-4706\" alt=\"\" \/>\t\t\t\t\t\t\t\t<\/a>\n\t\t\t\t\t\t\t\t\t\t\t\t\t\t\t<\/div>\n\t\t\t\t<\/div>\n\t\t\t\t\t<\/div>\n\t\t<\/div>\n\t\t\t\t\t<\/div>\n\t\t<\/section>\n\t\t\t\t<\/div>\n\t\t<\/div>\n\t\t\t\t\t\t<\/div>\n\t\t\t\t<\/div>\n\t\t\t\t\t<\/div>\n\t\t<\/div>\n\t\t\t\t\t<\/div>\n\t\t<\/section>\n\t\t\t\t<\/div>\n\t\t","protected":false},"excerpt":{"rendered":"<p>EM TORNO DO HOTEL &#8211; CULTURA PARISIENSE Paris est\u00e1 repleta de lugares para visitar, shows para ver, belos passeios para fazer. Aqui est\u00e3o os principais locais culturais do nosso bairro, bem como algumas ideias para descobrir Paris de uma maneira incomum! PASSEIOS INCOMUNS Paris Charms &amp; Secrets A Paris Charms &amp; Secrets oferece-lhe a possibilidade [&hellip;]<\/p>\n","protected":false},"author":3,"featured_media":0,"parent":4566,"menu_order":0,"comment_status":"closed","ping_status":"closed","template":"","meta":{"footnotes":""},"class_list":["post-4574","page","type-page","status-publish","hentry"],"yoast_head":"<!-- This site is optimized with the Yoast SEO plugin v27.4 - https:\/\/yoast.com\/product\/yoast-seo-wordpress\/ -->\n<title>Cultura Parisiense - Secret de Paris Hotel &amp; Spa - Hotel Spa Paris 75009<\/title>\n<meta name=\"robots\" content=\"index, follow, max-snippet:-1, max-image-preview:large, max-video-preview:-1\" \/>\n<link rel=\"canonical\" href=\"https:\/\/www.secretdeparis.com\/pt-pt\/concierge\/cultura-parisiense\/\" \/>\n<meta property=\"og:locale\" content=\"pt_PT\" \/>\n<meta property=\"og:type\" content=\"article\" \/>\n<meta property=\"og:title\" content=\"Cultura Parisiense - Secret de Paris Hotel &amp; Spa - Hotel Spa Paris 75009\" \/>\n<meta property=\"og:description\" content=\"EM TORNO DO HOTEL &#8211; CULTURA PARISIENSE Paris est\u00e1 repleta de lugares para visitar, shows para ver, belos passeios para fazer. Aqui est\u00e3o os principais locais culturais do nosso bairro, bem como algumas ideias para descobrir Paris de uma maneira incomum! PASSEIOS INCOMUNS Paris Charms &amp; Secrets A Paris Charms &amp; Secrets oferece-lhe a possibilidade [&hellip;]\" \/>\n<meta property=\"og:url\" content=\"https:\/\/www.secretdeparis.com\/pt-pt\/concierge\/cultura-parisiense\/\" \/>\n<meta property=\"og:site_name\" content=\"Secret de Paris Hotel &amp; Spa - Hotel Spa Paris 75009\" \/>\n<meta property=\"article:publisher\" content=\"https:\/\/www.facebook.com\/HotelSecretdeParis\/\" \/>\n<meta property=\"article:modified_time\" content=\"2025-10-02T13:24:54+00:00\" \/>\n<meta property=\"og:image\" content=\"https:\/\/www.secretdeparis.com\/wp-content\/uploads\/2024\/02\/paris-culture-pt.png\" \/>\n\t<meta property=\"og:image:width\" content=\"272\" \/>\n\t<meta property=\"og:image:height\" content=\"267\" \/>\n\t<meta property=\"og:image:type\" content=\"image\/png\" \/>\n<meta name=\"twitter:card\" content=\"summary_large_image\" \/>\n<meta name=\"twitter:label1\" content=\"Tempo estimado de leitura\" \/>\n\t<meta name=\"twitter:data1\" content=\"14 minutos\" \/>\n<script type=\"application\/ld+json\" class=\"yoast-schema-graph\">{\"@context\":\"https:\\\/\\\/schema.org\",\"@graph\":[{\"@type\":\"WebPage\",\"@id\":\"https:\\\/\\\/www.secretdeparis.com\\\/pt-pt\\\/concierge\\\/cultura-parisiense\\\/\",\"url\":\"https:\\\/\\\/www.secretdeparis.com\\\/pt-pt\\\/concierge\\\/cultura-parisiense\\\/\",\"name\":\"Cultura Parisiense - Secret de Paris Hotel &amp; Spa - Hotel Spa Paris 75009\",\"isPartOf\":{\"@id\":\"https:\\\/\\\/www.secretdeparis.com\\\/fr\\\/#website\"},\"primaryImageOfPage\":{\"@id\":\"https:\\\/\\\/www.secretdeparis.com\\\/pt-pt\\\/concierge\\\/cultura-parisiense\\\/#primaryimage\"},\"image\":{\"@id\":\"https:\\\/\\\/www.secretdeparis.com\\\/pt-pt\\\/concierge\\\/cultura-parisiense\\\/#primaryimage\"},\"thumbnailUrl\":\"https:\\\/\\\/www.secretdeparis.com\\\/wp-content\\\/uploads\\\/2024\\\/02\\\/paris-culture-pt.png\",\"datePublished\":\"2023-05-09T09:08:51+00:00\",\"dateModified\":\"2025-10-02T13:24:54+00:00\",\"breadcrumb\":{\"@id\":\"https:\\\/\\\/www.secretdeparis.com\\\/pt-pt\\\/concierge\\\/cultura-parisiense\\\/#breadcrumb\"},\"inLanguage\":\"pt-PT\",\"potentialAction\":[{\"@type\":\"ReadAction\",\"target\":[\"https:\\\/\\\/www.secretdeparis.com\\\/pt-pt\\\/concierge\\\/cultura-parisiense\\\/\"]}]},{\"@type\":\"ImageObject\",\"inLanguage\":\"pt-PT\",\"@id\":\"https:\\\/\\\/www.secretdeparis.com\\\/pt-pt\\\/concierge\\\/cultura-parisiense\\\/#primaryimage\",\"url\":\"https:\\\/\\\/www.secretdeparis.com\\\/wp-content\\\/uploads\\\/2024\\\/02\\\/paris-culture-pt.png\",\"contentUrl\":\"https:\\\/\\\/www.secretdeparis.com\\\/wp-content\\\/uploads\\\/2024\\\/02\\\/paris-culture-pt.png\"},{\"@type\":\"BreadcrumbList\",\"@id\":\"https:\\\/\\\/www.secretdeparis.com\\\/pt-pt\\\/concierge\\\/cultura-parisiense\\\/#breadcrumb\",\"itemListElement\":[{\"@type\":\"ListItem\",\"position\":1,\"name\":\"Accueil\",\"item\":\"https:\\\/\\\/www.secretdeparis.com\\\/es\\\/\"},{\"@type\":\"ListItem\",\"position\":2,\"name\":\"Concierge\",\"item\":\"https:\\\/\\\/www.secretdeparis.com\\\/pt-pt\\\/concierge\\\/\"},{\"@type\":\"ListItem\",\"position\":3,\"name\":\"Cultura Parisiense\"}]},{\"@type\":\"WebSite\",\"@id\":\"https:\\\/\\\/www.secretdeparis.com\\\/fr\\\/#website\",\"url\":\"https:\\\/\\\/www.secretdeparis.com\\\/fr\\\/\",\"name\":\"Secret de Paris Hotel &amp; Spa - Hotel Spa Paris 75009\",\"description\":\"Hotel Spa Paris\",\"publisher\":{\"@id\":\"https:\\\/\\\/www.secretdeparis.com\\\/fr\\\/#organization\"},\"potentialAction\":[{\"@type\":\"SearchAction\",\"target\":{\"@type\":\"EntryPoint\",\"urlTemplate\":\"https:\\\/\\\/www.secretdeparis.com\\\/fr\\\/?s={search_term_string}\"},\"query-input\":{\"@type\":\"PropertyValueSpecification\",\"valueRequired\":true,\"valueName\":\"search_term_string\"}}],\"inLanguage\":\"pt-PT\"},{\"@type\":\"Organization\",\"@id\":\"https:\\\/\\\/www.secretdeparis.com\\\/fr\\\/#organization\",\"name\":\"Secret de Paris Hotel &amp; Spa - Hotel Spa Paris 75009\",\"url\":\"https:\\\/\\\/www.secretdeparis.com\\\/fr\\\/\",\"logo\":{\"@type\":\"ImageObject\",\"inLanguage\":\"pt-PT\",\"@id\":\"https:\\\/\\\/www.secretdeparis.com\\\/fr\\\/#\\\/schema\\\/logo\\\/image\\\/\",\"url\":\"https:\\\/\\\/www.secretdeparis.com\\\/wp-content\\\/uploads\\\/2023\\\/02\\\/cropped-logo_footer.jpg\",\"contentUrl\":\"https:\\\/\\\/www.secretdeparis.com\\\/wp-content\\\/uploads\\\/2023\\\/02\\\/cropped-logo_footer.jpg\",\"width\":512,\"height\":512,\"caption\":\"Secret de Paris Hotel &amp; Spa - Hotel Spa Paris 75009\"},\"image\":{\"@id\":\"https:\\\/\\\/www.secretdeparis.com\\\/fr\\\/#\\\/schema\\\/logo\\\/image\\\/\"},\"sameAs\":[\"https:\\\/\\\/www.facebook.com\\\/HotelSecretdeParis\\\/\",\"https:\\\/\\\/www.secretdeparis.com\\\/hotel-secret-de-paris-paris-photos\\\/instagram\\\/\"]}]}<\/script>\n<!-- \/ Yoast SEO plugin. -->","yoast_head_json":{"title":"Cultura Parisiense - Secret de Paris Hotel &amp; Spa - Hotel Spa Paris 75009","robots":{"index":"index","follow":"follow","max-snippet":"max-snippet:-1","max-image-preview":"max-image-preview:large","max-video-preview":"max-video-preview:-1"},"canonical":"https:\/\/www.secretdeparis.com\/pt-pt\/concierge\/cultura-parisiense\/","og_locale":"pt_PT","og_type":"article","og_title":"Cultura Parisiense - Secret de Paris Hotel &amp; Spa - Hotel Spa Paris 75009","og_description":"EM TORNO DO HOTEL &#8211; CULTURA PARISIENSE Paris est\u00e1 repleta de lugares para visitar, shows para ver, belos passeios para fazer. Aqui est\u00e3o os principais locais culturais do nosso bairro, bem como algumas ideias para descobrir Paris de uma maneira incomum! PASSEIOS INCOMUNS Paris Charms &amp; Secrets A Paris Charms &amp; Secrets oferece-lhe a possibilidade [&hellip;]","og_url":"https:\/\/www.secretdeparis.com\/pt-pt\/concierge\/cultura-parisiense\/","og_site_name":"Secret de Paris Hotel &amp; Spa - Hotel Spa Paris 75009","article_publisher":"https:\/\/www.facebook.com\/HotelSecretdeParis\/","article_modified_time":"2025-10-02T13:24:54+00:00","og_image":[{"width":272,"height":267,"url":"https:\/\/www.secretdeparis.com\/wp-content\/uploads\/2024\/02\/paris-culture-pt.png","type":"image\/png"}],"twitter_card":"summary_large_image","twitter_misc":{"Tempo estimado de leitura":"14 minutos"},"schema":{"@context":"https:\/\/schema.org","@graph":[{"@type":"WebPage","@id":"https:\/\/www.secretdeparis.com\/pt-pt\/concierge\/cultura-parisiense\/","url":"https:\/\/www.secretdeparis.com\/pt-pt\/concierge\/cultura-parisiense\/","name":"Cultura Parisiense - Secret de Paris Hotel &amp; Spa - Hotel Spa Paris 75009","isPartOf":{"@id":"https:\/\/www.secretdeparis.com\/fr\/#website"},"primaryImageOfPage":{"@id":"https:\/\/www.secretdeparis.com\/pt-pt\/concierge\/cultura-parisiense\/#primaryimage"},"image":{"@id":"https:\/\/www.secretdeparis.com\/pt-pt\/concierge\/cultura-parisiense\/#primaryimage"},"thumbnailUrl":"https:\/\/www.secretdeparis.com\/wp-content\/uploads\/2024\/02\/paris-culture-pt.png","datePublished":"2023-05-09T09:08:51+00:00","dateModified":"2025-10-02T13:24:54+00:00","breadcrumb":{"@id":"https:\/\/www.secretdeparis.com\/pt-pt\/concierge\/cultura-parisiense\/#breadcrumb"},"inLanguage":"pt-PT","potentialAction":[{"@type":"ReadAction","target":["https:\/\/www.secretdeparis.com\/pt-pt\/concierge\/cultura-parisiense\/"]}]},{"@type":"ImageObject","inLanguage":"pt-PT","@id":"https:\/\/www.secretdeparis.com\/pt-pt\/concierge\/cultura-parisiense\/#primaryimage","url":"https:\/\/www.secretdeparis.com\/wp-content\/uploads\/2024\/02\/paris-culture-pt.png","contentUrl":"https:\/\/www.secretdeparis.com\/wp-content\/uploads\/2024\/02\/paris-culture-pt.png"},{"@type":"BreadcrumbList","@id":"https:\/\/www.secretdeparis.com\/pt-pt\/concierge\/cultura-parisiense\/#breadcrumb","itemListElement":[{"@type":"ListItem","position":1,"name":"Accueil","item":"https:\/\/www.secretdeparis.com\/es\/"},{"@type":"ListItem","position":2,"name":"Concierge","item":"https:\/\/www.secretdeparis.com\/pt-pt\/concierge\/"},{"@type":"ListItem","position":3,"name":"Cultura Parisiense"}]},{"@type":"WebSite","@id":"https:\/\/www.secretdeparis.com\/fr\/#website","url":"https:\/\/www.secretdeparis.com\/fr\/","name":"Secret de Paris Hotel &amp; Spa - Hotel Spa Paris 75009","description":"Hotel Spa Paris","publisher":{"@id":"https:\/\/www.secretdeparis.com\/fr\/#organization"},"potentialAction":[{"@type":"SearchAction","target":{"@type":"EntryPoint","urlTemplate":"https:\/\/www.secretdeparis.com\/fr\/?s={search_term_string}"},"query-input":{"@type":"PropertyValueSpecification","valueRequired":true,"valueName":"search_term_string"}}],"inLanguage":"pt-PT"},{"@type":"Organization","@id":"https:\/\/www.secretdeparis.com\/fr\/#organization","name":"Secret de Paris Hotel &amp; Spa - Hotel Spa Paris 75009","url":"https:\/\/www.secretdeparis.com\/fr\/","logo":{"@type":"ImageObject","inLanguage":"pt-PT","@id":"https:\/\/www.secretdeparis.com\/fr\/#\/schema\/logo\/image\/","url":"https:\/\/www.secretdeparis.com\/wp-content\/uploads\/2023\/02\/cropped-logo_footer.jpg","contentUrl":"https:\/\/www.secretdeparis.com\/wp-content\/uploads\/2023\/02\/cropped-logo_footer.jpg","width":512,"height":512,"caption":"Secret de Paris Hotel &amp; Spa - Hotel Spa Paris 75009"},"image":{"@id":"https:\/\/www.secretdeparis.com\/fr\/#\/schema\/logo\/image\/"},"sameAs":["https:\/\/www.facebook.com\/HotelSecretdeParis\/","https:\/\/www.secretdeparis.com\/hotel-secret-de-paris-paris-photos\/instagram\/"]}]}},"_links":{"self":[{"href":"https:\/\/www.secretdeparis.com\/pt-pt\/wp-json\/wp\/v2\/pages\/4574","targetHints":{"allow":["GET"]}}],"collection":[{"href":"https:\/\/www.secretdeparis.com\/pt-pt\/wp-json\/wp\/v2\/pages"}],"about":[{"href":"https:\/\/www.secretdeparis.com\/pt-pt\/wp-json\/wp\/v2\/types\/page"}],"author":[{"embeddable":true,"href":"https:\/\/www.secretdeparis.com\/pt-pt\/wp-json\/wp\/v2\/users\/3"}],"replies":[{"embeddable":true,"href":"https:\/\/www.secretdeparis.com\/pt-pt\/wp-json\/wp\/v2\/comments?post=4574"}],"version-history":[{"count":29,"href":"https:\/\/www.secretdeparis.com\/pt-pt\/wp-json\/wp\/v2\/pages\/4574\/revisions"}],"predecessor-version":[{"id":7332,"href":"https:\/\/www.secretdeparis.com\/pt-pt\/wp-json\/wp\/v2\/pages\/4574\/revisions\/7332"}],"up":[{"embeddable":true,"href":"https:\/\/www.secretdeparis.com\/pt-pt\/wp-json\/wp\/v2\/pages\/4566"}],"wp:attachment":[{"href":"https:\/\/www.secretdeparis.com\/pt-pt\/wp-json\/wp\/v2\/media?parent=4574"}],"curies":[{"name":"wp","href":"https:\/\/api.w.org\/{rel}","templated":true}]}}